{"id":5052,"date":"2012-01-07T21:22:38","date_gmt":"2012-01-07T21:22:38","guid":{"rendered":"http:\/\/www.decintivillalon.com\/cmsprueba\/?page_id=60"},"modified":"2022-11-16T22:19:09","modified_gmt":"2022-11-16T22:19:09","slug":"normativa-de-la-academia","status":"publish","type":"page","link":"https:\/\/www.decintivillalon.com\/en\/la-academia-de-pintura\/normativa-de-la-academia\/","title":{"rendered":"Regulations"},"content":{"rendered":"<\/span><a style=\"font-size: 16px;\" href=\"https:\/\/www.decintivillalon.com\/\">Index<\/a><span style=\"font-size: 16px;\"> &gt; <\/span><a style=\"font-size: 16px;\" href=\"https:\/\/www.decintivillalon.com\/\">Academy in Madrid<\/a><span style=\"font-size: 16px;\"> &gt; Regulations<\/span><\/h3>\n<h4 style=\"text-align: center;\">|\u00a0 <a href=\"https:\/\/www.decintivillalon.com\/en\/visitar-madrid\/\">Visiting Madrid<\/a>\u00a0 |\u00a0 <a title=\"Courses\" href=\"https:\/\/www.decintivillalon.com\/en\/la-academia-de-pintura\/cursos\/\">Courses<\/a>\u00a0 |\u00a0 <a href=\"https:\/\/www.decintivillalon.com\/en\/la-academia-de-pintura\/\">About us<\/a>\u00a0 |\u00a0 <a title=\"Sesiones y Precios\" href=\"https:\/\/www.decintivillalon.com\/en\/la-academia-de-pintura\/sesiones-y-precios\/\">Timetables &amp; Prices<\/a>\u00a0 |\u00a0 <a title=\"Calendario Clases y Eventos\" href=\"https:\/\/www.decintivillalon.com\/en\/la-academia-de-pintura\/calendario-de-clases-2\/\">Calendary<\/a>\u00a0 |\u00a0 <a title=\"Preguntas frecuentes\" href=\"https:\/\/www.decintivillalon.com\/en\/la-academia-de-pintura\/preguntas-frecuentes\/\">FAQ&#8217;s<\/a>\u00a0 |\u00a0 <strong>Regulations<\/strong>\u00a0 |\u00a0 <a title=\"Cursos\" href=\"https:\/\/www.decintivillalon.com\/en\/arte-la-copia\/\">Comissions<\/a>\u00a0 |<\/h4>\n<p>&nbsp;<\/p>\n<header class=\"entry-header\">\n<h1 class=\"entry-title\">Normativa general<\/h1>\n<\/header>\n<div class=\"entry-content\">\n<h3>1. Legislaci\u00f3n de la Comunidad de Madrid<\/h3>\n<ol>\n<li><strong><em>Art\u00edculo 5 g del DECRETO 84\/2004, de 13 de mayo, por el que se regula el derecho a la informaci\u00f3n y la protecci\u00f3n de los derechos econ\u00f3micos de los alumnos que cursen ense\u00f1anzas no regladas.<\/em><\/strong><\/li>\n<li>\u00abLas partes tienen derecho a exigir la formalizaci\u00f3n de un contrato\u00bb.<\/li>\n<li>Las ense\u00f1anzas impartidas por este centro no conducen a la obtenci\u00f3n de un t\u00edtulo con validez oficial.<\/li>\n<li>Los folletos o documentos informativos sobre los cursos impartidos, precios y modalidades de pago, as\u00ed como los modelos de contratos utilizados por el centro, en su caso, est\u00e1n a disposici\u00f3n del p\u00fablico en www.artedv.com.<\/li>\n<li>El texto completo del Decreto que regula el derecho a la informaci\u00f3n y los derechos econ\u00f3micos de los alumnos se encuentra a disposici\u00f3n del p\u00fablico en\u00a0<a href=\"http:\/\/www.madrid.org\/wleg\/servlet\/Servidor?opcion=VerHtml&amp;nmnorma=2558&amp;cdestado=P\" target=\"_blank\" rel=\"noreferrer noopener\">madrid.org<\/a><\/li>\n<li>Existen hojas de reclamaciones a disposici\u00f3n del usuario que las solicite.<\/li>\n<\/ol>\n<h3>2. Normativa del taller<\/h3>\n<ol>\n<li><strong>Horario de acceso a la escuela<\/strong><br \/>\nEl\u00a0horario de acceso a la escuela\u00a0es a partir de las 10:00 h. y el cierre del primer turno es a las 14:10 h. por lo cual las personas que tienen su clase desde las 12:00 h. deben llegar a esta hora para estar pintando a mas tardar a las 12:10 h. y as\u00ed cumplir sus dos horas pero si el alumno necesita mas tiempo antes o despu\u00e9s de las horas compradas puede contratar mas tiempo para disfrutar de una clase m\u00e1s larga, las mismas condiciones son para el horario de de la tarde.<\/li>\n<li><strong>Organizaci\u00f3n de sitios<\/strong><br \/>\nLos puestos no tienen propietario pero por un factor de organizaci\u00f3n la persona tiene un puesto designado que empieza a estar vigente solo en el horario que ha contratado y la escuela se puede permitir cambiar moment\u00e1neamente ese puesto si una persona\u00a0objetivamente\u00a0lo necesita.<\/li>\n<li><strong>Apertura durante el a\u00f1o<\/strong><br \/>\nPor \u00faltimo la escuela permanecer\u00e1 abierta seg\u00fan el calendario laboral de la Comunidad de Madrid y permanecer\u00e1 cerrada en Navidades, Semana Santa y agosto.<\/li>\n<\/ol>\n<h3>3. Admisi\u00f3n de alumnos<\/h3>\n<ol>\n<li>El estudio se reserva totalmente el derecho de admisi\u00f3n de alumnos, de esta forma se garantiza el \u00f3ptimo el nivel acad\u00e9mico y excelente ambiente del aula.<\/li>\n<li>Los nuevos alumnos ser\u00e1n evaluados durante su primera clase, al t\u00e9rmino de la cual se determinar\u00e1 si se acepta o no la inscripci\u00f3n del interesado.<\/li>\n<li>En caso de no ser admitido, el interesado no debe pagar la sesi\u00f3n.<\/li>\n<\/ol>\n<h3>4. Sistema de precios y aprovechamiento<\/h3>\n<ol>\n<li>Las clases se ofertan por horas al mes.<\/li>\n<li>Las horas se contratan mensual o anualmente.<\/li>\n<li><strong>Sistema Anual<\/strong><br \/>\nSe trata de horas compradas al a\u00f1o y que se reparten en los 10 meses estipulados con el ritmo semanal elegido. Se pueden concentrar o gastar las horas anticipadamente existiendo la disponibilidad de plazas en el taller.<\/li>\n<li><strong>Sistema Mensual<\/strong><br \/>\nSe trata de horas contratadas en un\u00a0<em>mes natural<\/em>\u00a0entre el primer y \u00faltimo d\u00eda de cada mes. Por ejemplo:\u00a0<em>Si un mes tiene cinco semanas y el alumno ha comprado 8 o 16 horas que ha distribuido en cuatro no tiene que venir la quinta semana a menos que quiera comprar m\u00e1s horas.<\/em><\/li>\n<li>Las horas mensuales pueden ser utilizadas en cualquier horario y con previa programaci\u00f3n de acuerdo a la disponibilidad de puestos.<\/li>\n<li>El interesado es responsable \u00fanico de utilizar las horas contratadas. No se devuelven las cantidades abonadas, no se devuelven las horas perdidas.<\/li>\n<li>Las horas contratadas mensualmente deben de ser utilizadas totalmente en el mes natural correspondiente en ning\u00fan caso se pasan al mes siguiente.<\/li>\n<li>Las horas compradas solo son validas\u00a0dentro\u00a0del mismo mes: El alumno debe\u00a0organizar\u00a0sus horas de modo de cumplir con sus horas contratadas dentro del mes pagado como mejor le convenga.<\/li>\n<\/ol>\n<h3 id=\"reembolso\">5. Pol\u00edtica de reembolso y devoluciones<\/h3>\n<ol>\n<li><strong>Visi\u00f3n general<\/strong>:<br \/>\nEl plazo de reembolso y devoluciones tiene una duraci\u00f3n de 3 d\u00edas h\u00e1biles desde la fecha de la compra del producto o servicio. Pasados esos 3 d\u00edas h\u00e1biles desde la compra, no ser\u00e1 posible el reembolso. Sin embargo, podr\u00e1 canjear el importe por otros productos o servicios en sus distintas modalidades ofertadas.<br \/>\nHay ciertas situaciones en las que se otorgan reembolsos parciales.<\/li>\n<li><strong>Reembolso:<\/strong><br \/>\nEn los reembolsos se repercutir\u00e1n los gastos ocasionados, especialmente los derivados de las operativas de pago bancario. Una vez aprobado el reembolso, su importe se procesar\u00e1 para su reembolso y se cursar\u00e1 por v\u00eda del m\u00e9todo de pago original, dentro de una cantidad de d\u00edas condicionada a los tiempos administrativos y a las plataformas bancarias.<\/li>\n<li><strong>Reembolsos aprobados:<\/strong><br \/>\nSi a\u00fan no ha recibido un reembolso, primero verifique su cuenta bancaria nuevamente. Luego, comun\u00edquese con la compa\u00f1\u00eda de su tarjeta de cr\u00e9dito, puede tomar alg\u00fan tiempo antes de que se publique oficialmente su reembolso. A continuaci\u00f3n, p\u00f3ngase en contacto con su banco. A menudo hay alg\u00fan tiempo de procesamiento antes de que se publique un reembolso. Si ha hecho todo esto y a\u00fan no ha recibido su reembolso, comun\u00edquese con nosotros a info@artedv.com.<\/li>\n<li><strong>Reembolsos en curso con alojamiento programado:<\/strong><br \/>\nLos importes entregados por la contrataci\u00f3n de cursos con alojamiento programado no son reembolsables. No obstante, de no poder asistir, dichos importes podr\u00e1n canjearse por otro servicio o producto ofertado.<br \/>\nA dicho importe se restar\u00e1, necesariamente, cualquier gasto ocasionado por contrataci\u00f3n de hoteler\u00eda, producci\u00f3n, administraci\u00f3n, etc. El plazo para comunicar la inasistencia a los cursos con alojamiento programado, es de siete d\u00edas anteriores al inicio de la celebraci\u00f3n del curso.<\/li>\n<li><strong>Ofertas:<\/strong><br \/>\nLos productos o servicios en oferta o bonificados, no se pueden reembolsar.<\/li>\n<li><strong>Intercambios:<\/strong><br \/>\nSe pueden intercambiar productos por servicios y viceversa.<\/li>\n<li><strong>Exenci\u00f3n de responsabilidad:<\/strong><br \/>\nEn caso de siniestro de local, cat\u00e1strofe, desastre, emergencia sanitaria, pol\u00edtica o de cualquier otra naturaleza que imposibilite el desarrollo de nuestra actividad profesional tanto presencial, como virtual, la academia no devolver\u00e1 ning\u00fan importe.<\/li>\n<\/ol>\n<h3>6. Cursos al aire libre con alojamiento<\/h3>\n<ol>\n<li><strong>Reserva de plazas<\/strong><br \/>\nEl interesado deber\u00e1 informar su inter\u00e9s de participar a trav\u00e9s del relleno de la ficha de inscripci\u00f3n. La inscripci\u00f3n se har\u00e1 efectiva cuando se realice el abono adelantado correspondiente al valor completo del curso. El abono del curso supone el conocimiento de todas las condiciones establecidas en este apartado.<\/li>\n<li><strong>Celebraci\u00f3n de Cursos<\/strong><br \/>\nCada curso se celebrar\u00e1 si existiese la cantidad suficiente de inscritos que permita su realizaci\u00f3n. Los costes derivados de situaciones que no se encuentren contempladas en nuestra oferta no ser\u00e1n cubiertas por la academia.<\/li>\n<li><strong>Cambio forzoso de fecha<\/strong><br \/>\nEn caso forzoso y excepcional cambio de fecha, la academia pondr\u00e1 toda su dedicaci\u00f3n para no perjudicar a ning\u00fan cliente y garantizar la celebraci\u00f3n del curso en \u00f3ptimas condiciones, en el momento factible.<\/li>\n<li><strong>Inasistencia del interesado<\/strong><br \/>\nEn caso de que no poder asistir al curso, deber\u00e1 avisar con 7 d\u00edas antes de la celebraci\u00f3n del curso. Tiene derecho a canjear por otro servicio o producto, restando necesariamente cualquier gasto de contrataci\u00f3n de hoteler\u00eda, producci\u00f3n, administraci\u00f3n o penalizaci\u00f3n del curso provocados por dicha cancelaci\u00f3n.<\/li>\n<li><strong>Expedici\u00f3n de diplomas acreditativos<\/strong><br \/>\nA la finalizaci\u00f3n del contrato, cualquiera que sea la causa que la motive, a petici\u00f3n del interesado, el centro puede expedir un diploma acreditativo de los conocimientos adquiridos o nivel alcanzado. Si el nivel de conocimientos no fuere satisfactorio, el centro expedir\u00e1 un certificado de asistencia, con expresi\u00f3n de la carga docente cursada.<\/li>\n<li><strong>Reclamaciones<\/strong><br \/>\nEl centro tiene a disposici\u00f3n de los alumnos Hojas de Reclamaciones conforme al modelo oficial, en su caso.<\/li>\n<\/ol>\n<h3>7. Exposiciones y eventos<\/h3>\n<ol>\n<li>La escuela organiza eventos, exposiciones y extensi\u00f3n cultural con el af\u00e1n de promover exclusivamente la actividad art\u00edstica de la academia y de sus alumnos y aporta la completa difusi\u00f3n por todos los medios asumiendo la responsabilidad institucional as\u00ed como la gesti\u00f3n, coordinaci\u00f3n, direcci\u00f3n, financiaci\u00f3n, experiencia art\u00edstica, asesor\u00eda fotogr\u00e1fica y dise\u00f1o (libros, cat\u00e1logos, invitaciones, carteler\u00eda, etc.).<\/li>\n<li>Las exposiciones, eventos, subastas etc, organizadas por la escuela se logran a trav\u00e9s de la colaboraci\u00f3n de los miembros de la escuela y con recursos recaudados por participantes del proyecto. La escuela no se responsabilizar\u00e1 por la adquisici\u00f3n de seguros ni por da\u00f1os en el transporte, montaje, venta, custodia o devoluci\u00f3n de obras.<\/li>\n<li>Las actividades, organizadas por los alumnos ya sean de car\u00e1cter individual o grupal (donde tendr\u00e1n que designar un delegado) son de responsabilidad de los promotores del mismo. La direcci\u00f3n de la escuela no asume ninguna responsabilidad derivada de estas actividades.<\/li>\n<li>Proyectos organizados por terceros en los que se encuentren alumnos de la escuela invitados, deber\u00e1n ser presentados a lo menos con invitaci\u00f3n formal con todos los datos corporativos del organizador as\u00ed como una clara explicaci\u00f3n del proyecto. La escuela es libre de apoyar o no la actividad. En cuanto a cualquier responsabilidad la escuela no asume ninguna, ni como mediador, entendi\u00e9ndose expl\u00edcitamente de que los alumnos que participan est\u00e1n tratando directamente con el organizador.<\/li>\n<\/ol>\n<h3>8. Obras, materiales y objetos depositados en el estudio<\/h3>\n<ol>\n<li>Los alumnos del estudio de pintura cuentan con las instalaciones apropiadas para depositar sus obras y materiales.<\/li>\n<li>Las obras en realizaci\u00f3n deber\u00e1n tener escrito al reverso el nombre del propietario as\u00ed como las maletas de materiales deber\u00e1n tener escrito el nombre del propietario en la parte visible al exterior.<\/li>\n<li>Cada 20 de diciembre se limpian completamente la instalaciones los propietarios deben dejar el dep\u00f3sito de obras as\u00ed como las cajoneras de materiales completamente libres.<\/li>\n<li>En ning\u00fan caso ni momento el estudio se responsabiliza de cualquier pertenencia, material u obra por robo, da\u00f1o u otras causas.<\/li>\n<\/ol>\n<\/div>\n<h3><span style=\"font-size: 16px;\"><\/span><\/h3>","protected":false},"excerpt":{"rendered":"<p>Index &gt; Academy in Madrid &gt; Regulations |\u00a0 Visiting Madrid\u00a0 |\u00a0 Courses\u00a0 |\u00a0 About us\u00a0 |\u00a0 Timetables &amp; Prices\u00a0 |\u00a0 Calendary\u00a0 |\u00a0 FAQ&#8217;s\u00a0 |\u00a0 Regulations\u00a0 |\u00a0 Comissions\u00a0 | &nbsp; Normativa general 1. Legislaci\u00f3n de la Comunidad de Madrid Art\u00edculo 5 g del DECRETO 84\/2004, de 13 de mayo, por el que se regula el derecho [&#8230;]<\/p>\n","protected":false},"author":1,"featured_media":0,"parent":2,"menu_order":7,"comment_status":"closed","ping_status":"closed","template":"","meta":{"_acf_changed":false,"footnotes":""},"yst_prominent_words":[158,160,1706,182,178,186,180,1707,184,188],"class_list":["post-5052","page","type-page","status-publish","hentry"],"acf":[],"yoast_head":"<!-- This site is optimized with the Yoast SEO Premium plugin v14.1 - https:\/\/yoast.com\/wordpress\/plugins\/seo\/ -->\n<meta name=\"description\" content=\"Regulaci\u00f3n general de la academia\" \/>\n<meta name=\"robots\" content=\"index, follow\" \/>\n<meta name=\"googlebot\" content=\"index, follow, max-snippet:-1, max-image-preview:large, max-video-preview:-1\" \/>\n<meta name=\"bingbot\" content=\"index, follow, max-snippet:-1, max-image-preview:large, max-video-preview:-1\" \/>\n<link rel=\"canonical\" href=\"https:\/\/www.decintivillalon.com\/la-academia-de-pintura\/normativa-de-la-academia\/\" \/>\n<meta property=\"og:locale\" content=\"en_US\" \/>\n<meta property=\"og:type\" content=\"article\" \/>\n<meta property=\"og:title\" content=\"Normativa de La Academia\" \/>\n<meta property=\"og:description\" content=\"Regulaci\u00f3n general de la academia\" \/>\n<meta property=\"og:url\" content=\"https:\/\/www.decintivillalon.com\/la-academia-de-pintura\/normativa-de-la-academia\/\" \/>\n<meta property=\"og:site_name\" content=\"DeCinti Villal\u00f3n: Academia de Pintura en Madrid D V Madrid, Academia de Pintura de Madrid | \u00d3leo | Acuarela | Dibujo\" \/>\n<meta property=\"article:publisher\" content=\"https:\/\/www.facebook.com\/ADVMadrid\" \/>\n<meta property=\"article:modified_time\" content=\"2022-11-16T22:19:09+00:00\" \/>\n<meta property=\"og:image\" content=\"https:\/\/i0.wp.com\/www.decintivillalon.com\/wp-content\/uploads\/2018\/04\/banner-dvmadrid-2.jpg?fit=1000%2C432&#038;ssl=1\" \/>\n\t<meta property=\"og:image:width\" content=\"1000\" \/>\n\t<meta property=\"og:image:height\" content=\"432\" \/>\n<script type=\"application\/ld+json\" class=\"yoast-schema-graph\">{\"@context\":\"https:\/\/schema.org\",\"@graph\":[{\"@type\":\"Organization\",\"@id\":\"https:\/\/www.decintivillalon.com\/en\/#organization\",\"name\":\"DeCinti & Vilall\\u00f3n S.L.\",\"url\":\"https:\/\/www.decintivillalon.com\/en\/\",\"sameAs\":[\"https:\/\/www.facebook.com\/ADVMadrid\",\"https:\/\/www.youtube.com\/user\/artedv\"],\"logo\":{\"@type\":\"ImageObject\",\"@id\":\"https:\/\/www.decintivillalon.com\/en\/#logo\",\"inLanguage\":\"en-US\",\"url\":\"https:\/\/i0.wp.com\/www.decintivillalon.com\/wp-content\/uploads\/2014\/11\/1-logodv-0011.jpg?fit=80%2C80&ssl=1\",\"width\":80,\"height\":80,\"caption\":\"DeCinti & Vilall\\u00f3n S.L.\"},\"image\":{\"@id\":\"https:\/\/www.decintivillalon.com\/en\/#logo\"}},{\"@type\":\"WebSite\",\"@id\":\"https:\/\/www.decintivillalon.com\/en\/#website\",\"url\":\"https:\/\/www.decintivillalon.com\/en\/\",\"name\":\"DeCinti Villal\\u00f3n: Academia de Pintura en Madrid D V Madrid, Academia de Pintura de Madrid | \\u00d3leo | Acuarela | Dibujo\",\"description\":\"Curso nacional e internacional. Profesores expertos Academia de Pintura Especialistas en \\u00d3leo\",\"publisher\":{\"@id\":\"https:\/\/www.decintivillalon.com\/en\/#organization\"},\"potentialAction\":[{\"@type\":\"SearchAction\",\"target\":\"https:\/\/www.decintivillalon.com\/en\/?s={search_term_string}\",\"query-input\":\"required name=search_term_string\"}],\"inLanguage\":\"en-US\"},{\"@type\":\"WebPage\",\"@id\":\"https:\/\/www.decintivillalon.com\/la-academia-de-pintura\/normativa-de-la-academia\/#webpage\",\"url\":\"https:\/\/www.decintivillalon.com\/la-academia-de-pintura\/normativa-de-la-academia\/\",\"name\":\"Normativa de La Academia\",\"isPartOf\":{\"@id\":\"https:\/\/www.decintivillalon.com\/en\/#website\"},\"datePublished\":\"2012-01-07T21:22:38+00:00\",\"dateModified\":\"2022-11-16T22:19:09+00:00\",\"description\":\"Regulaci\\u00f3n general de la academia\",\"breadcrumb\":{\"@id\":\"https:\/\/www.decintivillalon.com\/la-academia-de-pintura\/normativa-de-la-academia\/#breadcrumb\"},\"inLanguage\":\"en-US\",\"potentialAction\":[{\"@type\":\"ReadAction\",\"target\":[\"https:\/\/www.decintivillalon.com\/la-academia-de-pintura\/normativa-de-la-academia\/\"]}]},{\"@type\":\"BreadcrumbList\",\"@id\":\"https:\/\/www.decintivillalon.com\/la-academia-de-pintura\/normativa-de-la-academia\/#breadcrumb\",\"itemListElement\":[{\"@type\":\"ListItem\",\"position\":1,\"item\":{\"@type\":\"WebPage\",\"@id\":\"https:\/\/www.decintivillalon.com\/\",\"url\":\"https:\/\/www.decintivillalon.com\/\",\"name\":\"Portada\"}},{\"@type\":\"ListItem\",\"position\":2,\"item\":{\"@type\":\"WebPage\",\"@id\":\"https:\/\/www.decintivillalon.com\/la-academia-de-pintura\/\",\"url\":\"https:\/\/www.decintivillalon.com\/la-academia-de-pintura\/\",\"name\":\"Equipo\"}},{\"@type\":\"ListItem\",\"position\":3,\"item\":{\"@type\":\"WebPage\",\"@id\":\"https:\/\/www.decintivillalon.com\/la-academia-de-pintura\/normativa-de-la-academia\/\",\"url\":\"https:\/\/www.decintivillalon.com\/la-academia-de-pintura\/normativa-de-la-academia\/\",\"name\":\"Normativa\"}}]}]}<\/script>\n<!-- \/ Yoast SEO Premium plugin. -->","jetpack_shortlink":"https:\/\/wp.me\/P3Hbis-1ju","jetpack_sharing_enabled":true,"_links":{"self":[{"href":"https:\/\/www.decintivillalon.com\/en\/wp-json\/wp\/v2\/pages\/5052","targetHints":{"allow":["GET"]}}],"collection":[{"href":"https:\/\/www.decintivillalon.com\/en\/wp-json\/wp\/v2\/pages"}],"about":[{"href":"https:\/\/www.decintivillalon.com\/en\/wp-json\/wp\/v2\/types\/page"}],"author":[{"embeddable":true,"href":"https:\/\/www.decintivillalon.com\/en\/wp-json\/wp\/v2\/users\/1"}],"replies":[{"embeddable":true,"href":"https:\/\/www.decintivillalon.com\/en\/wp-json\/wp\/v2\/comments?post=5052"}],"version-history":[{"count":1,"href":"https:\/\/www.decintivillalon.com\/en\/wp-json\/wp\/v2\/pages\/5052\/revisions"}],"predecessor-version":[{"id":14136,"href":"https:\/\/www.decintivillalon.com\/en\/wp-json\/wp\/v2\/pages\/5052\/revisions\/14136"}],"up":[{"embeddable":true,"href":"https:\/\/www.decintivillalon.com\/en\/wp-json\/wp\/v2\/pages\/2"}],"wp:attachment":[{"href":"https:\/\/www.decintivillalon.com\/en\/wp-json\/wp\/v2\/media?parent=5052"}],"wp:term":[{"taxonomy":"yst_prominent_words","embeddable":true,"href":"https:\/\/www.decintivillalon.com\/en\/wp-json\/wp\/v2\/yst_prominent_words?post=5052"}],"curies":[{"name":"wp","href":"https:\/\/api.w.org\/{rel}","templated":true}]}}