{"id":4467,"date":"2015-03-24T08:06:29","date_gmt":"2015-03-24T08:06:29","guid":{"rendered":"http:\/\/www.decintivillalon.com\/?page_id=4467"},"modified":"2019-05-29T08:29:34","modified_gmt":"2019-05-29T08:29:34","slug":"visitar-madrid","status":"publish","type":"page","link":"https:\/\/www.decintivillalon.com\/en\/visitar-madrid\/","title":{"rendered":"Visiting Madrid"},"content":{"rendered":"<a href=\"https:\/\/www.decintivillalon.com\/\">Index<\/a> &gt; <a href=\"https:\/\/www.decintivillalon.com\/\">Academy in Madrid<\/a> &gt; Visiting Madrid<\/p>\n<h4 style=\"text-align: center;\">|\u00a0 <strong>Visiting Madrid<\/strong>\u00a0 |\u00a0 <a title=\"Courses\" href=\"https:\/\/www.decintivillalon.com\/en\/la-academia-de-pintura\/cursos\/\">Courses<\/a>\u00a0 |\u00a0 <a href=\"https:\/\/www.decintivillalon.com\/en\/la-academia-de-pintura\/\">About us<\/a>\u00a0 |\u00a0 <a title=\"Sesiones y Precios\" href=\"https:\/\/www.decintivillalon.com\/en\/la-academia-de-pintura\/sesiones-y-precios\/\">Timetables &amp; Prices<\/a>\u00a0 |\u00a0 <a title=\"Calendario Clases y Eventos\" href=\"https:\/\/www.decintivillalon.com\/en\/la-academia-de-pintura\/calendario-de-clases-2\/\">Calendary<\/a>\u00a0 |\u00a0 <a title=\"Preguntas frecuentes\" href=\"https:\/\/www.decintivillalon.com\/en\/la-academia-de-pintura\/preguntas-frecuentes\/\">FAQ&#8217;s<\/a>\u00a0 |\u00a0 <a title=\"Normativa de La Academia\" href=\"https:\/\/www.decintivillalon.com\/la-academia-de-pintura\/normativa-de-la-academia\/\">Regulations<\/a>\u00a0 |\u00a0 <a title=\"Cursos\" href=\"https:\/\/www.decintivillalon.com\/en\/arte-la-copia\/\">Comissions<\/a>\u00a0 |<\/h4>\n<p>&nbsp;<\/p>\n<p><strong>Madrid<\/strong> es la capital de Espa\u00f1a y de la Comunidad de Madrid. Tambi\u00e9n conocida como la Villa y Corte, es la tercera o cuarta \u00e1rea metropolitana m\u00e1s poblada de Europa por detr\u00e1s de las de Par\u00eds, Berl\u00edn y Londres.<br \/>\nEs un influyente centro cultural y cuenta con museos de relevancia universal, entre los que destacan el <strong>Museo del Prado<\/strong>, <strong>el Museo Nacional Centro de Arte Reina Sof\u00eda<\/strong>, y el <strong>Museo Thyssen-Bornemisza<\/strong>.<br \/>\nConcentra las m\u00e1s importantes colecciones de pintura cl\u00e1sica y moderna. Una densidad y presencia de obras maestras \u00fanica en el mundo.<\/p>\n<div id=\"attachment_10124\" style=\"width: 1011px\" class=\"wp-caption alignleft\"><img data-recalc-dims=\"1\" loading=\"lazy\" decoding=\"async\" aria-describedby=\"caption-attachment-10124\" data-attachment-id=\"10124\" data-permalink=\"https:\/\/www.decintivillalon.com\/en\/visitar-madrid\/9bbe76de22540cfbe38fbeac44d870ea\/\" data-orig-file=\"https:\/\/i0.wp.com\/www.decintivillalon.com\/wp-content\/uploads\/2019\/05\/9bbe76de22540cfbe38fbeac44d870ea.jpg?fit=1240%2C1269&amp;ssl=1\" data-orig-size=\"1240,1269\" data-comments-opened=\"0\" data-image-meta=\"{&quot;aperture&quot;:&quot;0&quot;,&quot;credit&quot;:&quot;&quot;,&quot;camera&quot;:&quot;&quot;,&quot;caption&quot;:&quot;&quot;,&quot;created_timestamp&quot;:&quot;0&quot;,&quot;copyright&quot;:&quot;&quot;,&quot;focal_length&quot;:&quot;0&quot;,&quot;iso&quot;:&quot;0&quot;,&quot;shutter_speed&quot;:&quot;0&quot;,&quot;title&quot;:&quot;&quot;,&quot;orientation&quot;:&quot;0&quot;}\" data-image-title=\"9bbe76de22540cfbe38fbeac44d870ea\" data-image-description=\"\" data-image-caption=\"&lt;p&gt;La Gran V\u00eda 1974-1981. \u00d3leo sobre tabla de Antonio L\u00f3pez&lt;\/p&gt;\n\" data-large-file=\"https:\/\/i0.wp.com\/www.decintivillalon.com\/wp-content\/uploads\/2019\/05\/9bbe76de22540cfbe38fbeac44d870ea.jpg?fit=1001%2C1024&amp;ssl=1\" class=\"size-large wp-image-10124\" src=\"https:\/\/i0.wp.com\/www.decintivillalon.com\/wp-content\/uploads\/2019\/05\/9bbe76de22540cfbe38fbeac44d870ea.jpg?resize=1001%2C1024&#038;ssl=1\" alt=\"\" width=\"1001\" height=\"1024\" srcset=\"https:\/\/i0.wp.com\/www.decintivillalon.com\/wp-content\/uploads\/2019\/05\/9bbe76de22540cfbe38fbeac44d870ea.jpg?resize=1001%2C1024&amp;ssl=1 1001w, https:\/\/i0.wp.com\/www.decintivillalon.com\/wp-content\/uploads\/2019\/05\/9bbe76de22540cfbe38fbeac44d870ea.jpg?resize=293%2C300&amp;ssl=1 293w, https:\/\/i0.wp.com\/www.decintivillalon.com\/wp-content\/uploads\/2019\/05\/9bbe76de22540cfbe38fbeac44d870ea.jpg?resize=768%2C786&amp;ssl=1 768w, https:\/\/i0.wp.com\/www.decintivillalon.com\/wp-content\/uploads\/2019\/05\/9bbe76de22540cfbe38fbeac44d870ea.jpg?w=1240&amp;ssl=1 1240w\" sizes=\"auto, (max-width: 1000px) 100vw, 1000px\" \/><p id=\"caption-attachment-10124\" class=\"wp-caption-text\">La Gran V\u00eda 1974-1981. \u00d3leo sobre tabla de Antonio L\u00f3pez<\/p><\/div>\n<p>Ciudad cosmopolita de gran diversidad cultural y un fundamental foco de realismo contempor\u00e1neo de entre las que destacan La Escuela madrile\u00f1a\u00a0y la reciente Escuela de Chinch\u00f3n.<\/p>\n<h2>Museos recomendados<\/h2>\n<h3>Museo del\u00a0Prado<\/h3>\n<p>El Museo Nacional del Prado, en Madrid, Espa\u00f1a, es uno de los m\u00e1s importantes del mundo, as\u00ed como uno de los m\u00e1s visitados.<br \/>\nSingularmente rico en cuadros de maestros europeos de los siglos XVI al XIX (seg\u00fan el historiador del arte e hispanista estadounidense Jonathan Brown \u00abpocos se atrever\u00edan a poner en duda que es el museo m\u00e1s importante del mundo en pintura europea\u00bb), su principal atractivo radica en la amplia presencia de Vel\u00e1zquez, el Greco, Goya (el artista m\u00e1s extensamente representado en la colecci\u00f3n), Tiziano, Rubens y El Bosco, de los que posee las mejores y m\u00e1s extensas colecciones que existen a nivel mundial, a lo que hay que sumar destacados conjuntos de autores tan importantes como Murillo, Ribera, Zurbar\u00e1n, Rafael, Veronese, Tintoretto o Van Dyck, por citar solo algunos de los m\u00e1s relevantes. (Wikipedia)<\/p>\n\n\t\t<style type=\"text\/css\">\n\t\t\t#gallery-6 {\n\t\t\t\tmargin: auto;\n\t\t\t}\n\t\t\t#gallery-6 .gallery-item {\n\t\t\t\tfloat: left;\n\t\t\t\tmargin-top: 10px;\n\t\t\t\ttext-align: center;\n\t\t\t\twidth: 33%;\n\t\t\t}\n\t\t\t#gallery-6 img {\n\t\t\t\tborder: 2px solid #cfcfcf;\n\t\t\t}\n\t\t\t#gallery-6 .gallery-caption {\n\t\t\t\tmargin-left: 0;\n\t\t\t}\n\t\t\t\/* see gallery_shortcode() in wp-includes\/media.php *\/\n\t\t<\/style>\n\t\t<div data-carousel-extra='{&quot;blog_id&quot;:1,&quot;permalink&quot;:&quot;https:\/\/www.decintivillalon.com\/en\/visitar-madrid\/&quot;}' id='gallery-6' class='gallery galleryid-4467 gallery-columns-3 gallery-size-thumbnail'><dl class='gallery-item'>\n\t\t\t<dt class='gallery-icon landscape'>\n\t\t\t\t<a href='https:\/\/www.decintivillalon.com\/en\/visitar-madrid\/2-jardininfierno-001\/'><img loading=\"lazy\" decoding=\"async\" width=\"150\" height=\"150\" src=\"https:\/\/i0.wp.com\/www.decintivillalon.com\/wp-content\/uploads\/2015\/03\/2-jardininfierno-001.jpg?resize=150%2C150&amp;ssl=1\" class=\"attachment-thumbnail size-thumbnail\" alt=\"\" srcset=\"https:\/\/i0.wp.com\/www.decintivillalon.com\/wp-content\/uploads\/2015\/03\/2-jardininfierno-001.jpg?resize=150%2C150&amp;ssl=1 150w, https:\/\/i0.wp.com\/www.decintivillalon.com\/wp-content\/uploads\/2015\/03\/2-jardininfierno-001.jpg?zoom=2&amp;resize=150%2C150&amp;ssl=1 300w, https:\/\/i0.wp.com\/www.decintivillalon.com\/wp-content\/uploads\/2015\/03\/2-jardininfierno-001.jpg?zoom=3&amp;resize=150%2C150&amp;ssl=1 450w\" sizes=\"auto, (max-width: 150px) 100vw, 150px\" data-attachment-id=\"4512\" data-permalink=\"https:\/\/www.decintivillalon.com\/en\/visitar-madrid\/2-jardininfierno-001\/\" data-orig-file=\"https:\/\/i0.wp.com\/www.decintivillalon.com\/wp-content\/uploads\/2015\/03\/2-jardininfierno-001.jpg?fit=1024%2C773&amp;ssl=1\" data-orig-size=\"1024,773\" data-comments-opened=\"1\" data-image-meta=\"{&quot;aperture&quot;:&quot;0&quot;,&quot;credit&quot;:&quot;Picasa&quot;,&quot;camera&quot;:&quot;&quot;,&quot;caption&quot;:&quot;&quot;,&quot;created_timestamp&quot;:&quot;1427229514&quot;,&quot;copyright&quot;:&quot;&quot;,&quot;focal_length&quot;:&quot;0&quot;,&quot;iso&quot;:&quot;0&quot;,&quot;shutter_speed&quot;:&quot;0&quot;,&quot;title&quot;:&quot;&quot;,&quot;orientation&quot;:&quot;0&quot;}\" data-image-title=\"2-jardininfierno-001\" data-image-description=\"\" data-image-caption=\"\" data-large-file=\"https:\/\/i0.wp.com\/www.decintivillalon.com\/wp-content\/uploads\/2015\/03\/2-jardininfierno-001.jpg?fit=1024%2C773&amp;ssl=1\" \/><\/a>\n\t\t\t<\/dt><\/dl><dl class='gallery-item'>\n\t\t\t<dt class='gallery-icon landscape'>\n\t\t\t\t<a href='https:\/\/www.decintivillalon.com\/en\/visitar-madrid\/1-personajes-en-las-meninas-de-velc3a1zquez-001\/'><img loading=\"lazy\" decoding=\"async\" width=\"150\" height=\"150\" src=\"https:\/\/i0.wp.com\/www.decintivillalon.com\/wp-content\/uploads\/2015\/03\/1-personajes-en-las-meninas-de-velc3a1zquez-001.jpg?resize=150%2C150&amp;ssl=1\" class=\"attachment-thumbnail size-thumbnail\" alt=\"\" srcset=\"https:\/\/i0.wp.com\/www.decintivillalon.com\/wp-content\/uploads\/2015\/03\/1-personajes-en-las-meninas-de-velc3a1zquez-001.jpg?resize=150%2C150&amp;ssl=1 150w, https:\/\/i0.wp.com\/www.decintivillalon.com\/wp-content\/uploads\/2015\/03\/1-personajes-en-las-meninas-de-velc3a1zquez-001.jpg?zoom=2&amp;resize=150%2C150&amp;ssl=1 300w, https:\/\/i0.wp.com\/www.decintivillalon.com\/wp-content\/uploads\/2015\/03\/1-personajes-en-las-meninas-de-velc3a1zquez-001.jpg?zoom=3&amp;resize=150%2C150&amp;ssl=1 450w\" sizes=\"auto, (max-width: 150px) 100vw, 150px\" data-attachment-id=\"4511\" data-permalink=\"https:\/\/www.decintivillalon.com\/en\/visitar-madrid\/1-personajes-en-las-meninas-de-velc3a1zquez-001\/\" data-orig-file=\"https:\/\/i0.wp.com\/www.decintivillalon.com\/wp-content\/uploads\/2015\/03\/1-personajes-en-las-meninas-de-velc3a1zquez-001.jpg?fit=1024%2C580&amp;ssl=1\" data-orig-size=\"1024,580\" data-comments-opened=\"1\" data-image-meta=\"{&quot;aperture&quot;:&quot;0&quot;,&quot;credit&quot;:&quot;Picasa&quot;,&quot;camera&quot;:&quot;&quot;,&quot;caption&quot;:&quot;&quot;,&quot;created_timestamp&quot;:&quot;1427229498&quot;,&quot;copyright&quot;:&quot;&quot;,&quot;focal_length&quot;:&quot;0&quot;,&quot;iso&quot;:&quot;0&quot;,&quot;shutter_speed&quot;:&quot;0&quot;,&quot;title&quot;:&quot;&quot;,&quot;orientation&quot;:&quot;0&quot;}\" data-image-title=\"1-personajes-en-las-meninas-de-velc3a1zquez-001\" data-image-description=\"\" data-image-caption=\"\" data-large-file=\"https:\/\/i0.wp.com\/www.decintivillalon.com\/wp-content\/uploads\/2015\/03\/1-personajes-en-las-meninas-de-velc3a1zquez-001.jpg?fit=1024%2C580&amp;ssl=1\" \/><\/a>\n\t\t\t<\/dt><\/dl><dl class='gallery-item'>\n\t\t\t<dt class='gallery-icon landscape'>\n\t\t\t\t<a href='https:\/\/www.decintivillalon.com\/en\/visitar-madrid\/3-goya-001\/'><img loading=\"lazy\" decoding=\"async\" width=\"150\" height=\"150\" src=\"https:\/\/i0.wp.com\/www.decintivillalon.com\/wp-content\/uploads\/2015\/03\/3-Goya-001.jpg?resize=150%2C150&amp;ssl=1\" class=\"attachment-thumbnail size-thumbnail\" alt=\"\" srcset=\"https:\/\/i0.wp.com\/www.decintivillalon.com\/wp-content\/uploads\/2015\/03\/3-Goya-001.jpg?w=400&amp;ssl=1 400w, https:\/\/i0.wp.com\/www.decintivillalon.com\/wp-content\/uploads\/2015\/03\/3-Goya-001.jpg?resize=150%2C150&amp;ssl=1 150w, https:\/\/i0.wp.com\/www.decintivillalon.com\/wp-content\/uploads\/2015\/03\/3-Goya-001.jpg?resize=300%2C300&amp;ssl=1 300w\" sizes=\"auto, (max-width: 150px) 100vw, 150px\" data-attachment-id=\"4513\" data-permalink=\"https:\/\/www.decintivillalon.com\/en\/visitar-madrid\/3-goya-001\/\" data-orig-file=\"https:\/\/i0.wp.com\/www.decintivillalon.com\/wp-content\/uploads\/2015\/03\/3-Goya-001.jpg?fit=400%2C400&amp;ssl=1\" data-orig-size=\"400,400\" data-comments-opened=\"1\" data-image-meta=\"{&quot;aperture&quot;:&quot;0&quot;,&quot;credit&quot;:&quot;Picasa&quot;,&quot;camera&quot;:&quot;&quot;,&quot;caption&quot;:&quot;&quot;,&quot;created_timestamp&quot;:&quot;1427229566&quot;,&quot;copyright&quot;:&quot;&quot;,&quot;focal_length&quot;:&quot;0&quot;,&quot;iso&quot;:&quot;0&quot;,&quot;shutter_speed&quot;:&quot;0&quot;,&quot;title&quot;:&quot;&quot;,&quot;orientation&quot;:&quot;0&quot;}\" data-image-title=\"3-Goya-001\" data-image-description=\"\" data-image-caption=\"\" data-large-file=\"https:\/\/i0.wp.com\/www.decintivillalon.com\/wp-content\/uploads\/2015\/03\/3-Goya-001.jpg?fit=400%2C400&amp;ssl=1\" \/><\/a>\n\t\t\t<\/dt><\/dl><br style=\"clear: both\" \/>\n\t\t<\/div>\n\n<h3>Museo Nacional Centro de Arte Reina Sof\u00eda<\/h3>\n<p>El Museo Nacional Centro de Arte Reina Sof\u00eda (MNCARS) es un museo espa\u00f1ol de arte del siglo XX y contempor\u00e1neo, con sede en Madrid. Su nombre se abrevia habitualmente como Museo Reina Sof\u00eda.<br \/>\nEn la colecci\u00f3n permanente del museo destaca un n\u00facleo de obras de grandes artistas espa\u00f1oles del siglo XX, especialmente Pablo Picasso, Salvador Dal\u00ed y Joan Mir\u00f3, representados ampliamente y con algunas de sus mejores obras. Son muy relevantes tambi\u00e9n las colecciones de arte surrealista (con obras de Francis Picabia, Ren\u00e9 Magritte, \u00d3scar Dom\u00ednguez o Yves Tanguy, adem\u00e1s de los ya citados Mir\u00f3 y Dal\u00ed), del cubismo (que a la colecci\u00f3n Picasso a\u00f1ade nombres como Juan Gris, Georges Braque, Robert Delaunay, Fernand L\u00e9ger o Albert Gleizes), y la presencia de artistas expresionistas, como Francis Bacon o Antonio Saura.<br \/>\nJunto a estos autores hay muchos otros de diversas tendencias tan destacados como Lucio Fontana, Yves Klein, Diego Rivera, Alexander Calder, Roberto Matta, Mark Rothko, Antonio L\u00f3pez Garc\u00eda, Antoni T\u00e0pies, Miquel Barcel\u00f3 o Sam Francis.\u00a0(Wikipedia)<\/p>\n\n\t\t<style type=\"text\/css\">\n\t\t\t#gallery-7 {\n\t\t\t\tmargin: auto;\n\t\t\t}\n\t\t\t#gallery-7 .gallery-item {\n\t\t\t\tfloat: left;\n\t\t\t\tmargin-top: 10px;\n\t\t\t\ttext-align: center;\n\t\t\t\twidth: 33%;\n\t\t\t}\n\t\t\t#gallery-7 img {\n\t\t\t\tborder: 2px solid #cfcfcf;\n\t\t\t}\n\t\t\t#gallery-7 .gallery-caption {\n\t\t\t\tmargin-left: 0;\n\t\t\t}\n\t\t\t\/* see gallery_shortcode() in wp-includes\/media.php *\/\n\t\t<\/style>\n\t\t<div data-carousel-extra='{&quot;blog_id&quot;:1,&quot;permalink&quot;:&quot;https:\/\/www.decintivillalon.com\/en\/visitar-madrid\/&quot;}' id='gallery-7' class='gallery galleryid-4467 gallery-columns-3 gallery-size-thumbnail'><dl class='gallery-item'>\n\t\t\t<dt class='gallery-icon landscape'>\n\t\t\t\t<a href='https:\/\/www.decintivillalon.com\/en\/visitar-madrid\/de00050\/'><img loading=\"lazy\" decoding=\"async\" width=\"150\" height=\"150\" src=\"https:\/\/i0.wp.com\/www.decintivillalon.com\/wp-content\/uploads\/2015\/03\/DE00050.jpg?resize=150%2C150&amp;ssl=1\" class=\"attachment-thumbnail size-thumbnail\" alt=\"\" srcset=\"https:\/\/i0.wp.com\/www.decintivillalon.com\/wp-content\/uploads\/2015\/03\/DE00050.jpg?resize=150%2C150&amp;ssl=1 150w, https:\/\/i0.wp.com\/www.decintivillalon.com\/wp-content\/uploads\/2015\/03\/DE00050.jpg?zoom=2&amp;resize=150%2C150&amp;ssl=1 300w, https:\/\/i0.wp.com\/www.decintivillalon.com\/wp-content\/uploads\/2015\/03\/DE00050.jpg?zoom=3&amp;resize=150%2C150&amp;ssl=1 450w\" sizes=\"auto, (max-width: 150px) 100vw, 150px\" data-attachment-id=\"4518\" data-permalink=\"https:\/\/www.decintivillalon.com\/en\/visitar-madrid\/de00050\/\" data-orig-file=\"https:\/\/i0.wp.com\/www.decintivillalon.com\/wp-content\/uploads\/2015\/03\/DE00050.jpg?fit=2105%2C953&amp;ssl=1\" data-orig-size=\"2105,953\" data-comments-opened=\"1\" data-image-meta=\"{&quot;aperture&quot;:&quot;0&quot;,&quot;credit&quot;:&quot;&quot;,&quot;camera&quot;:&quot;&quot;,&quot;caption&quot;:&quot;&quot;,&quot;created_timestamp&quot;:&quot;0&quot;,&quot;copyright&quot;:&quot;&quot;,&quot;focal_length&quot;:&quot;0&quot;,&quot;iso&quot;:&quot;0&quot;,&quot;shutter_speed&quot;:&quot;0&quot;,&quot;title&quot;:&quot;&quot;,&quot;orientation&quot;:&quot;0&quot;}\" data-image-title=\"DE00050\" data-image-description=\"\" data-image-caption=\"\" data-large-file=\"https:\/\/i0.wp.com\/www.decintivillalon.com\/wp-content\/uploads\/2015\/03\/DE00050.jpg?fit=1024%2C464&amp;ssl=1\" \/><\/a>\n\t\t\t<\/dt><\/dl><dl class='gallery-item'>\n\t\t\t<dt class='gallery-icon landscape'>\n\t\t\t\t<a href='https:\/\/www.decintivillalon.com\/en\/visitar-madrid\/fondo_general\/'><img loading=\"lazy\" decoding=\"async\" width=\"150\" height=\"150\" src=\"https:\/\/i0.wp.com\/www.decintivillalon.com\/wp-content\/uploads\/2015\/03\/fondo_general.jpg?resize=150%2C150&amp;ssl=1\" class=\"attachment-thumbnail size-thumbnail\" alt=\"\" srcset=\"https:\/\/i0.wp.com\/www.decintivillalon.com\/wp-content\/uploads\/2015\/03\/fondo_general.jpg?resize=150%2C150&amp;ssl=1 150w, https:\/\/i0.wp.com\/www.decintivillalon.com\/wp-content\/uploads\/2015\/03\/fondo_general.jpg?zoom=2&amp;resize=150%2C150&amp;ssl=1 300w, https:\/\/i0.wp.com\/www.decintivillalon.com\/wp-content\/uploads\/2015\/03\/fondo_general.jpg?zoom=3&amp;resize=150%2C150&amp;ssl=1 450w\" sizes=\"auto, (max-width: 150px) 100vw, 150px\" data-attachment-id=\"4516\" data-permalink=\"https:\/\/www.decintivillalon.com\/en\/visitar-madrid\/fondo_general\/\" data-orig-file=\"https:\/\/i0.wp.com\/www.decintivillalon.com\/wp-content\/uploads\/2015\/03\/fondo_general.jpg?fit=500%2C281&amp;ssl=1\" data-orig-size=\"500,281\" data-comments-opened=\"1\" data-image-meta=\"{&quot;aperture&quot;:&quot;0&quot;,&quot;credit&quot;:&quot;&quot;,&quot;camera&quot;:&quot;&quot;,&quot;caption&quot;:&quot;&quot;,&quot;created_timestamp&quot;:&quot;0&quot;,&quot;copyright&quot;:&quot;&quot;,&quot;focal_length&quot;:&quot;0&quot;,&quot;iso&quot;:&quot;0&quot;,&quot;shutter_speed&quot;:&quot;0&quot;,&quot;title&quot;:&quot;&quot;,&quot;orientation&quot;:&quot;0&quot;}\" data-image-title=\"fondo_general\" data-image-description=\"\" data-image-caption=\"\" data-large-file=\"https:\/\/i0.wp.com\/www.decintivillalon.com\/wp-content\/uploads\/2015\/03\/fondo_general.jpg?fit=500%2C281&amp;ssl=1\" \/><\/a>\n\t\t\t<\/dt><\/dl><dl class='gallery-item'>\n\t\t\t<dt class='gallery-icon landscape'>\n\t\t\t\t<a href='https:\/\/www.decintivillalon.com\/en\/visitar-madrid\/dali-llena-museo-reina-sofia-200-obras-exposicion_2_1668348\/'><img loading=\"lazy\" decoding=\"async\" width=\"150\" height=\"150\" src=\"https:\/\/i0.wp.com\/www.decintivillalon.com\/wp-content\/uploads\/2015\/03\/dali-llena-museo-reina-sofia-200-obras-exposicion_2_1668348.jpg?resize=150%2C150&amp;ssl=1\" class=\"attachment-thumbnail size-thumbnail\" alt=\"\" srcset=\"https:\/\/i0.wp.com\/www.decintivillalon.com\/wp-content\/uploads\/2015\/03\/dali-llena-museo-reina-sofia-200-obras-exposicion_2_1668348.jpg?resize=150%2C150&amp;ssl=1 150w, https:\/\/i0.wp.com\/www.decintivillalon.com\/wp-content\/uploads\/2015\/03\/dali-llena-museo-reina-sofia-200-obras-exposicion_2_1668348.jpg?zoom=2&amp;resize=150%2C150&amp;ssl=1 300w\" sizes=\"auto, (max-width: 150px) 100vw, 150px\" data-attachment-id=\"4517\" data-permalink=\"https:\/\/www.decintivillalon.com\/en\/visitar-madrid\/dali-llena-museo-reina-sofia-200-obras-exposicion_2_1668348\/\" data-orig-file=\"https:\/\/i0.wp.com\/www.decintivillalon.com\/wp-content\/uploads\/2015\/03\/dali-llena-museo-reina-sofia-200-obras-exposicion_2_1668348.jpg?fit=400%2C288&amp;ssl=1\" data-orig-size=\"400,288\" data-comments-opened=\"1\" data-image-meta=\"{&quot;aperture&quot;:&quot;0&quot;,&quot;credit&quot;:&quot;&quot;,&quot;camera&quot;:&quot;&quot;,&quot;caption&quot;:&quot;&quot;,&quot;created_timestamp&quot;:&quot;0&quot;,&quot;copyright&quot;:&quot;&quot;,&quot;focal_length&quot;:&quot;0&quot;,&quot;iso&quot;:&quot;0&quot;,&quot;shutter_speed&quot;:&quot;0&quot;,&quot;title&quot;:&quot;&quot;,&quot;orientation&quot;:&quot;0&quot;}\" data-image-title=\"dali-llena-museo-reina-sofia-200-obras-exposicion_2_1668348\" data-image-description=\"\" data-image-caption=\"\" data-large-file=\"https:\/\/i0.wp.com\/www.decintivillalon.com\/wp-content\/uploads\/2015\/03\/dali-llena-museo-reina-sofia-200-obras-exposicion_2_1668348.jpg?fit=400%2C288&amp;ssl=1\" \/><\/a>\n\t\t\t<\/dt><\/dl><br style=\"clear: both\" \/>\n\t\t<\/div>\n\n<h3>Museo Thyssen-Bornemisza<\/h3>\n<p>El Museo Thyssen-Bornemisza es una pinacoteca de maestros antiguos y modernos ubicada en Madrid (Espa\u00f1a). Su existencia se debe al acuerdo de arrendamiento (1988) y a la posterior adquisici\u00f3n, por parte del Gobierno espa\u00f1ol (1993), del n\u00facleo m\u00e1s valioso de la colecci\u00f3n privada reunida a lo largo de siete d\u00e9cadas por la familia Thyssen-Bornemisza. Este fondo art\u00edstico aport\u00f3 numerosos ejemplos de pintores extranjeros ausentes de los museos espa\u00f1oles, desde el g\u00f3tico de los siglos XIV y XV (Duccio, Jan van Eyck) hasta el pop art y los a\u00f1os 80 (Roy Lichtenstein, Lucian Freud), por lo que vino a complementar el repertorio expuesto en los dos principales centros estatales, el Prado y el Reina Sof\u00eda. La apertura del Museo Thyssen-Bornemisza en 1992 dio el v\u00e9rtice que faltaba al Tri\u00e1ngulo del Arte del Paseo del Prado, \u00e1rea muse\u00edstica de Madrid que concentra el acervo pict\u00f3rico m\u00e1s importante de Europa.\u00a0(Wikipedia)<\/p>\n\n\t\t<style type=\"text\/css\">\n\t\t\t#gallery-8 {\n\t\t\t\tmargin: auto;\n\t\t\t}\n\t\t\t#gallery-8 .gallery-item {\n\t\t\t\tfloat: left;\n\t\t\t\tmargin-top: 10px;\n\t\t\t\ttext-align: center;\n\t\t\t\twidth: 33%;\n\t\t\t}\n\t\t\t#gallery-8 img {\n\t\t\t\tborder: 2px solid #cfcfcf;\n\t\t\t}\n\t\t\t#gallery-8 .gallery-caption {\n\t\t\t\tmargin-left: 0;\n\t\t\t}\n\t\t\t\/* see gallery_shortcode() in wp-includes\/media.php *\/\n\t\t<\/style>\n\t\t<div data-carousel-extra='{&quot;blog_id&quot;:1,&quot;permalink&quot;:&quot;https:\/\/www.decintivillalon.com\/en\/visitar-madrid\/&quot;}' id='gallery-8' class='gallery galleryid-4467 gallery-columns-3 gallery-size-thumbnail'><dl class='gallery-item'>\n\t\t\t<dt class='gallery-icon portrait'>\n\t\t\t\t<a href='https:\/\/www.decintivillalon.com\/en\/visitar-madrid\/1971-3\/'><img loading=\"lazy\" decoding=\"async\" width=\"150\" height=\"150\" src=\"https:\/\/i0.wp.com\/www.decintivillalon.com\/wp-content\/uploads\/2015\/03\/1971.3.jpg?resize=150%2C150&amp;ssl=1\" class=\"attachment-thumbnail size-thumbnail\" alt=\"\" srcset=\"https:\/\/i0.wp.com\/www.decintivillalon.com\/wp-content\/uploads\/2015\/03\/1971.3.jpg?resize=150%2C150&amp;ssl=1 150w, https:\/\/i0.wp.com\/www.decintivillalon.com\/wp-content\/uploads\/2015\/03\/1971.3.jpg?zoom=2&amp;resize=150%2C150&amp;ssl=1 300w, https:\/\/i0.wp.com\/www.decintivillalon.com\/wp-content\/uploads\/2015\/03\/1971.3.jpg?zoom=3&amp;resize=150%2C150&amp;ssl=1 450w\" sizes=\"auto, (max-width: 150px) 100vw, 150px\" data-attachment-id=\"4521\" data-permalink=\"https:\/\/www.decintivillalon.com\/en\/visitar-madrid\/1971-3\/\" data-orig-file=\"https:\/\/i0.wp.com\/www.decintivillalon.com\/wp-content\/uploads\/2015\/03\/1971.3.jpg?fit=1514%2C2048&amp;ssl=1\" data-orig-size=\"1514,2048\" data-comments-opened=\"1\" data-image-meta=\"{&quot;aperture&quot;:&quot;0&quot;,&quot;credit&quot;:&quot;&quot;,&quot;camera&quot;:&quot;&quot;,&quot;caption&quot;:&quot;&quot;,&quot;created_timestamp&quot;:&quot;0&quot;,&quot;copyright&quot;:&quot;&quot;,&quot;focal_length&quot;:&quot;0&quot;,&quot;iso&quot;:&quot;0&quot;,&quot;shutter_speed&quot;:&quot;0&quot;,&quot;title&quot;:&quot;&quot;,&quot;orientation&quot;:&quot;0&quot;}\" data-image-title=\"1971.3\" data-image-description=\"\" data-image-caption=\"\" data-large-file=\"https:\/\/i0.wp.com\/www.decintivillalon.com\/wp-content\/uploads\/2015\/03\/1971.3.jpg?fit=757%2C1024&amp;ssl=1\" \/><\/a>\n\t\t\t<\/dt><\/dl><dl class='gallery-item'>\n\t\t\t<dt class='gallery-icon landscape'>\n\t\t\t\t<a href='https:\/\/www.decintivillalon.com\/en\/visitar-madrid\/autorretrato_rembrandt_thyssen_mu331x1976xminig-jpg_1306973099\/'><img loading=\"lazy\" decoding=\"async\" width=\"150\" height=\"150\" src=\"https:\/\/i0.wp.com\/www.decintivillalon.com\/wp-content\/uploads\/2015\/03\/autorretrato_rembrandt_thyssen_mu331x1976xMiniG.jpg_1306973099.jpg?resize=150%2C150&amp;ssl=1\" class=\"attachment-thumbnail size-thumbnail\" alt=\"\" srcset=\"https:\/\/i0.wp.com\/www.decintivillalon.com\/wp-content\/uploads\/2015\/03\/autorretrato_rembrandt_thyssen_mu331x1976xMiniG.jpg_1306973099.jpg?resize=150%2C150&amp;ssl=1 150w, https:\/\/i0.wp.com\/www.decintivillalon.com\/wp-content\/uploads\/2015\/03\/autorretrato_rembrandt_thyssen_mu331x1976xMiniG.jpg_1306973099.jpg?zoom=2&amp;resize=150%2C150&amp;ssl=1 300w, https:\/\/i0.wp.com\/www.decintivillalon.com\/wp-content\/uploads\/2015\/03\/autorretrato_rembrandt_thyssen_mu331x1976xMiniG.jpg_1306973099.jpg?zoom=3&amp;resize=150%2C150&amp;ssl=1 450w\" sizes=\"auto, (max-width: 150px) 100vw, 150px\" data-attachment-id=\"4522\" data-permalink=\"https:\/\/www.decintivillalon.com\/en\/visitar-madrid\/autorretrato_rembrandt_thyssen_mu331x1976xminig-jpg_1306973099\/\" data-orig-file=\"https:\/\/i0.wp.com\/www.decintivillalon.com\/wp-content\/uploads\/2015\/03\/autorretrato_rembrandt_thyssen_mu331x1976xMiniG.jpg_1306973099.jpg?fit=660%2C365&amp;ssl=1\" data-orig-size=\"660,365\" data-comments-opened=\"1\" data-image-meta=\"{&quot;aperture&quot;:&quot;0&quot;,&quot;credit&quot;:&quot;&quot;,&quot;camera&quot;:&quot;&quot;,&quot;caption&quot;:&quot;&quot;,&quot;created_timestamp&quot;:&quot;0&quot;,&quot;copyright&quot;:&quot;&quot;,&quot;focal_length&quot;:&quot;0&quot;,&quot;iso&quot;:&quot;0&quot;,&quot;shutter_speed&quot;:&quot;0&quot;,&quot;title&quot;:&quot;&quot;,&quot;orientation&quot;:&quot;0&quot;}\" data-image-title=\"autorretrato_rembrandt_thyssen_mu331x1976xMiniG.jpg_1306973099\" data-image-description=\"\" data-image-caption=\"\" data-large-file=\"https:\/\/i0.wp.com\/www.decintivillalon.com\/wp-content\/uploads\/2015\/03\/autorretrato_rembrandt_thyssen_mu331x1976xMiniG.jpg_1306973099.jpg?fit=660%2C365&amp;ssl=1\" \/><\/a>\n\t\t\t<\/dt><\/dl><dl class='gallery-item'>\n\t\t\t<dt class='gallery-icon landscape'>\n\t\t\t\t<a href='https:\/\/www.decintivillalon.com\/en\/visitar-madrid\/1977-110\/'><img loading=\"lazy\" decoding=\"async\" width=\"150\" height=\"150\" src=\"https:\/\/i0.wp.com\/www.decintivillalon.com\/wp-content\/uploads\/2015\/03\/1977.110.jpg?resize=150%2C150&amp;ssl=1\" class=\"attachment-thumbnail size-thumbnail\" alt=\"\" srcset=\"https:\/\/i0.wp.com\/www.decintivillalon.com\/wp-content\/uploads\/2015\/03\/1977.110.jpg?resize=150%2C150&amp;ssl=1 150w, https:\/\/i0.wp.com\/www.decintivillalon.com\/wp-content\/uploads\/2015\/03\/1977.110.jpg?zoom=2&amp;resize=150%2C150&amp;ssl=1 300w, https:\/\/i0.wp.com\/www.decintivillalon.com\/wp-content\/uploads\/2015\/03\/1977.110.jpg?zoom=3&amp;resize=150%2C150&amp;ssl=1 450w\" sizes=\"auto, (max-width: 150px) 100vw, 150px\" data-attachment-id=\"4523\" data-permalink=\"https:\/\/www.decintivillalon.com\/en\/visitar-madrid\/1977-110\/\" data-orig-file=\"https:\/\/i0.wp.com\/www.decintivillalon.com\/wp-content\/uploads\/2015\/03\/1977.110.jpg?fit=2000%2C1835&amp;ssl=1\" data-orig-size=\"2000,1835\" data-comments-opened=\"1\" data-image-meta=\"{&quot;aperture&quot;:&quot;0&quot;,&quot;credit&quot;:&quot;&quot;,&quot;camera&quot;:&quot;&quot;,&quot;caption&quot;:&quot;&quot;,&quot;created_timestamp&quot;:&quot;0&quot;,&quot;copyright&quot;:&quot;&quot;,&quot;focal_length&quot;:&quot;0&quot;,&quot;iso&quot;:&quot;0&quot;,&quot;shutter_speed&quot;:&quot;0&quot;,&quot;title&quot;:&quot;&quot;,&quot;orientation&quot;:&quot;0&quot;}\" data-image-title=\"1977.110\" data-image-description=\"\" data-image-caption=\"\" data-large-file=\"https:\/\/i0.wp.com\/www.decintivillalon.com\/wp-content\/uploads\/2015\/03\/1977.110.jpg?fit=1024%2C940&amp;ssl=1\" \/><\/a>\n\t\t\t<\/dt><\/dl><br style=\"clear: both\" \/>\n\t\t<\/div>\n\n<h3>Museo Casa Sorolla<\/h3>\n<p>Museo ubicado muy cerca de la Academia DeCinti Villal\u00f3n, en el barrio de Chamber\u00ed. Fu\u00e9 la residencia y taller del genial pintor valenciano y est\u00e1n expuestas varias de sus obras maestras.<br \/>\nJoaqu\u00edn Sorolla y Bastida (Valencia, 27 de febrero de 1863 &#8211; Cercedilla, provincia de Madrid, 10 de agosto de 1923) fue un pintor espa\u00f1ol. Artista prol\u00edfico, dej\u00f3 m\u00e1s de 2200 obras catalogadas. Su obra madura ha sido etiquetada como impresionista, postimpresionista y luminista.<br \/>\nLa colecci\u00f3n est\u00e1 compuesta, adem\u00e1s de por numerosas obras del propio Sorolla, por un gran n\u00famero de objetos que posey\u00f3 el autor. Estos \u00faltimos se pueden dividir en cuatro categor\u00edas:<br \/>\nEscultura, entre las que hay obras de Auguste Rodin, Pedro de Mena, Mariano Benlliure y varias V\u00edrgenes con el Ni\u00f1o alemanas y castellanas, as\u00ed como un retrato del propio Sorolla, estatua donada por la Hispanic Society of America.<br \/>\nArqueolog\u00eda, en la que se pueden encontrar esculturas romanas y obras andalus\u00edes.<br \/>\nCer\u00e1mica, con piezas provenientes de Andaluc\u00eda, Arag\u00f3n, y sobre todo, Valencia. Adem\u00e1s cuenta con un jarr\u00f3n realizado por Daniel Zuloaga.<br \/>\nLa colecci\u00f3n de pintura incluye a Jos\u00e9 de Ribera, Aureliano de Beruete, Benlliure, Mariano Fortuny, John Singer Sargent y muchas obras realizadas por los hijos del pintor.\u00a0(Wikipedia)<\/p>\n\n\t\t<style type=\"text\/css\">\n\t\t\t#gallery-9 {\n\t\t\t\tmargin: auto;\n\t\t\t}\n\t\t\t#gallery-9 .gallery-item {\n\t\t\t\tfloat: left;\n\t\t\t\tmargin-top: 10px;\n\t\t\t\ttext-align: center;\n\t\t\t\twidth: 33%;\n\t\t\t}\n\t\t\t#gallery-9 img {\n\t\t\t\tborder: 2px solid #cfcfcf;\n\t\t\t}\n\t\t\t#gallery-9 .gallery-caption {\n\t\t\t\tmargin-left: 0;\n\t\t\t}\n\t\t\t\/* see gallery_shortcode() in wp-includes\/media.php *\/\n\t\t<\/style>\n\t\t<div data-carousel-extra='{&quot;blog_id&quot;:1,&quot;permalink&quot;:&quot;https:\/\/www.decintivillalon.com\/en\/visitar-madrid\/&quot;}' id='gallery-9' class='gallery galleryid-4467 gallery-columns-3 gallery-size-thumbnail'><dl class='gallery-item'>\n\t\t\t<dt class='gallery-icon portrait'>\n\t\t\t\t<a href='https:\/\/www.decintivillalon.com\/en\/visitar-madrid\/sorolla\/'><img loading=\"lazy\" decoding=\"async\" width=\"150\" height=\"150\" src=\"https:\/\/i0.wp.com\/www.decintivillalon.com\/wp-content\/uploads\/2015\/03\/sorolla.jpg?resize=150%2C150&amp;ssl=1\" class=\"attachment-thumbnail size-thumbnail\" alt=\"\" srcset=\"https:\/\/i0.wp.com\/www.decintivillalon.com\/wp-content\/uploads\/2015\/03\/sorolla.jpg?resize=150%2C150&amp;ssl=1 150w, https:\/\/i0.wp.com\/www.decintivillalon.com\/wp-content\/uploads\/2015\/03\/sorolla.jpg?zoom=2&amp;resize=150%2C150&amp;ssl=1 300w, https:\/\/i0.wp.com\/www.decintivillalon.com\/wp-content\/uploads\/2015\/03\/sorolla.jpg?zoom=3&amp;resize=150%2C150&amp;ssl=1 450w\" sizes=\"auto, (max-width: 150px) 100vw, 150px\" data-attachment-id=\"4534\" data-permalink=\"https:\/\/www.decintivillalon.com\/en\/visitar-madrid\/sorolla\/\" data-orig-file=\"https:\/\/i0.wp.com\/www.decintivillalon.com\/wp-content\/uploads\/2015\/03\/sorolla.jpg?fit=800%2C1261&amp;ssl=1\" data-orig-size=\"800,1261\" data-comments-opened=\"1\" data-image-meta=\"{&quot;aperture&quot;:&quot;0&quot;,&quot;credit&quot;:&quot;&quot;,&quot;camera&quot;:&quot;&quot;,&quot;caption&quot;:&quot;&quot;,&quot;created_timestamp&quot;:&quot;0&quot;,&quot;copyright&quot;:&quot;&quot;,&quot;focal_length&quot;:&quot;0&quot;,&quot;iso&quot;:&quot;0&quot;,&quot;shutter_speed&quot;:&quot;0&quot;,&quot;title&quot;:&quot;&quot;,&quot;orientation&quot;:&quot;0&quot;}\" data-image-title=\"sorolla\" data-image-description=\"\" data-image-caption=\"\" data-large-file=\"https:\/\/i0.wp.com\/www.decintivillalon.com\/wp-content\/uploads\/2015\/03\/sorolla.jpg?fit=650%2C1024&amp;ssl=1\" \/><\/a>\n\t\t\t<\/dt><\/dl><dl class='gallery-item'>\n\t\t\t<dt class='gallery-icon landscape'>\n\t\t\t\t<a href='https:\/\/www.decintivillalon.com\/en\/visitar-madrid\/jardin-de-la-casa-del-artista\/'><img loading=\"lazy\" decoding=\"async\" width=\"150\" height=\"150\" src=\"https:\/\/i0.wp.com\/www.decintivillalon.com\/wp-content\/uploads\/2015\/03\/Jardin-de-la-casa-del-artista.jpg?resize=150%2C150&amp;ssl=1\" class=\"attachment-thumbnail size-thumbnail\" alt=\"\" srcset=\"https:\/\/i0.wp.com\/www.decintivillalon.com\/wp-content\/uploads\/2015\/03\/Jardin-de-la-casa-del-artista.jpg?resize=150%2C150&amp;ssl=1 150w, https:\/\/i0.wp.com\/www.decintivillalon.com\/wp-content\/uploads\/2015\/03\/Jardin-de-la-casa-del-artista.jpg?zoom=2&amp;resize=150%2C150&amp;ssl=1 300w, https:\/\/i0.wp.com\/www.decintivillalon.com\/wp-content\/uploads\/2015\/03\/Jardin-de-la-casa-del-artista.jpg?zoom=3&amp;resize=150%2C150&amp;ssl=1 450w\" sizes=\"auto, (max-width: 150px) 100vw, 150px\" data-attachment-id=\"4536\" data-permalink=\"https:\/\/www.decintivillalon.com\/en\/visitar-madrid\/jardin-de-la-casa-del-artista\/\" data-orig-file=\"https:\/\/i0.wp.com\/www.decintivillalon.com\/wp-content\/uploads\/2015\/03\/Jardin-de-la-casa-del-artista.jpg?fit=800%2C522&amp;ssl=1\" data-orig-size=\"800,522\" data-comments-opened=\"1\" data-image-meta=\"{&quot;aperture&quot;:&quot;0&quot;,&quot;credit&quot;:&quot;&quot;,&quot;camera&quot;:&quot;&quot;,&quot;caption&quot;:&quot;&quot;,&quot;created_timestamp&quot;:&quot;0&quot;,&quot;copyright&quot;:&quot;&quot;,&quot;focal_length&quot;:&quot;0&quot;,&quot;iso&quot;:&quot;0&quot;,&quot;shutter_speed&quot;:&quot;0&quot;,&quot;title&quot;:&quot;&quot;,&quot;orientation&quot;:&quot;1&quot;}\" data-image-title=\"Jardin-de-la-casa-del-artista\" data-image-description=\"\" data-image-caption=\"\" data-large-file=\"https:\/\/i0.wp.com\/www.decintivillalon.com\/wp-content\/uploads\/2015\/03\/Jardin-de-la-casa-del-artista.jpg?fit=800%2C522&amp;ssl=1\" \/><\/a>\n\t\t\t<\/dt><\/dl><dl class='gallery-item'>\n\t\t\t<dt class='gallery-icon landscape'>\n\t\t\t\t<a href='https:\/\/www.decintivillalon.com\/en\/visitar-madrid\/soroya\/'><img loading=\"lazy\" decoding=\"async\" width=\"150\" height=\"150\" src=\"https:\/\/i0.wp.com\/www.decintivillalon.com\/wp-content\/uploads\/2015\/03\/soroya.jpg?resize=150%2C150&amp;ssl=1\" class=\"attachment-thumbnail size-thumbnail\" alt=\"\" srcset=\"https:\/\/i0.wp.com\/www.decintivillalon.com\/wp-content\/uploads\/2015\/03\/soroya.jpg?resize=150%2C150&amp;ssl=1 150w, https:\/\/i0.wp.com\/www.decintivillalon.com\/wp-content\/uploads\/2015\/03\/soroya.jpg?zoom=2&amp;resize=150%2C150&amp;ssl=1 300w, https:\/\/i0.wp.com\/www.decintivillalon.com\/wp-content\/uploads\/2015\/03\/soroya.jpg?zoom=3&amp;resize=150%2C150&amp;ssl=1 450w\" sizes=\"auto, (max-width: 150px) 100vw, 150px\" data-attachment-id=\"4535\" data-permalink=\"https:\/\/www.decintivillalon.com\/en\/visitar-madrid\/soroya\/\" data-orig-file=\"https:\/\/i0.wp.com\/www.decintivillalon.com\/wp-content\/uploads\/2015\/03\/soroya.jpg?fit=554%2C500&amp;ssl=1\" data-orig-size=\"554,500\" data-comments-opened=\"1\" data-image-meta=\"{&quot;aperture&quot;:&quot;0&quot;,&quot;credit&quot;:&quot;&quot;,&quot;camera&quot;:&quot;&quot;,&quot;caption&quot;:&quot;&quot;,&quot;created_timestamp&quot;:&quot;0&quot;,&quot;copyright&quot;:&quot;&quot;,&quot;focal_length&quot;:&quot;0&quot;,&quot;iso&quot;:&quot;0&quot;,&quot;shutter_speed&quot;:&quot;0&quot;,&quot;title&quot;:&quot;&quot;,&quot;orientation&quot;:&quot;1&quot;}\" data-image-title=\"soroya\" data-image-description=\"\" data-image-caption=\"\" data-large-file=\"https:\/\/i0.wp.com\/www.decintivillalon.com\/wp-content\/uploads\/2015\/03\/soroya.jpg?fit=554%2C500&amp;ssl=1\" \/><\/a>\n\t\t\t<\/dt><\/dl><br style=\"clear: both\" \/>\n\t\t<\/div>\n\n<h3>Academia de San Fernando<\/h3>\n<p>La Real Academia es c\u00e9lebre por sus importantes colecciones de arte, que se exhiben en su sede de la calle de Alcal\u00e1. Aunque no tan famosa como el Prado o el Museo Thyssen-Bornemisza, por la abundancia, riqueza y significado de las obras que conserva es considerada la segunda pinacoteca del pa\u00eds. Contiene una de las colecciones m\u00e1s ilustres y completas de arte espa\u00f1ol en Madrid: La Magdalena de Jos\u00e9 de Ribera, los famosos monjes mercedarios de Zurbar\u00e1n, un bodeg\u00f3n de su hijo Juan de Zurbar\u00e1n, Circunspecci\u00f3n de Di\u00f3genes de Luis Paret, La \u00faltima cena, copia de la obra de Tintoretto atribuida a Vel\u00e1zquez, y un nutrido repertorio de Vicente L\u00f3pez Porta\u00f1a. Entre los autores de los siglos XIX y XX, Sorolla, Romero de Torres, Cecilio Pl\u00e1, Daniel V\u00e1zquez D\u00edaz, Juan Gris, Picasso (el bronce Cabeza de mujer y diversos grabados de la Suite Vollard), Pablo Serrano (la magistral cabeza en bronce de Antonio Machado) y un largo etc\u00e9tera. La donaci\u00f3n Mord\u00f3-Alvear ha permitido incorporar a autores m\u00e1s recientes como Rafael Canogar, Gustavo Torner, Bonifacio Alfonso y una plancha de grabado de Dal\u00ed.. Es la mejor colecci\u00f3n de Goya de Madrid tras la del Prado, con trece pinturas. En una sala del mismo edificio se exhiben planchas originales grabadas por Goya. Muchas obras dignas de menci\u00f3n de arte extranjero, Giovanni Bellini, Correggio, Leandro Bassano, La Primavera de Arcimboldo (su \u00fanico ejemplo en Espa\u00f1a), as\u00ed como Susana y los viejos (1609-1610) de Rubens, Recientemente se ha autentificado una Virgen con el Ni\u00f1o y santos como obra original de Van Dyck.<\/p>\n\n\t\t<style type=\"text\/css\">\n\t\t\t#gallery-10 {\n\t\t\t\tmargin: auto;\n\t\t\t}\n\t\t\t#gallery-10 .gallery-item {\n\t\t\t\tfloat: left;\n\t\t\t\tmargin-top: 10px;\n\t\t\t\ttext-align: center;\n\t\t\t\twidth: 33%;\n\t\t\t}\n\t\t\t#gallery-10 img {\n\t\t\t\tborder: 2px solid #cfcfcf;\n\t\t\t}\n\t\t\t#gallery-10 .gallery-caption {\n\t\t\t\tmargin-left: 0;\n\t\t\t}\n\t\t\t\/* see gallery_shortcode() in wp-includes\/media.php *\/\n\t\t<\/style>\n\t\t<div data-carousel-extra='{&quot;blog_id&quot;:1,&quot;permalink&quot;:&quot;https:\/\/www.decintivillalon.com\/en\/visitar-madrid\/&quot;}' id='gallery-10' class='gallery galleryid-4467 gallery-columns-3 gallery-size-thumbnail'><dl class='gallery-item'>\n\t\t\t<dt class='gallery-icon portrait'>\n\t\t\t\t<a href='https:\/\/www.decintivillalon.com\/en\/visitar-madrid\/real_academia_de_bellas_artes_03_goya_autoretrato\/'><img loading=\"lazy\" decoding=\"async\" width=\"150\" height=\"150\" src=\"https:\/\/i0.wp.com\/www.decintivillalon.com\/wp-content\/uploads\/2015\/03\/real_academia_de_bellas_artes_03_goya_autoretrato.jpg?resize=150%2C150&amp;ssl=1\" class=\"attachment-thumbnail size-thumbnail\" alt=\"\" srcset=\"https:\/\/i0.wp.com\/www.decintivillalon.com\/wp-content\/uploads\/2015\/03\/real_academia_de_bellas_artes_03_goya_autoretrato.jpg?resize=150%2C150&amp;ssl=1 150w, https:\/\/i0.wp.com\/www.decintivillalon.com\/wp-content\/uploads\/2015\/03\/real_academia_de_bellas_artes_03_goya_autoretrato.jpg?zoom=2&amp;resize=150%2C150&amp;ssl=1 300w\" sizes=\"auto, (max-width: 150px) 100vw, 150px\" data-attachment-id=\"4568\" data-permalink=\"https:\/\/www.decintivillalon.com\/en\/visitar-madrid\/real_academia_de_bellas_artes_03_goya_autoretrato\/\" data-orig-file=\"https:\/\/i0.wp.com\/www.decintivillalon.com\/wp-content\/uploads\/2015\/03\/real_academia_de_bellas_artes_03_goya_autoretrato.jpg?fit=400%2C459&amp;ssl=1\" data-orig-size=\"400,459\" data-comments-opened=\"1\" data-image-meta=\"{&quot;aperture&quot;:&quot;0&quot;,&quot;credit&quot;:&quot;&quot;,&quot;camera&quot;:&quot;&quot;,&quot;caption&quot;:&quot;&quot;,&quot;created_timestamp&quot;:&quot;0&quot;,&quot;copyright&quot;:&quot;&quot;,&quot;focal_length&quot;:&quot;0&quot;,&quot;iso&quot;:&quot;0&quot;,&quot;shutter_speed&quot;:&quot;0&quot;,&quot;title&quot;:&quot;&quot;,&quot;orientation&quot;:&quot;1&quot;}\" data-image-title=\"real_academia_de_bellas_artes_03_goya_autoretrato\" data-image-description=\"\" data-image-caption=\"\" data-large-file=\"https:\/\/i0.wp.com\/www.decintivillalon.com\/wp-content\/uploads\/2015\/03\/real_academia_de_bellas_artes_03_goya_autoretrato.jpg?fit=400%2C459&amp;ssl=1\" \/><\/a>\n\t\t\t<\/dt><\/dl><dl class='gallery-item'>\n\t\t\t<dt class='gallery-icon portrait'>\n\t\t\t\t<a href='https:\/\/www.decintivillalon.com\/en\/visitar-madrid\/filename-la-primavera\/'><img loading=\"lazy\" decoding=\"async\" width=\"150\" height=\"150\" src=\"https:\/\/i0.wp.com\/www.decintivillalon.com\/wp-content\/uploads\/2015\/03\/filename-la-primavera.jpg?resize=150%2C150&amp;ssl=1\" class=\"attachment-thumbnail size-thumbnail\" alt=\"\" srcset=\"https:\/\/i0.wp.com\/www.decintivillalon.com\/wp-content\/uploads\/2015\/03\/filename-la-primavera.jpg?resize=150%2C150&amp;ssl=1 150w, https:\/\/i0.wp.com\/www.decintivillalon.com\/wp-content\/uploads\/2015\/03\/filename-la-primavera.jpg?zoom=2&amp;resize=150%2C150&amp;ssl=1 300w\" sizes=\"auto, (max-width: 150px) 100vw, 150px\" data-attachment-id=\"4567\" data-permalink=\"https:\/\/www.decintivillalon.com\/en\/visitar-madrid\/filename-la-primavera\/\" data-orig-file=\"https:\/\/i0.wp.com\/www.decintivillalon.com\/wp-content\/uploads\/2015\/03\/filename-la-primavera.jpg?fit=336%2C450&amp;ssl=1\" data-orig-size=\"336,450\" data-comments-opened=\"1\" data-image-meta=\"{&quot;aperture&quot;:&quot;0&quot;,&quot;credit&quot;:&quot;&quot;,&quot;camera&quot;:&quot;&quot;,&quot;caption&quot;:&quot;&quot;,&quot;created_timestamp&quot;:&quot;0&quot;,&quot;copyright&quot;:&quot;&quot;,&quot;focal_length&quot;:&quot;0&quot;,&quot;iso&quot;:&quot;0&quot;,&quot;shutter_speed&quot;:&quot;0&quot;,&quot;title&quot;:&quot;&quot;,&quot;orientation&quot;:&quot;0&quot;}\" data-image-title=\"filename-la-primavera\" data-image-description=\"\" data-image-caption=\"\" data-large-file=\"https:\/\/i0.wp.com\/www.decintivillalon.com\/wp-content\/uploads\/2015\/03\/filename-la-primavera.jpg?fit=336%2C450&amp;ssl=1\" \/><\/a>\n\t\t\t<\/dt><\/dl><dl class='gallery-item'>\n\t\t\t<dt class='gallery-icon landscape'>\n\t\t\t\t<a href='https:\/\/www.decintivillalon.com\/en\/visitar-madrid\/a81c335bc661f61dd29af838c54e5085_orig\/'><img loading=\"lazy\" decoding=\"async\" width=\"150\" height=\"150\" src=\"https:\/\/i0.wp.com\/www.decintivillalon.com\/wp-content\/uploads\/2015\/03\/a81c335bc661f61dd29af838c54e5085_orig.jpg?resize=150%2C150&amp;ssl=1\" class=\"attachment-thumbnail size-thumbnail\" alt=\"\" srcset=\"https:\/\/i0.wp.com\/www.decintivillalon.com\/wp-content\/uploads\/2015\/03\/a81c335bc661f61dd29af838c54e5085_orig.jpg?resize=150%2C150&amp;ssl=1 150w, https:\/\/i0.wp.com\/www.decintivillalon.com\/wp-content\/uploads\/2015\/03\/a81c335bc661f61dd29af838c54e5085_orig.jpg?zoom=2&amp;resize=150%2C150&amp;ssl=1 300w, https:\/\/i0.wp.com\/www.decintivillalon.com\/wp-content\/uploads\/2015\/03\/a81c335bc661f61dd29af838c54e5085_orig.jpg?zoom=3&amp;resize=150%2C150&amp;ssl=1 450w\" sizes=\"auto, (max-width: 150px) 100vw, 150px\" data-attachment-id=\"4566\" data-permalink=\"https:\/\/www.decintivillalon.com\/en\/visitar-madrid\/a81c335bc661f61dd29af838c54e5085_orig\/\" data-orig-file=\"https:\/\/i0.wp.com\/www.decintivillalon.com\/wp-content\/uploads\/2015\/03\/a81c335bc661f61dd29af838c54e5085_orig.jpg?fit=1173%2C820&amp;ssl=1\" data-orig-size=\"1173,820\" data-comments-opened=\"1\" data-image-meta=\"{&quot;aperture&quot;:&quot;0&quot;,&quot;credit&quot;:&quot;&quot;,&quot;camera&quot;:&quot;&quot;,&quot;caption&quot;:&quot;&quot;,&quot;created_timestamp&quot;:&quot;0&quot;,&quot;copyright&quot;:&quot;&quot;,&quot;focal_length&quot;:&quot;0&quot;,&quot;iso&quot;:&quot;0&quot;,&quot;shutter_speed&quot;:&quot;0&quot;,&quot;title&quot;:&quot;&quot;,&quot;orientation&quot;:&quot;0&quot;}\" data-image-title=\"a81c335bc661f61dd29af838c54e5085_orig\" data-image-description=\"\" data-image-caption=\"\" data-large-file=\"https:\/\/i0.wp.com\/www.decintivillalon.com\/wp-content\/uploads\/2015\/03\/a81c335bc661f61dd29af838c54e5085_orig.jpg?fit=1024%2C716&amp;ssl=1\" \/><\/a>\n\t\t\t<\/dt><\/dl><br style=\"clear: both\" \/>\n\t\t<\/div>\n\n<h2>Encuentra alojamiento<\/h2>\n<h3>Buscador de hoteles<\/h3>\n<p><a href=\"http:\/\/www.trivago.es\" rel=\"attachment wp-att-6207\"><img data-recalc-dims=\"1\" loading=\"lazy\" decoding=\"async\" data-attachment-id=\"6207\" data-permalink=\"https:\/\/www.decintivillalon.com\/en\/visitar-madrid\/captura-de-pantalla-2016-06-20-a-las-17-49-53-png\/\" data-orig-file=\"https:\/\/i0.wp.com\/www.decintivillalon.com\/wp-content\/uploads\/2015\/03\/Captura-de-pantalla-2016-06-20-a-las-17.49.53.png.jpg?fit=814%2C813&amp;ssl=1\" data-orig-size=\"814,813\" data-comments-opened=\"1\" data-image-meta=\"{&quot;aperture&quot;:&quot;0&quot;,&quot;credit&quot;:&quot;Picasa&quot;,&quot;camera&quot;:&quot;&quot;,&quot;caption&quot;:&quot;&quot;,&quot;created_timestamp&quot;:&quot;1466437801&quot;,&quot;copyright&quot;:&quot;&quot;,&quot;focal_length&quot;:&quot;0&quot;,&quot;iso&quot;:&quot;0&quot;,&quot;shutter_speed&quot;:&quot;0&quot;,&quot;title&quot;:&quot;&quot;,&quot;orientation&quot;:&quot;0&quot;}\" data-image-title=\"Captura de pantalla 2016-06-20 a las 17.49.53.png\" data-image-description=\"\" data-image-caption=\"\" data-large-file=\"https:\/\/i0.wp.com\/www.decintivillalon.com\/wp-content\/uploads\/2015\/03\/Captura-de-pantalla-2016-06-20-a-las-17.49.53.png.jpg?fit=814%2C813&amp;ssl=1\" class=\"alignnone size-full wp-image-6207\" src=\"https:\/\/i0.wp.com\/www.decintivillalon.com\/wp-content\/uploads\/2015\/03\/Captura-de-pantalla-2016-06-20-a-las-17.49.53.png.jpg?resize=814%2C813\" alt=\"Captura de pantalla 2016-06-20 a las 17.49.53.png\" width=\"814\" height=\"813\" srcset=\"https:\/\/i0.wp.com\/www.decintivillalon.com\/wp-content\/uploads\/2015\/03\/Captura-de-pantalla-2016-06-20-a-las-17.49.53.png.jpg?w=814&amp;ssl=1 814w, https:\/\/i0.wp.com\/www.decintivillalon.com\/wp-content\/uploads\/2015\/03\/Captura-de-pantalla-2016-06-20-a-las-17.49.53.png.jpg?resize=150%2C150&amp;ssl=1 150w, https:\/\/i0.wp.com\/www.decintivillalon.com\/wp-content\/uploads\/2015\/03\/Captura-de-pantalla-2016-06-20-a-las-17.49.53.png.jpg?resize=300%2C300&amp;ssl=1 300w, https:\/\/i0.wp.com\/www.decintivillalon.com\/wp-content\/uploads\/2015\/03\/Captura-de-pantalla-2016-06-20-a-las-17.49.53.png.jpg?resize=768%2C767&amp;ssl=1 768w\" sizes=\"auto, (max-width: 814px) 100vw, 814px\" \/><\/a><\/p>\n<h3>Alojamiento entre particulares<\/h3>\n<p><a href=\"http:\/\/www.airbnb.es\" rel=\"attachment wp-att-6208\"><img data-recalc-dims=\"1\" loading=\"lazy\" decoding=\"async\" data-attachment-id=\"6208\" data-permalink=\"https:\/\/www.decintivillalon.com\/en\/visitar-madrid\/captura-de-pantalla-2016-06-20-a-las-17-50-43-png\/\" data-orig-file=\"https:\/\/i0.wp.com\/www.decintivillalon.com\/wp-content\/uploads\/2015\/03\/Captura-de-pantalla-2016-06-20-a-las-17.50.43.png.jpg?fit=948%2C948&amp;ssl=1\" data-orig-size=\"948,948\" data-comments-opened=\"1\" data-image-meta=\"{&quot;aperture&quot;:&quot;0&quot;,&quot;credit&quot;:&quot;Picasa&quot;,&quot;camera&quot;:&quot;&quot;,&quot;caption&quot;:&quot;&quot;,&quot;created_timestamp&quot;:&quot;1466437850&quot;,&quot;copyright&quot;:&quot;&quot;,&quot;focal_length&quot;:&quot;0&quot;,&quot;iso&quot;:&quot;0&quot;,&quot;shutter_speed&quot;:&quot;0&quot;,&quot;title&quot;:&quot;&quot;,&quot;orientation&quot;:&quot;0&quot;}\" data-image-title=\"Captura de pantalla 2016-06-20 a las 17.50.43.png\" data-image-description=\"\" data-image-caption=\"\" data-large-file=\"https:\/\/i0.wp.com\/www.decintivillalon.com\/wp-content\/uploads\/2015\/03\/Captura-de-pantalla-2016-06-20-a-las-17.50.43.png.jpg?fit=948%2C948&amp;ssl=1\" class=\"alignnone size-full wp-image-6208\" src=\"https:\/\/i0.wp.com\/www.decintivillalon.com\/wp-content\/uploads\/2015\/03\/Captura-de-pantalla-2016-06-20-a-las-17.50.43.png.jpg?resize=948%2C948\" alt=\"Captura de pantalla 2016-06-20 a las 17.50.43.png\" width=\"948\" height=\"948\" srcset=\"https:\/\/i0.wp.com\/www.decintivillalon.com\/wp-content\/uploads\/2015\/03\/Captura-de-pantalla-2016-06-20-a-las-17.50.43.png.jpg?w=948&amp;ssl=1 948w, https:\/\/i0.wp.com\/www.decintivillalon.com\/wp-content\/uploads\/2015\/03\/Captura-de-pantalla-2016-06-20-a-las-17.50.43.png.jpg?resize=150%2C150&amp;ssl=1 150w, https:\/\/i0.wp.com\/www.decintivillalon.com\/wp-content\/uploads\/2015\/03\/Captura-de-pantalla-2016-06-20-a-las-17.50.43.png.jpg?resize=300%2C300&amp;ssl=1 300w, https:\/\/i0.wp.com\/www.decintivillalon.com\/wp-content\/uploads\/2015\/03\/Captura-de-pantalla-2016-06-20-a-las-17.50.43.png.jpg?resize=768%2C768&amp;ssl=1 768w\" sizes=\"auto, (max-width: 948px) 100vw, 948px\" \/><\/a>","protected":false},"excerpt":{"rendered":"<p>Index &gt; Academy in Madrid &gt; Visiting Madrid |\u00a0 Visiting Madrid\u00a0 |\u00a0 Courses\u00a0 |\u00a0 About us\u00a0 |\u00a0 Timetables &amp; Prices\u00a0 |\u00a0 Calendary\u00a0 |\u00a0 FAQ&#8217;s\u00a0 |\u00a0 Regulations\u00a0 |\u00a0 Comissions\u00a0 | &nbsp; Madrid es la capital de Espa\u00f1a y de la Comunidad de Madrid. Tambi\u00e9n conocida como la Villa y Corte, es la tercera o cuarta \u00e1rea [&#8230;]<\/p>\n","protected":false},"author":1,"featured_media":0,"parent":0,"menu_order":7,"comment_status":"open","ping_status":"closed","template":"","meta":{"_acf_changed":false,"footnotes":""},"yst_prominent_words":[643,340,1694,640,338,334,1697,1696,641,642,342,329,639,644,336,332,1692,344,1693,1695],"class_list":["post-4467","page","type-page","status-publish","hentry"],"acf":[],"yoast_head":"<!-- This site is optimized with the Yoast SEO Premium plugin v14.1 - https:\/\/yoast.com\/wordpress\/plugins\/seo\/ -->\n<meta name=\"description\" content=\"Conoce a los m\u00e1s grandes genios de la pintura universal\" \/>\n<meta name=\"robots\" content=\"index, follow\" \/>\n<meta name=\"googlebot\" content=\"index, follow, max-snippet:-1, max-image-preview:large, max-video-preview:-1\" \/>\n<meta name=\"bingbot\" content=\"index, follow, max-snippet:-1, max-image-preview:large, max-video-preview:-1\" \/>\n<link rel=\"canonical\" href=\"https:\/\/www.decintivillalon.com\/visitar-madrid\/\" \/>\n<meta property=\"og:locale\" content=\"en_US\" \/>\n<meta property=\"og:type\" content=\"article\" \/>\n<meta property=\"og:title\" content=\"Visita Madrid. Conoce a sus genios de la pintura\" \/>\n<meta property=\"og:description\" content=\"Conoce a los m\u00e1s grandes genios de la pintura universal\" \/>\n<meta property=\"og:url\" content=\"https:\/\/www.decintivillalon.com\/visitar-madrid\/\" \/>\n<meta property=\"og:site_name\" content=\"DeCinti Villal\u00f3n: Academia de Pintura en Madrid D V Madrid, Academia de Pintura de Madrid | \u00d3leo | Acuarela | Dibujo\" \/>\n<meta property=\"article:publisher\" content=\"https:\/\/www.facebook.com\/ADVMadrid\" \/>\n<meta property=\"article:modified_time\" content=\"2019-05-29T08:29:34+00:00\" \/>\n<meta property=\"og:image\" content=\"https:\/\/i1.wp.com\/www.decintivillalon.com\/wp-content\/uploads\/2015\/03\/2-jardininfierno-001.jpg?resize=150%2C150&#038;ssl=1\" \/>\n<script type=\"application\/ld+json\" class=\"yoast-schema-graph\">{\"@context\":\"https:\/\/schema.org\",\"@graph\":[{\"@type\":\"Organization\",\"@id\":\"https:\/\/www.decintivillalon.com\/en\/#organization\",\"name\":\"DeCinti & Vilall\\u00f3n S.L.\",\"url\":\"https:\/\/www.decintivillalon.com\/en\/\",\"sameAs\":[\"https:\/\/www.facebook.com\/ADVMadrid\",\"https:\/\/www.youtube.com\/user\/artedv\"],\"logo\":{\"@type\":\"ImageObject\",\"@id\":\"https:\/\/www.decintivillalon.com\/en\/#logo\",\"inLanguage\":\"en-US\",\"url\":\"https:\/\/i0.wp.com\/www.decintivillalon.com\/wp-content\/uploads\/2014\/11\/1-logodv-0011.jpg?fit=80%2C80&ssl=1\",\"width\":80,\"height\":80,\"caption\":\"DeCinti & Vilall\\u00f3n S.L.\"},\"image\":{\"@id\":\"https:\/\/www.decintivillalon.com\/en\/#logo\"}},{\"@type\":\"WebSite\",\"@id\":\"https:\/\/www.decintivillalon.com\/en\/#website\",\"url\":\"https:\/\/www.decintivillalon.com\/en\/\",\"name\":\"DeCinti Villal\\u00f3n: Academia de Pintura en Madrid D V Madrid, Academia de Pintura de Madrid | \\u00d3leo | Acuarela | Dibujo\",\"description\":\"Curso nacional e internacional. Profesores expertos Academia de Pintura Especialistas en \\u00d3leo\",\"publisher\":{\"@id\":\"https:\/\/www.decintivillalon.com\/en\/#organization\"},\"potentialAction\":[{\"@type\":\"SearchAction\",\"target\":\"https:\/\/www.decintivillalon.com\/en\/?s={search_term_string}\",\"query-input\":\"required name=search_term_string\"}],\"inLanguage\":\"en-US\"},{\"@type\":\"ImageObject\",\"@id\":\"https:\/\/www.decintivillalon.com\/visitar-madrid\/#primaryimage\",\"inLanguage\":\"en-US\",\"url\":\"https:\/\/i0.wp.com\/www.decintivillalon.com\/wp-content\/uploads\/2019\/05\/9bbe76de22540cfbe38fbeac44d870ea.jpg?fit=1240%2C1269&ssl=1\",\"width\":1240,\"height\":1269,\"caption\":\"La Gran V\\u00eda 1974-1981. \\u00d3leo sobre tabla de Antonio L\\u00f3pez\"},{\"@type\":\"WebPage\",\"@id\":\"https:\/\/www.decintivillalon.com\/visitar-madrid\/#webpage\",\"url\":\"https:\/\/www.decintivillalon.com\/visitar-madrid\/\",\"name\":\"Visita Madrid. Conoce a sus genios de la pintura\",\"isPartOf\":{\"@id\":\"https:\/\/www.decintivillalon.com\/en\/#website\"},\"primaryImageOfPage\":{\"@id\":\"https:\/\/www.decintivillalon.com\/visitar-madrid\/#primaryimage\"},\"datePublished\":\"2015-03-24T08:06:29+00:00\",\"dateModified\":\"2019-05-29T08:29:34+00:00\",\"description\":\"Conoce a los m\\u00e1s grandes genios de la pintura universal\",\"breadcrumb\":{\"@id\":\"https:\/\/www.decintivillalon.com\/visitar-madrid\/#breadcrumb\"},\"inLanguage\":\"en-US\",\"potentialAction\":[{\"@type\":\"ReadAction\",\"target\":[\"https:\/\/www.decintivillalon.com\/visitar-madrid\/\"]}]},{\"@type\":\"BreadcrumbList\",\"@id\":\"https:\/\/www.decintivillalon.com\/visitar-madrid\/#breadcrumb\",\"itemListElement\":[{\"@type\":\"ListItem\",\"position\":1,\"item\":{\"@type\":\"WebPage\",\"@id\":\"https:\/\/www.decintivillalon.com\/\",\"url\":\"https:\/\/www.decintivillalon.com\/\",\"name\":\"Portada\"}},{\"@type\":\"ListItem\",\"position\":2,\"item\":{\"@type\":\"WebPage\",\"@id\":\"https:\/\/www.decintivillalon.com\/visitar-madrid\/\",\"url\":\"https:\/\/www.decintivillalon.com\/visitar-madrid\/\",\"name\":\"Visitar Madrid\"}}]}]}<\/script>\n<!-- \/ Yoast SEO Premium plugin. -->","jetpack_shortlink":"https:\/\/wp.me\/P3Hbis-1a3","jetpack_sharing_enabled":false,"_links":{"self":[{"href":"https:\/\/www.decintivillalon.com\/en\/wp-json\/wp\/v2\/pages\/4467","targetHints":{"allow":["GET"]}}],"collection":[{"href":"https:\/\/www.decintivillalon.com\/en\/wp-json\/wp\/v2\/pages"}],"about":[{"href":"https:\/\/www.decintivillalon.com\/en\/wp-json\/wp\/v2\/types\/page"}],"author":[{"embeddable":true,"href":"https:\/\/www.decintivillalon.com\/en\/wp-json\/wp\/v2\/users\/1"}],"replies":[{"embeddable":true,"href":"https:\/\/www.decintivillalon.com\/en\/wp-json\/wp\/v2\/comments?post=4467"}],"version-history":[{"count":0,"href":"https:\/\/www.decintivillalon.com\/en\/wp-json\/wp\/v2\/pages\/4467\/revisions"}],"wp:attachment":[{"href":"https:\/\/www.decintivillalon.com\/en\/wp-json\/wp\/v2\/media?parent=4467"}],"wp:term":[{"taxonomy":"yst_prominent_words","embeddable":true,"href":"https:\/\/www.decintivillalon.com\/en\/wp-json\/wp\/v2\/yst_prominent_words?post=4467"}],"curies":[{"name":"wp","href":"https:\/\/api.w.org\/{rel}","templated":true}]}}