{"id":10,"date":"2012-01-07T20:46:00","date_gmt":"2012-01-07T20:46:00","guid":{"rendered":"http:\/\/www.decintivillalon.com\/cmsprueba\/?page_id=10"},"modified":"2019-05-27T08:16:34","modified_gmt":"2019-05-27T08:16:34","slug":"decinti-vive","status":"publish","type":"page","link":"https:\/\/www.decintivillalon.com\/en\/decinti-vive\/","title":{"rendered":"DeCinti Vive!"},"content":{"rendered":"<p><\/p>\n<h2>Alejandro DeCinti<\/h2>\n<p><a href=\"http:\/\/www.decinti.com\/\" target=\"_blank\">www.decinti.com<\/a><\/p>\n<h1><\/h1>\n<h1><\/h1>\n<p><img data-recalc-dims=\"1\" loading=\"lazy\" decoding=\"async\" data-attachment-id=\"3235\" data-permalink=\"https:\/\/www.decintivillalon.com\/en\/decinti-vive\/biografia-y-exposiciones\/decinti\/\" data-orig-file=\"https:\/\/i0.wp.com\/www.decintivillalon.com\/wp-content\/uploads\/2012\/01\/decinti.jpg?fit=371%2C493&amp;ssl=1\" data-orig-size=\"371,493\" data-comments-opened=\"1\" data-image-meta=\"{&quot;aperture&quot;:&quot;2.3&quot;,&quot;credit&quot;:&quot;Picasa 2.7&quot;,&quot;camera&quot;:&quot;C5050Z&quot;,&quot;caption&quot;:&quot;&quot;,&quot;created_timestamp&quot;:&quot;&quot;,&quot;copyright&quot;:&quot;&quot;,&quot;focal_length&quot;:&quot;13.8&quot;,&quot;iso&quot;:&quot;125&quot;,&quot;shutter_speed&quot;:&quot;0.1&quot;,&quot;title&quot;:&quot;&quot;}\" data-image-title=\"decinti\" data-image-description=\"&lt;p&gt;Foto: 2008 \u00a9DeCinti Vive!&lt;\/p&gt;\n\" data-image-caption=\"&lt;p&gt;Foto: 2008 \u00a9DeCinti Vive!&lt;\/p&gt;\n\" data-large-file=\"https:\/\/i0.wp.com\/www.decintivillalon.com\/wp-content\/uploads\/2012\/01\/decinti.jpg?fit=371%2C493&amp;ssl=1\" class=\"alignleft wp-image-3235 \" src=\"https:\/\/i0.wp.com\/www.decintivillalon.com\/wp-content\/uploads\/2012\/01\/decinti-225x300.jpg?resize=164%2C219\" alt=\"decinti\" width=\"164\" height=\"219\" srcset=\"https:\/\/i0.wp.com\/www.decintivillalon.com\/wp-content\/uploads\/2012\/01\/decinti.jpg?resize=225%2C300&amp;ssl=1 225w, https:\/\/i0.wp.com\/www.decintivillalon.com\/wp-content\/uploads\/2012\/01\/decinti.jpg?w=371&amp;ssl=1 371w\" sizes=\"auto, (max-width: 164px) 100vw, 164px\" \/>Pintor chileno-italiano, Licenciado en Bellas Artes Universidad de Chile, radicado en Espa\u00f1a desde 2002.\u00a0Distinguido con la Beca Excelencia Acad\u00e9mica proceso de admisi\u00f3n 1991 a las universidades chilenas. Primer premio concurso Arte en Vivo en 1994 y la beca de posgrado Fundaci\u00f3n Arte y Autores Contempor\u00e1neos en\u00a02002.\u00a0Fundador en Madrid del proyecto art\u00edstico\u00a0<a href=\"http:\/\/www.artedv.com\/\" target=\"_blank\"><strong>Decinti&amp;Villal\u00f3n<\/strong><\/a>\u00a0en 2004, junto al artista chileno-espa\u00f1ol\u00a0<a href=\"http:\/\/www.oscarvillalon.com\/\" target=\"_blank\"><strong>Oscar Villal\u00f3n<\/strong><\/a>. Desde 2009 es colaborador y promotor del proyecto<strong><a title=\"Ramirez M\u00e1ro Institut | Galerie | Akademie\" href=\"http:\/\/institut.ramirezmaro.org\" target=\"_blank\"> Ram\u00edrez M\u00e1ro Institute<\/a><\/strong> junto al artista alem\u00e1n\u00a0<strong><a href=\"http:\/\/www.rafaelramirez.eu\/\" target=\"_blank\">Rafael Ram\u00edrez M\u00e1ro<\/a><\/strong> donde desarrolla intensamente un trabajo de revalorizaci\u00f3n del arte de la pintura ocidental tradicional.<\/p>\n<h1><\/h1>\n<h1><\/h1>\n<h1><\/h1>\n<p>Foto:\u00a02008 \u00a9DeCinti Vive!<br \/>\n\n\t\t<style type=\"text\/css\">\n\t\t\t#gallery-3 {\n\t\t\t\tmargin: auto;\n\t\t\t}\n\t\t\t#gallery-3 .gallery-item {\n\t\t\t\tfloat: left;\n\t\t\t\tmargin-top: 10px;\n\t\t\t\ttext-align: center;\n\t\t\t\twidth: 33%;\n\t\t\t}\n\t\t\t#gallery-3 img {\n\t\t\t\tborder: 2px solid #cfcfcf;\n\t\t\t}\n\t\t\t#gallery-3 .gallery-caption {\n\t\t\t\tmargin-left: 0;\n\t\t\t}\n\t\t\t\/* see gallery_shortcode() in wp-includes\/media.php *\/\n\t\t<\/style>\n\t\t<div data-carousel-extra='{&quot;blog_id&quot;:1,&quot;permalink&quot;:&quot;https:\/\/www.decintivillalon.com\/en\/decinti-vive\/&quot;}' id='gallery-3' class='gallery galleryid-10 gallery-columns-3 gallery-size-thumbnail'><dl class='gallery-item'>\n\t\t\t<dt class='gallery-icon portrait'>\n\t\t\t\t<a href='https:\/\/www.decintivillalon.com\/en\/decinti-vive\/p1171848\/'><img loading=\"lazy\" decoding=\"async\" width=\"150\" height=\"150\" src=\"https:\/\/i0.wp.com\/www.decintivillalon.com\/wp-content\/uploads\/2012\/01\/p1171848.jpg?resize=150%2C150&amp;ssl=1\" class=\"attachment-thumbnail size-thumbnail\" alt=\"\" srcset=\"https:\/\/i0.wp.com\/www.decintivillalon.com\/wp-content\/uploads\/2012\/01\/p1171848.jpg?resize=150%2C150&amp;ssl=1 150w, https:\/\/i0.wp.com\/www.decintivillalon.com\/wp-content\/uploads\/2012\/01\/p1171848.jpg?zoom=2&amp;resize=150%2C150&amp;ssl=1 300w, https:\/\/i0.wp.com\/www.decintivillalon.com\/wp-content\/uploads\/2012\/01\/p1171848.jpg?zoom=3&amp;resize=150%2C150&amp;ssl=1 450w\" sizes=\"auto, (max-width: 150px) 100vw, 150px\" data-attachment-id=\"336\" data-permalink=\"https:\/\/www.decintivillalon.com\/en\/decinti-vive\/p1171848\/\" data-orig-file=\"https:\/\/i0.wp.com\/www.decintivillalon.com\/wp-content\/uploads\/2012\/01\/p1171848.jpg?fit=593%2C1024&amp;ssl=1\" data-orig-size=\"593,1024\" data-comments-opened=\"1\" data-image-meta=\"{&quot;aperture&quot;:&quot;0&quot;,&quot;credit&quot;:&quot;&quot;,&quot;camera&quot;:&quot;&quot;,&quot;caption&quot;:&quot;&quot;,&quot;created_timestamp&quot;:&quot;0&quot;,&quot;copyright&quot;:&quot;&quot;,&quot;focal_length&quot;:&quot;0&quot;,&quot;iso&quot;:&quot;0&quot;,&quot;shutter_speed&quot;:&quot;0&quot;,&quot;title&quot;:&quot;&quot;}\" data-image-title=\"p1171848\" data-image-description=\"\" data-image-caption=\"\" data-large-file=\"https:\/\/i0.wp.com\/www.decintivillalon.com\/wp-content\/uploads\/2012\/01\/p1171848.jpg?fit=593%2C1024&amp;ssl=1\" \/><\/a>\n\t\t\t<\/dt><\/dl><dl class='gallery-item'>\n\t\t\t<dt class='gallery-icon portrait'>\n\t\t\t\t<a href='https:\/\/www.decintivillalon.com\/en\/decinti-vive\/p1171856\/'><img loading=\"lazy\" decoding=\"async\" width=\"150\" height=\"150\" src=\"https:\/\/i0.wp.com\/www.decintivillalon.com\/wp-content\/uploads\/2012\/01\/p1171856.jpg?resize=150%2C150&amp;ssl=1\" class=\"attachment-thumbnail size-thumbnail\" alt=\"\" srcset=\"https:\/\/i0.wp.com\/www.decintivillalon.com\/wp-content\/uploads\/2012\/01\/p1171856.jpg?resize=150%2C150&amp;ssl=1 150w, https:\/\/i0.wp.com\/www.decintivillalon.com\/wp-content\/uploads\/2012\/01\/p1171856.jpg?zoom=2&amp;resize=150%2C150&amp;ssl=1 300w, https:\/\/i0.wp.com\/www.decintivillalon.com\/wp-content\/uploads\/2012\/01\/p1171856.jpg?zoom=3&amp;resize=150%2C150&amp;ssl=1 450w\" sizes=\"auto, (max-width: 150px) 100vw, 150px\" data-attachment-id=\"339\" data-permalink=\"https:\/\/www.decintivillalon.com\/en\/decinti-vive\/p1171856\/\" data-orig-file=\"https:\/\/i0.wp.com\/www.decintivillalon.com\/wp-content\/uploads\/2012\/01\/p1171856.jpg?fit=577%2C1024&amp;ssl=1\" data-orig-size=\"577,1024\" data-comments-opened=\"1\" data-image-meta=\"{&quot;aperture&quot;:&quot;0&quot;,&quot;credit&quot;:&quot;&quot;,&quot;camera&quot;:&quot;&quot;,&quot;caption&quot;:&quot;&quot;,&quot;created_timestamp&quot;:&quot;0&quot;,&quot;copyright&quot;:&quot;&quot;,&quot;focal_length&quot;:&quot;0&quot;,&quot;iso&quot;:&quot;0&quot;,&quot;shutter_speed&quot;:&quot;0&quot;,&quot;title&quot;:&quot;&quot;}\" data-image-title=\"p1171856\" data-image-description=\"\" data-image-caption=\"\" data-large-file=\"https:\/\/i0.wp.com\/www.decintivillalon.com\/wp-content\/uploads\/2012\/01\/p1171856.jpg?fit=577%2C1024&amp;ssl=1\" \/><\/a>\n\t\t\t<\/dt><\/dl><dl class='gallery-item'>\n\t\t\t<dt class='gallery-icon portrait'>\n\t\t\t\t<a href='https:\/\/www.decintivillalon.com\/en\/decinti-vive\/p1171858\/'><img loading=\"lazy\" decoding=\"async\" width=\"150\" height=\"150\" src=\"https:\/\/i0.wp.com\/www.decintivillalon.com\/wp-content\/uploads\/2012\/01\/p1171858.jpg?resize=150%2C150&amp;ssl=1\" class=\"attachment-thumbnail size-thumbnail\" alt=\"\" srcset=\"https:\/\/i0.wp.com\/www.decintivillalon.com\/wp-content\/uploads\/2012\/01\/p1171858.jpg?resize=150%2C150&amp;ssl=1 150w, https:\/\/i0.wp.com\/www.decintivillalon.com\/wp-content\/uploads\/2012\/01\/p1171858.jpg?zoom=2&amp;resize=150%2C150&amp;ssl=1 300w, https:\/\/i0.wp.com\/www.decintivillalon.com\/wp-content\/uploads\/2012\/01\/p1171858.jpg?zoom=3&amp;resize=150%2C150&amp;ssl=1 450w\" sizes=\"auto, (max-width: 150px) 100vw, 150px\" data-attachment-id=\"340\" data-permalink=\"https:\/\/www.decintivillalon.com\/en\/decinti-vive\/p1171858\/\" data-orig-file=\"https:\/\/i0.wp.com\/www.decintivillalon.com\/wp-content\/uploads\/2012\/01\/p1171858.jpg?fit=575%2C1024&amp;ssl=1\" data-orig-size=\"575,1024\" data-comments-opened=\"1\" data-image-meta=\"{&quot;aperture&quot;:&quot;0&quot;,&quot;credit&quot;:&quot;&quot;,&quot;camera&quot;:&quot;&quot;,&quot;caption&quot;:&quot;&quot;,&quot;created_timestamp&quot;:&quot;0&quot;,&quot;copyright&quot;:&quot;&quot;,&quot;focal_length&quot;:&quot;0&quot;,&quot;iso&quot;:&quot;0&quot;,&quot;shutter_speed&quot;:&quot;0&quot;,&quot;title&quot;:&quot;&quot;}\" data-image-title=\"p1171858\" data-image-description=\"\" data-image-caption=\"\" data-large-file=\"https:\/\/i0.wp.com\/www.decintivillalon.com\/wp-content\/uploads\/2012\/01\/p1171858.jpg?fit=575%2C1024&amp;ssl=1\" \/><\/a>\n\t\t\t<\/dt><\/dl><br style=\"clear: both\" \/><dl class='gallery-item'>\n\t\t\t<dt class='gallery-icon portrait'>\n\t\t\t\t<a href='https:\/\/www.decintivillalon.com\/en\/decinti-vive\/p1171859\/'><img loading=\"lazy\" decoding=\"async\" width=\"150\" height=\"150\" src=\"https:\/\/i0.wp.com\/www.decintivillalon.com\/wp-content\/uploads\/2012\/01\/p1171859.jpg?resize=150%2C150&amp;ssl=1\" class=\"attachment-thumbnail size-thumbnail\" alt=\"\" srcset=\"https:\/\/i0.wp.com\/www.decintivillalon.com\/wp-content\/uploads\/2012\/01\/p1171859.jpg?resize=150%2C150&amp;ssl=1 150w, https:\/\/i0.wp.com\/www.decintivillalon.com\/wp-content\/uploads\/2012\/01\/p1171859.jpg?zoom=2&amp;resize=150%2C150&amp;ssl=1 300w\" sizes=\"auto, (max-width: 150px) 100vw, 150px\" data-attachment-id=\"341\" data-permalink=\"https:\/\/www.decintivillalon.com\/en\/decinti-vive\/p1171859\/\" data-orig-file=\"https:\/\/i0.wp.com\/www.decintivillalon.com\/wp-content\/uploads\/2012\/01\/p1171859.jpg?fit=306%2C1024&amp;ssl=1\" data-orig-size=\"306,1024\" data-comments-opened=\"1\" data-image-meta=\"{&quot;aperture&quot;:&quot;0&quot;,&quot;credit&quot;:&quot;&quot;,&quot;camera&quot;:&quot;&quot;,&quot;caption&quot;:&quot;&quot;,&quot;created_timestamp&quot;:&quot;0&quot;,&quot;copyright&quot;:&quot;&quot;,&quot;focal_length&quot;:&quot;0&quot;,&quot;iso&quot;:&quot;0&quot;,&quot;shutter_speed&quot;:&quot;0&quot;,&quot;title&quot;:&quot;&quot;}\" data-image-title=\"p1171859\" data-image-description=\"\" data-image-caption=\"\" data-large-file=\"https:\/\/i0.wp.com\/www.decintivillalon.com\/wp-content\/uploads\/2012\/01\/p1171859.jpg?fit=306%2C1024&amp;ssl=1\" \/><\/a>\n\t\t\t<\/dt><\/dl><dl class='gallery-item'>\n\t\t\t<dt class='gallery-icon portrait'>\n\t\t\t\t<a href='https:\/\/www.decintivillalon.com\/en\/decinti-vive\/attachment\/3\/'><img loading=\"lazy\" decoding=\"async\" width=\"150\" height=\"150\" src=\"https:\/\/i0.wp.com\/www.decintivillalon.com\/wp-content\/uploads\/2012\/01\/31.jpg?resize=150%2C150&amp;ssl=1\" class=\"attachment-thumbnail size-thumbnail\" alt=\"\" srcset=\"https:\/\/i0.wp.com\/www.decintivillalon.com\/wp-content\/uploads\/2012\/01\/31.jpg?resize=150%2C150&amp;ssl=1 150w, https:\/\/i0.wp.com\/www.decintivillalon.com\/wp-content\/uploads\/2012\/01\/31.jpg?zoom=2&amp;resize=150%2C150&amp;ssl=1 300w, https:\/\/i0.wp.com\/www.decintivillalon.com\/wp-content\/uploads\/2012\/01\/31.jpg?zoom=3&amp;resize=150%2C150&amp;ssl=1 450w\" sizes=\"auto, (max-width: 150px) 100vw, 150px\" data-attachment-id=\"314\" data-permalink=\"https:\/\/www.decintivillalon.com\/en\/decinti-vive\/attachment\/3\/\" data-orig-file=\"https:\/\/i0.wp.com\/www.decintivillalon.com\/wp-content\/uploads\/2012\/01\/31.jpg?fit=559%2C1024&amp;ssl=1\" data-orig-size=\"559,1024\" data-comments-opened=\"1\" data-image-meta=\"{&quot;aperture&quot;:&quot;0&quot;,&quot;credit&quot;:&quot;Picasa 2.6&quot;,&quot;camera&quot;:&quot;&quot;,&quot;caption&quot;:&quot;&quot;,&quot;created_timestamp&quot;:&quot;0&quot;,&quot;copyright&quot;:&quot;&quot;,&quot;focal_length&quot;:&quot;0&quot;,&quot;iso&quot;:&quot;0&quot;,&quot;shutter_speed&quot;:&quot;0&quot;,&quot;title&quot;:&quot;&quot;}\" data-image-title=\"3\" data-image-description=\"\" data-image-caption=\"\" data-large-file=\"https:\/\/i0.wp.com\/www.decintivillalon.com\/wp-content\/uploads\/2012\/01\/31.jpg?fit=559%2C1024&amp;ssl=1\" \/><\/a>\n\t\t\t<\/dt><\/dl><dl class='gallery-item'>\n\t\t\t<dt class='gallery-icon landscape'>\n\t\t\t\t<a href='https:\/\/www.decintivillalon.com\/en\/decinti-vive\/attachment\/1\/'><img loading=\"lazy\" decoding=\"async\" width=\"150\" height=\"150\" src=\"https:\/\/i0.wp.com\/www.decintivillalon.com\/wp-content\/uploads\/2012\/01\/11.jpg?resize=150%2C150&amp;ssl=1\" class=\"attachment-thumbnail size-thumbnail\" alt=\"\" srcset=\"https:\/\/i0.wp.com\/www.decintivillalon.com\/wp-content\/uploads\/2012\/01\/11.jpg?resize=150%2C150&amp;ssl=1 150w, https:\/\/i0.wp.com\/www.decintivillalon.com\/wp-content\/uploads\/2012\/01\/11.jpg?zoom=2&amp;resize=150%2C150&amp;ssl=1 300w, https:\/\/i0.wp.com\/www.decintivillalon.com\/wp-content\/uploads\/2012\/01\/11.jpg?zoom=3&amp;resize=150%2C150&amp;ssl=1 450w\" sizes=\"auto, (max-width: 150px) 100vw, 150px\" data-attachment-id=\"312\" data-permalink=\"https:\/\/www.decintivillalon.com\/en\/decinti-vive\/attachment\/1\/\" data-orig-file=\"https:\/\/i0.wp.com\/www.decintivillalon.com\/wp-content\/uploads\/2012\/01\/11.jpg?fit=1024%2C808&amp;ssl=1\" data-orig-size=\"1024,808\" data-comments-opened=\"1\" data-image-meta=\"{&quot;aperture&quot;:&quot;0&quot;,&quot;credit&quot;:&quot;Picasa 2.6&quot;,&quot;camera&quot;:&quot;&quot;,&quot;caption&quot;:&quot;&quot;,&quot;created_timestamp&quot;:&quot;0&quot;,&quot;copyright&quot;:&quot;&quot;,&quot;focal_length&quot;:&quot;0&quot;,&quot;iso&quot;:&quot;0&quot;,&quot;shutter_speed&quot;:&quot;0&quot;,&quot;title&quot;:&quot;&quot;}\" data-image-title=\"1\" data-image-description=\"\" data-image-caption=\"\" data-large-file=\"https:\/\/i0.wp.com\/www.decintivillalon.com\/wp-content\/uploads\/2012\/01\/11.jpg?fit=1024%2C808&amp;ssl=1\" \/><\/a>\n\t\t\t<\/dt><\/dl><br style=\"clear: both\" \/><dl class='gallery-item'>\n\t\t\t<dt class='gallery-icon landscape'>\n\t\t\t\t<a href='https:\/\/www.decintivillalon.com\/en\/decinti-vive\/olympus-digital-camera-5\/'><img loading=\"lazy\" decoding=\"async\" width=\"150\" height=\"150\" src=\"https:\/\/i0.wp.com\/www.decintivillalon.com\/wp-content\/uploads\/2012\/01\/19.jpg?resize=150%2C150&amp;ssl=1\" class=\"attachment-thumbnail size-thumbnail\" alt=\"\" srcset=\"https:\/\/i0.wp.com\/www.decintivillalon.com\/wp-content\/uploads\/2012\/01\/19.jpg?resize=150%2C150&amp;ssl=1 150w, https:\/\/i0.wp.com\/www.decintivillalon.com\/wp-content\/uploads\/2012\/01\/19.jpg?zoom=2&amp;resize=150%2C150&amp;ssl=1 300w, https:\/\/i0.wp.com\/www.decintivillalon.com\/wp-content\/uploads\/2012\/01\/19.jpg?zoom=3&amp;resize=150%2C150&amp;ssl=1 450w\" sizes=\"auto, (max-width: 150px) 100vw, 150px\" data-attachment-id=\"326\" data-permalink=\"https:\/\/www.decintivillalon.com\/en\/decinti-vive\/olympus-digital-camera-5\/\" data-orig-file=\"https:\/\/i0.wp.com\/www.decintivillalon.com\/wp-content\/uploads\/2012\/01\/19.jpg?fit=1024%2C613&amp;ssl=1\" data-orig-size=\"1024,613\" data-comments-opened=\"1\" data-image-meta=\"{&quot;aperture&quot;:&quot;2.6&quot;,&quot;credit&quot;:&quot;&quot;,&quot;camera&quot;:&quot;C5050Z&quot;,&quot;caption&quot;:&quot;&quot;,&quot;created_timestamp&quot;:&quot;-62169984000&quot;,&quot;copyright&quot;:&quot;&quot;,&quot;focal_length&quot;:&quot;21.3&quot;,&quot;iso&quot;:&quot;64&quot;,&quot;shutter_speed&quot;:&quot;0.01&quot;,&quot;title&quot;:&quot;OLYMPUS DIGITAL CAMERA&quot;}\" data-image-title=\"OLYMPUS DIGITAL CAMERA\" data-image-description=\"\" data-image-caption=\"\" data-large-file=\"https:\/\/i0.wp.com\/www.decintivillalon.com\/wp-content\/uploads\/2012\/01\/19.jpg?fit=1024%2C613&amp;ssl=1\" \/><\/a>\n\t\t\t<\/dt><\/dl><dl class='gallery-item'>\n\t\t\t<dt class='gallery-icon portrait'>\n\t\t\t\t<a href='https:\/\/www.decintivillalon.com\/en\/decinti-vive\/attachment\/11\/'><img loading=\"lazy\" decoding=\"async\" width=\"150\" height=\"150\" src=\"https:\/\/i0.wp.com\/www.decintivillalon.com\/wp-content\/uploads\/2012\/01\/112.jpg?resize=150%2C150&amp;ssl=1\" class=\"attachment-thumbnail size-thumbnail\" alt=\"\" srcset=\"https:\/\/i0.wp.com\/www.decintivillalon.com\/wp-content\/uploads\/2012\/01\/112.jpg?resize=150%2C150&amp;ssl=1 150w, https:\/\/i0.wp.com\/www.decintivillalon.com\/wp-content\/uploads\/2012\/01\/112.jpg?zoom=2&amp;resize=150%2C150&amp;ssl=1 300w\" sizes=\"auto, (max-width: 150px) 100vw, 150px\" data-attachment-id=\"322\" data-permalink=\"https:\/\/www.decintivillalon.com\/en\/decinti-vive\/attachment\/11\/\" data-orig-file=\"https:\/\/i0.wp.com\/www.decintivillalon.com\/wp-content\/uploads\/2012\/01\/112.jpg?fit=329%2C1024&amp;ssl=1\" data-orig-size=\"329,1024\" data-comments-opened=\"1\" data-image-meta=\"{&quot;aperture&quot;:&quot;0&quot;,&quot;credit&quot;:&quot;Picasa 2.6&quot;,&quot;camera&quot;:&quot;&quot;,&quot;caption&quot;:&quot;&quot;,&quot;created_timestamp&quot;:&quot;0&quot;,&quot;copyright&quot;:&quot;&quot;,&quot;focal_length&quot;:&quot;0&quot;,&quot;iso&quot;:&quot;0&quot;,&quot;shutter_speed&quot;:&quot;0&quot;,&quot;title&quot;:&quot;&quot;}\" data-image-title=\"11\" data-image-description=\"\" data-image-caption=\"\" data-large-file=\"https:\/\/i0.wp.com\/www.decintivillalon.com\/wp-content\/uploads\/2012\/01\/112.jpg?fit=329%2C1024&amp;ssl=1\" \/><\/a>\n\t\t\t<\/dt><\/dl><dl class='gallery-item'>\n\t\t\t<dt class='gallery-icon portrait'>\n\t\t\t\t<a href='https:\/\/www.decintivillalon.com\/en\/decinti-vive\/attachment\/6\/'><img loading=\"lazy\" decoding=\"async\" width=\"150\" height=\"150\" src=\"https:\/\/i0.wp.com\/www.decintivillalon.com\/wp-content\/uploads\/2012\/01\/61.jpg?resize=150%2C150&amp;ssl=1\" class=\"attachment-thumbnail size-thumbnail\" alt=\"\" srcset=\"https:\/\/i0.wp.com\/www.decintivillalon.com\/wp-content\/uploads\/2012\/01\/61.jpg?resize=150%2C150&amp;ssl=1 150w, https:\/\/i0.wp.com\/www.decintivillalon.com\/wp-content\/uploads\/2012\/01\/61.jpg?zoom=2&amp;resize=150%2C150&amp;ssl=1 300w\" sizes=\"auto, (max-width: 150px) 100vw, 150px\" data-attachment-id=\"317\" data-permalink=\"https:\/\/www.decintivillalon.com\/en\/decinti-vive\/attachment\/6\/\" data-orig-file=\"https:\/\/i0.wp.com\/www.decintivillalon.com\/wp-content\/uploads\/2012\/01\/61.jpg?fit=397%2C1024&amp;ssl=1\" data-orig-size=\"397,1024\" data-comments-opened=\"1\" data-image-meta=\"{&quot;aperture&quot;:&quot;0&quot;,&quot;credit&quot;:&quot;Picasa 2.6&quot;,&quot;camera&quot;:&quot;&quot;,&quot;caption&quot;:&quot;&quot;,&quot;created_timestamp&quot;:&quot;0&quot;,&quot;copyright&quot;:&quot;&quot;,&quot;focal_length&quot;:&quot;0&quot;,&quot;iso&quot;:&quot;0&quot;,&quot;shutter_speed&quot;:&quot;0&quot;,&quot;title&quot;:&quot;&quot;}\" data-image-title=\"6\" data-image-description=\"\" data-image-caption=\"\" data-large-file=\"https:\/\/i0.wp.com\/www.decintivillalon.com\/wp-content\/uploads\/2012\/01\/61.jpg?fit=397%2C1024&amp;ssl=1\" \/><\/a>\n\t\t\t<\/dt><\/dl><br style=\"clear: both\" \/><dl class='gallery-item'>\n\t\t\t<dt class='gallery-icon portrait'>\n\t\t\t\t<a href='https:\/\/www.decintivillalon.com\/en\/decinti-vive\/olympus-digital-camera-8\/'><img loading=\"lazy\" decoding=\"async\" width=\"150\" height=\"150\" src=\"https:\/\/i0.wp.com\/www.decintivillalon.com\/wp-content\/uploads\/2012\/01\/311.jpg?resize=150%2C150&amp;ssl=1\" class=\"attachment-thumbnail size-thumbnail\" alt=\"\" srcset=\"https:\/\/i0.wp.com\/www.decintivillalon.com\/wp-content\/uploads\/2012\/01\/311.jpg?resize=150%2C150&amp;ssl=1 150w, https:\/\/i0.wp.com\/www.decintivillalon.com\/wp-content\/uploads\/2012\/01\/311.jpg?zoom=2&amp;resize=150%2C150&amp;ssl=1 300w, https:\/\/i0.wp.com\/www.decintivillalon.com\/wp-content\/uploads\/2012\/01\/311.jpg?zoom=3&amp;resize=150%2C150&amp;ssl=1 450w\" sizes=\"auto, (max-width: 150px) 100vw, 150px\" data-attachment-id=\"332\" data-permalink=\"https:\/\/www.decintivillalon.com\/en\/decinti-vive\/olympus-digital-camera-8\/\" data-orig-file=\"https:\/\/i0.wp.com\/www.decintivillalon.com\/wp-content\/uploads\/2012\/01\/311.jpg?fit=696%2C1024&amp;ssl=1\" data-orig-size=\"696,1024\" data-comments-opened=\"1\" data-image-meta=\"{&quot;aperture&quot;:&quot;2.6&quot;,&quot;credit&quot;:&quot;&quot;,&quot;camera&quot;:&quot;C5050Z&quot;,&quot;caption&quot;:&quot;&quot;,&quot;created_timestamp&quot;:&quot;-62169984000&quot;,&quot;copyright&quot;:&quot;&quot;,&quot;focal_length&quot;:&quot;21.3&quot;,&quot;iso&quot;:&quot;125&quot;,&quot;shutter_speed&quot;:&quot;0.125&quot;,&quot;title&quot;:&quot;OLYMPUS DIGITAL CAMERA&quot;}\" data-image-title=\"OLYMPUS DIGITAL CAMERA\" data-image-description=\"\" data-image-caption=\"\" data-large-file=\"https:\/\/i0.wp.com\/www.decintivillalon.com\/wp-content\/uploads\/2012\/01\/311.jpg?fit=696%2C1024&amp;ssl=1\" \/><\/a>\n\t\t\t<\/dt><\/dl><dl class='gallery-item'>\n\t\t\t<dt class='gallery-icon portrait'>\n\t\t\t\t<a href='https:\/\/www.decintivillalon.com\/en\/decinti-vive\/olympus-digital-camera-7\/'><img loading=\"lazy\" decoding=\"async\" width=\"150\" height=\"150\" src=\"https:\/\/i0.wp.com\/www.decintivillalon.com\/wp-content\/uploads\/2012\/01\/30.jpg?resize=150%2C150&amp;ssl=1\" class=\"attachment-thumbnail size-thumbnail\" alt=\"\" srcset=\"https:\/\/i0.wp.com\/www.decintivillalon.com\/wp-content\/uploads\/2012\/01\/30.jpg?resize=150%2C150&amp;ssl=1 150w, https:\/\/i0.wp.com\/www.decintivillalon.com\/wp-content\/uploads\/2012\/01\/30.jpg?zoom=2&amp;resize=150%2C150&amp;ssl=1 300w, https:\/\/i0.wp.com\/www.decintivillalon.com\/wp-content\/uploads\/2012\/01\/30.jpg?zoom=3&amp;resize=150%2C150&amp;ssl=1 450w\" sizes=\"auto, (max-width: 150px) 100vw, 150px\" data-attachment-id=\"331\" data-permalink=\"https:\/\/www.decintivillalon.com\/en\/decinti-vive\/olympus-digital-camera-7\/\" data-orig-file=\"https:\/\/i0.wp.com\/www.decintivillalon.com\/wp-content\/uploads\/2012\/01\/30.jpg?fit=661%2C1024&amp;ssl=1\" data-orig-size=\"661,1024\" data-comments-opened=\"1\" data-image-meta=\"{&quot;aperture&quot;:&quot;2.3&quot;,&quot;credit&quot;:&quot;&quot;,&quot;camera&quot;:&quot;C5050Z&quot;,&quot;caption&quot;:&quot;&quot;,&quot;created_timestamp&quot;:&quot;-62169984000&quot;,&quot;copyright&quot;:&quot;&quot;,&quot;focal_length&quot;:&quot;12.8&quot;,&quot;iso&quot;:&quot;125&quot;,&quot;shutter_speed&quot;:&quot;0.1&quot;,&quot;title&quot;:&quot;OLYMPUS DIGITAL CAMERA&quot;}\" data-image-title=\"OLYMPUS DIGITAL CAMERA\" data-image-description=\"\" data-image-caption=\"\" data-large-file=\"https:\/\/i0.wp.com\/www.decintivillalon.com\/wp-content\/uploads\/2012\/01\/30.jpg?fit=661%2C1024&amp;ssl=1\" \/><\/a>\n\t\t\t<\/dt><\/dl><dl class='gallery-item'>\n\t\t\t<dt class='gallery-icon portrait'>\n\t\t\t\t<a href='https:\/\/www.decintivillalon.com\/en\/decinti-vive\/attachment\/27\/'><img loading=\"lazy\" decoding=\"async\" width=\"150\" height=\"150\" src=\"https:\/\/i0.wp.com\/www.decintivillalon.com\/wp-content\/uploads\/2012\/01\/27.jpg?resize=150%2C150&amp;ssl=1\" class=\"attachment-thumbnail size-thumbnail\" alt=\"\" srcset=\"https:\/\/i0.wp.com\/www.decintivillalon.com\/wp-content\/uploads\/2012\/01\/27.jpg?resize=150%2C150&amp;ssl=1 150w, https:\/\/i0.wp.com\/www.decintivillalon.com\/wp-content\/uploads\/2012\/01\/27.jpg?zoom=2&amp;resize=150%2C150&amp;ssl=1 300w, https:\/\/i0.wp.com\/www.decintivillalon.com\/wp-content\/uploads\/2012\/01\/27.jpg?zoom=3&amp;resize=150%2C150&amp;ssl=1 450w\" sizes=\"auto, (max-width: 150px) 100vw, 150px\" data-attachment-id=\"330\" data-permalink=\"https:\/\/www.decintivillalon.com\/en\/decinti-vive\/attachment\/27\/\" data-orig-file=\"https:\/\/i0.wp.com\/www.decintivillalon.com\/wp-content\/uploads\/2012\/01\/27.jpg?fit=808%2C1024&amp;ssl=1\" data-orig-size=\"808,1024\" data-comments-opened=\"1\" data-image-meta=\"{&quot;aperture&quot;:&quot;0&quot;,&quot;credit&quot;:&quot;Picasa 2.6&quot;,&quot;camera&quot;:&quot;&quot;,&quot;caption&quot;:&quot;&quot;,&quot;created_timestamp&quot;:&quot;0&quot;,&quot;copyright&quot;:&quot;&quot;,&quot;focal_length&quot;:&quot;0&quot;,&quot;iso&quot;:&quot;0&quot;,&quot;shutter_speed&quot;:&quot;0&quot;,&quot;title&quot;:&quot;&quot;}\" data-image-title=\"27\" data-image-description=\"\" data-image-caption=\"\" data-large-file=\"https:\/\/i0.wp.com\/www.decintivillalon.com\/wp-content\/uploads\/2012\/01\/27.jpg?fit=808%2C1024&amp;ssl=1\" \/><\/a>\n\t\t\t<\/dt><\/dl><br style=\"clear: both\" \/><dl class='gallery-item'>\n\t\t\t<dt class='gallery-icon landscape'>\n\t\t\t\t<a href='https:\/\/www.decintivillalon.com\/en\/decinti-vive\/attachment\/26\/'><img loading=\"lazy\" decoding=\"async\" width=\"150\" height=\"150\" src=\"https:\/\/i0.wp.com\/www.decintivillalon.com\/wp-content\/uploads\/2012\/01\/26.jpg?resize=150%2C150&amp;ssl=1\" class=\"attachment-thumbnail size-thumbnail\" alt=\"\" srcset=\"https:\/\/i0.wp.com\/www.decintivillalon.com\/wp-content\/uploads\/2012\/01\/26.jpg?resize=150%2C150&amp;ssl=1 150w, https:\/\/i0.wp.com\/www.decintivillalon.com\/wp-content\/uploads\/2012\/01\/26.jpg?zoom=2&amp;resize=150%2C150&amp;ssl=1 300w, https:\/\/i0.wp.com\/www.decintivillalon.com\/wp-content\/uploads\/2012\/01\/26.jpg?zoom=3&amp;resize=150%2C150&amp;ssl=1 450w\" sizes=\"auto, (max-width: 150px) 100vw, 150px\" data-attachment-id=\"329\" data-permalink=\"https:\/\/www.decintivillalon.com\/en\/decinti-vive\/attachment\/26\/\" data-orig-file=\"https:\/\/i0.wp.com\/www.decintivillalon.com\/wp-content\/uploads\/2012\/01\/26.jpg?fit=1024%2C637&amp;ssl=1\" data-orig-size=\"1024,637\" data-comments-opened=\"1\" data-image-meta=\"{&quot;aperture&quot;:&quot;0&quot;,&quot;credit&quot;:&quot;Picasa 2.6&quot;,&quot;camera&quot;:&quot;&quot;,&quot;caption&quot;:&quot;&quot;,&quot;created_timestamp&quot;:&quot;0&quot;,&quot;copyright&quot;:&quot;&quot;,&quot;focal_length&quot;:&quot;0&quot;,&quot;iso&quot;:&quot;0&quot;,&quot;shutter_speed&quot;:&quot;0&quot;,&quot;title&quot;:&quot;&quot;}\" data-image-title=\"26\" data-image-description=\"\" data-image-caption=\"\" data-large-file=\"https:\/\/i0.wp.com\/www.decintivillalon.com\/wp-content\/uploads\/2012\/01\/26.jpg?fit=1024%2C637&amp;ssl=1\" \/><\/a>\n\t\t\t<\/dt><\/dl><dl class='gallery-item'>\n\t\t\t<dt class='gallery-icon portrait'>\n\t\t\t\t<a href='https:\/\/www.decintivillalon.com\/en\/decinti-vive\/attachment\/25\/'><img loading=\"lazy\" decoding=\"async\" width=\"150\" height=\"150\" src=\"https:\/\/i0.wp.com\/www.decintivillalon.com\/wp-content\/uploads\/2012\/01\/25.jpg?resize=150%2C150&amp;ssl=1\" class=\"attachment-thumbnail size-thumbnail\" alt=\"\" srcset=\"https:\/\/i0.wp.com\/www.decintivillalon.com\/wp-content\/uploads\/2012\/01\/25.jpg?resize=150%2C150&amp;ssl=1 150w, https:\/\/i0.wp.com\/www.decintivillalon.com\/wp-content\/uploads\/2012\/01\/25.jpg?zoom=2&amp;resize=150%2C150&amp;ssl=1 300w\" sizes=\"auto, (max-width: 150px) 100vw, 150px\" data-attachment-id=\"328\" data-permalink=\"https:\/\/www.decintivillalon.com\/en\/decinti-vive\/attachment\/25\/\" data-orig-file=\"https:\/\/i0.wp.com\/www.decintivillalon.com\/wp-content\/uploads\/2012\/01\/25.jpg?fit=415%2C1024&amp;ssl=1\" data-orig-size=\"415,1024\" data-comments-opened=\"1\" data-image-meta=\"{&quot;aperture&quot;:&quot;0&quot;,&quot;credit&quot;:&quot;Picasa 2.6&quot;,&quot;camera&quot;:&quot;&quot;,&quot;caption&quot;:&quot;&quot;,&quot;created_timestamp&quot;:&quot;0&quot;,&quot;copyright&quot;:&quot;&quot;,&quot;focal_length&quot;:&quot;0&quot;,&quot;iso&quot;:&quot;0&quot;,&quot;shutter_speed&quot;:&quot;0&quot;,&quot;title&quot;:&quot;&quot;}\" data-image-title=\"25\" data-image-description=\"\" data-image-caption=\"\" data-large-file=\"https:\/\/i0.wp.com\/www.decintivillalon.com\/wp-content\/uploads\/2012\/01\/25.jpg?fit=415%2C1024&amp;ssl=1\" \/><\/a>\n\t\t\t<\/dt><\/dl><dl class='gallery-item'>\n\t\t\t<dt class='gallery-icon landscape'>\n\t\t\t\t<a href='https:\/\/www.decintivillalon.com\/en\/decinti-vive\/olympus-digital-camera-6\/'><img loading=\"lazy\" decoding=\"async\" width=\"150\" height=\"150\" src=\"https:\/\/i0.wp.com\/www.decintivillalon.com\/wp-content\/uploads\/2012\/01\/24.jpg?resize=150%2C150&amp;ssl=1\" class=\"attachment-thumbnail size-thumbnail\" alt=\"\" srcset=\"https:\/\/i0.wp.com\/www.decintivillalon.com\/wp-content\/uploads\/2012\/01\/24.jpg?resize=150%2C150&amp;ssl=1 150w, https:\/\/i0.wp.com\/www.decintivillalon.com\/wp-content\/uploads\/2012\/01\/24.jpg?zoom=2&amp;resize=150%2C150&amp;ssl=1 300w, https:\/\/i0.wp.com\/www.decintivillalon.com\/wp-content\/uploads\/2012\/01\/24.jpg?zoom=3&amp;resize=150%2C150&amp;ssl=1 450w\" sizes=\"auto, (max-width: 150px) 100vw, 150px\" data-attachment-id=\"327\" data-permalink=\"https:\/\/www.decintivillalon.com\/en\/decinti-vive\/olympus-digital-camera-6\/\" data-orig-file=\"https:\/\/i0.wp.com\/www.decintivillalon.com\/wp-content\/uploads\/2012\/01\/24.jpg?fit=1024%2C749&amp;ssl=1\" data-orig-size=\"1024,749\" data-comments-opened=\"1\" data-image-meta=\"{&quot;aperture&quot;:&quot;4&quot;,&quot;credit&quot;:&quot;&quot;,&quot;camera&quot;:&quot;C5050Z&quot;,&quot;caption&quot;:&quot;&quot;,&quot;created_timestamp&quot;:&quot;-62169984000&quot;,&quot;copyright&quot;:&quot;&quot;,&quot;focal_length&quot;:&quot;12.1&quot;,&quot;iso&quot;:&quot;100&quot;,&quot;shutter_speed&quot;:&quot;0.005&quot;,&quot;title&quot;:&quot;OLYMPUS DIGITAL CAMERA&quot;}\" data-image-title=\"OLYMPUS DIGITAL CAMERA\" data-image-description=\"\" data-image-caption=\"\" data-large-file=\"https:\/\/i0.wp.com\/www.decintivillalon.com\/wp-content\/uploads\/2012\/01\/24.jpg?fit=1024%2C749&amp;ssl=1\" \/><\/a>\n\t\t\t<\/dt><\/dl><br style=\"clear: both\" \/>\n\t\t<\/div>\n\n<h3>A la luz de la realidad.  Realismo contempor\u00e1neo en Espa\u00f1a<\/h3>\n<p>del 16 de junio al 23 de septiembre de 2007.<br \/>\nPor primera vez en Alemania desde hace m\u00e1s de un cuarto de siglo (en la parte oriental del pa\u00eds) con esta completa exposici\u00f3n, comenz\u00f3 el intento de presentar en p\u00fablico una de las principales exposiciones del realismo contempor\u00e1neo en Espa\u00f1a, mediante m\u00e1s de 80 obras seleccionadas de las dos \u00faltimas d\u00e9cadas. Fueron presentadas exclusivamente pinturas y un selecto grupo de dibujos de un conjunto de 19 artistas de tres generaciones, \u00a0de Madrid (con la inclusi\u00f3n de Chinch\u00f3n) y Barcelona, como los dos centros m\u00e1s importantes hoy en d\u00eda donde se considera que se encuentran los focos del realismo espa\u00f1ol. Los trabajos individuales completan el grupo de maestros que encarna \u00a0tal vez la m\u00e1s importante escuela de pintores realistas de Europa, una escuela que se considera mientras tanto como hist\u00f3rica: El realismo espa\u00f1ol contempor\u00e1neo.<br \/>\nLo ligado a la tradici\u00f3n caracteriza a este realismo, as\u00ed como el acabado perfecto, tambi\u00e9n el perfecto dominio de los recursos, atm\u00f3sferas densas y el encuentro del humanismo existencial, el cual expresan los cuadros, pero ante todo la m\u00e1s estrecha uni\u00f3n en la visi\u00f3n de la realidad, basada sobre un estudio intensivo de la naturaleza cono base, as\u00ed como en la decisi\u00f3n de la apreciaci\u00f3n de la escala de todos los trabajos de arte, y un decidido y cr\u00edtico reflejo de lo contempor\u00e1neo m\u00e1s all\u00e1 de ret\u00f3rica propagand\u00edstica. En esencia este arte es como capturar un realismo sensual de lo cotidiano, en cuanto al contenido formal.<br \/>\nDe an\u00e1loga modestia son los motivos y temas de estos cuadros: naturaleza muerta, escenas de estudio, interiores, figuras humanas y \u2013sobretodo- lo moldeado por el hombre y en general el desierto paisaje urbano. Toda la narrativa versa sobre la reflexi\u00f3n est\u00e9tica de la observaci\u00f3n retrospectiva. La visi\u00f3n art\u00edstica sublimina lo contemplado, en el color, luz y forma gracias a la fantas\u00eda de los pintores concentrada en una nueva realidad. Ninguna otra regi\u00f3n geogr\u00e1fica ha producido en los \u00faltimos 30 a\u00f1os semejante cantidad, calidad y firmeza en la formaci\u00f3n realista, y en continuaci\u00f3n con su tradici\u00f3n, \u00a0como podr\u00eda tambi\u00e9n afirmarse en Espa\u00f1a.<br \/>\nJunto a todos los principios estil\u00edsticos el acuerdo de este arte es c\u00e1lido igualmente pero tambi\u00e9n se preciben su enorme individualidad y diversidad.<br \/>\nEl objetivo de la presentaci\u00f3n no es por lo tanto lo principal a presentar sobre el realismo espa\u00f1ol de la actualidad, sino al mismo tiempo tambi\u00e9n la particularidad de cada individualidad en el intento de las tradiciones nacionales trabajadas hac\u00eda afuera, as\u00ed como la especial importancia de ese arte que lleva la claridad ante los ojos en la pintura actual.<br \/>\nAmalia Avia, Cristian Avil\u00e9s, DAO (Daniel Aguirre-Aceval), Alejandro Decinti, Carlos D\u00edaz, C\u00e9sar Galicia, Clara Gangutia, Jes\u00fas Ib\u00e1\u00f1ez, Antonio L\u00f3pez, Luis Marsans, Mar\u00eda Moreno, Pedro Moreno Meyerhoff, Guillermo Mu\u00f1oz Vera, Alejandro Quincoces, Isabel Quintanilla, Josep Roca-Sastre, Josep Santilari, Pere Santilari, Julio \u00a0Vaquero.<br \/>\nEl libro que acompa\u00f1a la exposici\u00f3n ofrece una amplia cantidad de im\u00e1genes, informaci\u00f3n biogr\u00e1fica, documentaci\u00f3n detallada y una completa introducci\u00f3n al tema, escrito por Michael Nungesser, un reconocido experto en el arte espa\u00f1ol, especialmente en el campo de la pintura contempor\u00e1nea.<\/p>\n<p><strong>Panorama Museum<\/strong><br \/>\n<a href=\"http:\/\/panorama-museum.de\/ausstellung-reader\/Ausstellung\/im-licht-der-wirklichkeit-zeitgenoessischer-realismus-in-spanien.html\">www.panorama-museum.de<\/a><\/p>\n\n\t\t<style type=\"text\/css\">\n\t\t\t#gallery-4 {\n\t\t\t\tmargin: auto;\n\t\t\t}\n\t\t\t#gallery-4 .gallery-item {\n\t\t\t\tfloat: left;\n\t\t\t\tmargin-top: 10px;\n\t\t\t\ttext-align: center;\n\t\t\t\twidth: 33%;\n\t\t\t}\n\t\t\t#gallery-4 img {\n\t\t\t\tborder: 2px solid #cfcfcf;\n\t\t\t}\n\t\t\t#gallery-4 .gallery-caption {\n\t\t\t\tmargin-left: 0;\n\t\t\t}\n\t\t\t\/* see gallery_shortcode() in wp-includes\/media.php *\/\n\t\t<\/style>\n\t\t<div data-carousel-extra='{&quot;blog_id&quot;:1,&quot;permalink&quot;:&quot;https:\/\/www.decintivillalon.com\/en\/decinti-vive\/&quot;}' id='gallery-4' class='gallery galleryid-10 gallery-columns-3 gallery-size-thumbnail'><dl class='gallery-item'>\n\t\t\t<dt class='gallery-icon portrait'>\n\t\t\t\t<a href='https:\/\/www.decintivillalon.com\/en\/decinti-vive\/olympus-digital-camera-4\/'><img loading=\"lazy\" decoding=\"async\" width=\"150\" height=\"150\" src=\"https:\/\/i0.wp.com\/www.decintivillalon.com\/wp-content\/uploads\/2012\/01\/14.jpg?resize=150%2C150&amp;ssl=1\" class=\"attachment-thumbnail size-thumbnail\" alt=\"\" srcset=\"https:\/\/i0.wp.com\/www.decintivillalon.com\/wp-content\/uploads\/2012\/01\/14.jpg?resize=150%2C150&amp;ssl=1 150w, https:\/\/i0.wp.com\/www.decintivillalon.com\/wp-content\/uploads\/2012\/01\/14.jpg?zoom=2&amp;resize=150%2C150&amp;ssl=1 300w, https:\/\/i0.wp.com\/www.decintivillalon.com\/wp-content\/uploads\/2012\/01\/14.jpg?zoom=3&amp;resize=150%2C150&amp;ssl=1 450w\" sizes=\"auto, (max-width: 150px) 100vw, 150px\" data-attachment-id=\"325\" data-permalink=\"https:\/\/www.decintivillalon.com\/en\/decinti-vive\/olympus-digital-camera-4\/\" data-orig-file=\"https:\/\/i0.wp.com\/www.decintivillalon.com\/wp-content\/uploads\/2012\/01\/14.jpg?fit=1009%2C1024&amp;ssl=1\" data-orig-size=\"1009,1024\" data-comments-opened=\"1\" data-image-meta=\"{&quot;aperture&quot;:&quot;2.3&quot;,&quot;credit&quot;:&quot;&quot;,&quot;camera&quot;:&quot;C5050Z&quot;,&quot;caption&quot;:&quot;&quot;,&quot;created_timestamp&quot;:&quot;-62169984000&quot;,&quot;copyright&quot;:&quot;&quot;,&quot;focal_length&quot;:&quot;15&quot;,&quot;iso&quot;:&quot;125&quot;,&quot;shutter_speed&quot;:&quot;0.1&quot;,&quot;title&quot;:&quot;OLYMPUS DIGITAL CAMERA&quot;}\" data-image-title=\"OLYMPUS DIGITAL CAMERA\" data-image-description=\"\" data-image-caption=\"\" data-large-file=\"https:\/\/i0.wp.com\/www.decintivillalon.com\/wp-content\/uploads\/2012\/01\/14.jpg?fit=1009%2C1024&amp;ssl=1\" \/><\/a>\n\t\t\t<\/dt><\/dl><dl class='gallery-item'>\n\t\t\t<dt class='gallery-icon portrait'>\n\t\t\t\t<a href='https:\/\/www.decintivillalon.com\/en\/decinti-vive\/p1171854\/'><img loading=\"lazy\" decoding=\"async\" width=\"150\" height=\"150\" src=\"https:\/\/i0.wp.com\/www.decintivillalon.com\/wp-content\/uploads\/2012\/01\/p1171854.jpg?resize=150%2C150&amp;ssl=1\" class=\"attachment-thumbnail size-thumbnail\" alt=\"\" srcset=\"https:\/\/i0.wp.com\/www.decintivillalon.com\/wp-content\/uploads\/2012\/01\/p1171854.jpg?resize=150%2C150&amp;ssl=1 150w, https:\/\/i0.wp.com\/www.decintivillalon.com\/wp-content\/uploads\/2012\/01\/p1171854.jpg?zoom=2&amp;resize=150%2C150&amp;ssl=1 300w, https:\/\/i0.wp.com\/www.decintivillalon.com\/wp-content\/uploads\/2012\/01\/p1171854.jpg?zoom=3&amp;resize=150%2C150&amp;ssl=1 450w\" sizes=\"auto, (max-width: 150px) 100vw, 150px\" data-attachment-id=\"337\" data-permalink=\"https:\/\/www.decintivillalon.com\/en\/decinti-vive\/p1171854\/\" data-orig-file=\"https:\/\/i0.wp.com\/www.decintivillalon.com\/wp-content\/uploads\/2012\/01\/p1171854.jpg?fit=771%2C1024&amp;ssl=1\" data-orig-size=\"771,1024\" data-comments-opened=\"1\" data-image-meta=\"{&quot;aperture&quot;:&quot;0&quot;,&quot;credit&quot;:&quot;&quot;,&quot;camera&quot;:&quot;&quot;,&quot;caption&quot;:&quot;&quot;,&quot;created_timestamp&quot;:&quot;0&quot;,&quot;copyright&quot;:&quot;&quot;,&quot;focal_length&quot;:&quot;0&quot;,&quot;iso&quot;:&quot;0&quot;,&quot;shutter_speed&quot;:&quot;0&quot;,&quot;title&quot;:&quot;&quot;}\" data-image-title=\"p1171854\" data-image-description=\"\" data-image-caption=\"\" data-large-file=\"https:\/\/i0.wp.com\/www.decintivillalon.com\/wp-content\/uploads\/2012\/01\/p1171854.jpg?fit=771%2C1024&amp;ssl=1\" \/><\/a>\n\t\t\t<\/dt><\/dl><dl class='gallery-item'>\n\t\t\t<dt class='gallery-icon portrait'>\n\t\t\t\t<a href='https:\/\/www.decintivillalon.com\/en\/decinti-vive\/p1171855\/'><img loading=\"lazy\" decoding=\"async\" width=\"150\" height=\"150\" src=\"https:\/\/i0.wp.com\/www.decintivillalon.com\/wp-content\/uploads\/2012\/01\/p1171855.jpg?resize=150%2C150&amp;ssl=1\" class=\"attachment-thumbnail size-thumbnail\" alt=\"\" srcset=\"https:\/\/i0.wp.com\/www.decintivillalon.com\/wp-content\/uploads\/2012\/01\/p1171855.jpg?resize=150%2C150&amp;ssl=1 150w, https:\/\/i0.wp.com\/www.decintivillalon.com\/wp-content\/uploads\/2012\/01\/p1171855.jpg?zoom=2&amp;resize=150%2C150&amp;ssl=1 300w, https:\/\/i0.wp.com\/www.decintivillalon.com\/wp-content\/uploads\/2012\/01\/p1171855.jpg?zoom=3&amp;resize=150%2C150&amp;ssl=1 450w\" sizes=\"auto, (max-width: 150px) 100vw, 150px\" data-attachment-id=\"338\" data-permalink=\"https:\/\/www.decintivillalon.com\/en\/decinti-vive\/p1171855\/\" data-orig-file=\"https:\/\/i0.wp.com\/www.decintivillalon.com\/wp-content\/uploads\/2012\/01\/p1171855.jpg?fit=960%2C1024&amp;ssl=1\" data-orig-size=\"960,1024\" data-comments-opened=\"1\" data-image-meta=\"{&quot;aperture&quot;:&quot;0&quot;,&quot;credit&quot;:&quot;&quot;,&quot;camera&quot;:&quot;&quot;,&quot;caption&quot;:&quot;&quot;,&quot;created_timestamp&quot;:&quot;0&quot;,&quot;copyright&quot;:&quot;&quot;,&quot;focal_length&quot;:&quot;0&quot;,&quot;iso&quot;:&quot;0&quot;,&quot;shutter_speed&quot;:&quot;0&quot;,&quot;title&quot;:&quot;&quot;}\" data-image-title=\"p1171855\" data-image-description=\"\" data-image-caption=\"\" data-large-file=\"https:\/\/i0.wp.com\/www.decintivillalon.com\/wp-content\/uploads\/2012\/01\/p1171855.jpg?fit=960%2C1024&amp;ssl=1\" \/><\/a>\n\t\t\t<\/dt><\/dl><br style=\"clear: both\" \/><dl class='gallery-item'>\n\t\t\t<dt class='gallery-icon landscape'>\n\t\t\t\t<a href='https:\/\/www.decintivillalon.com\/en\/decinti-vive\/attachment\/4\/'><img loading=\"lazy\" decoding=\"async\" width=\"150\" height=\"150\" src=\"https:\/\/i0.wp.com\/www.decintivillalon.com\/wp-content\/uploads\/2012\/01\/41.jpg?resize=150%2C150&amp;ssl=1\" class=\"attachment-thumbnail size-thumbnail\" alt=\"\" srcset=\"https:\/\/i0.wp.com\/www.decintivillalon.com\/wp-content\/uploads\/2012\/01\/41.jpg?resize=150%2C150&amp;ssl=1 150w, https:\/\/i0.wp.com\/www.decintivillalon.com\/wp-content\/uploads\/2012\/01\/41.jpg?zoom=2&amp;resize=150%2C150&amp;ssl=1 300w, https:\/\/i0.wp.com\/www.decintivillalon.com\/wp-content\/uploads\/2012\/01\/41.jpg?zoom=3&amp;resize=150%2C150&amp;ssl=1 450w\" sizes=\"auto, (max-width: 150px) 100vw, 150px\" data-attachment-id=\"315\" data-permalink=\"https:\/\/www.decintivillalon.com\/en\/decinti-vive\/attachment\/4\/\" data-orig-file=\"https:\/\/i0.wp.com\/www.decintivillalon.com\/wp-content\/uploads\/2012\/01\/41.jpg?fit=1024%2C751&amp;ssl=1\" data-orig-size=\"1024,751\" data-comments-opened=\"1\" data-image-meta=\"{&quot;aperture&quot;:&quot;0&quot;,&quot;credit&quot;:&quot;Picasa 2.6&quot;,&quot;camera&quot;:&quot;&quot;,&quot;caption&quot;:&quot;&quot;,&quot;created_timestamp&quot;:&quot;0&quot;,&quot;copyright&quot;:&quot;&quot;,&quot;focal_length&quot;:&quot;0&quot;,&quot;iso&quot;:&quot;0&quot;,&quot;shutter_speed&quot;:&quot;0&quot;,&quot;title&quot;:&quot;&quot;}\" data-image-title=\"4\" data-image-description=\"\" data-image-caption=\"\" data-large-file=\"https:\/\/i0.wp.com\/www.decintivillalon.com\/wp-content\/uploads\/2012\/01\/41.jpg?fit=1024%2C751&amp;ssl=1\" \/><\/a>\n\t\t\t<\/dt><\/dl><dl class='gallery-item'>\n\t\t\t<dt class='gallery-icon landscape'>\n\t\t\t\t<a href='https:\/\/www.decintivillalon.com\/en\/decinti-vive\/18-ninot-muerto-2014-180-x-130-cm\/'><img loading=\"lazy\" decoding=\"async\" width=\"150\" height=\"150\" src=\"https:\/\/i0.wp.com\/www.decintivillalon.com\/wp-content\/uploads\/2012\/01\/18-Ninot-muerto-2014-180-x-130-cm.jpg?resize=150%2C150&amp;ssl=1\" class=\"attachment-thumbnail size-thumbnail\" alt=\"\" srcset=\"https:\/\/i0.wp.com\/www.decintivillalon.com\/wp-content\/uploads\/2012\/01\/18-Ninot-muerto-2014-180-x-130-cm.jpg?resize=150%2C150&amp;ssl=1 150w, https:\/\/i0.wp.com\/www.decintivillalon.com\/wp-content\/uploads\/2012\/01\/18-Ninot-muerto-2014-180-x-130-cm.jpg?zoom=2&amp;resize=150%2C150&amp;ssl=1 300w, https:\/\/i0.wp.com\/www.decintivillalon.com\/wp-content\/uploads\/2012\/01\/18-Ninot-muerto-2014-180-x-130-cm.jpg?zoom=3&amp;resize=150%2C150&amp;ssl=1 450w\" sizes=\"auto, (max-width: 150px) 100vw, 150px\" data-attachment-id=\"4110\" data-permalink=\"https:\/\/www.decintivillalon.com\/en\/decinti-vive\/18-ninot-muerto-2014-180-x-130-cm\/\" data-orig-file=\"https:\/\/i0.wp.com\/www.decintivillalon.com\/wp-content\/uploads\/2012\/01\/18-Ninot-muerto-2014-180-x-130-cm.jpg?fit=1200%2C867&amp;ssl=1\" data-orig-size=\"1200,867\" data-comments-opened=\"1\" data-image-meta=\"{&quot;aperture&quot;:&quot;0&quot;,&quot;credit&quot;:&quot;Picasa&quot;,&quot;camera&quot;:&quot;&quot;,&quot;caption&quot;:&quot;&quot;,&quot;created_timestamp&quot;:&quot;1411753708&quot;,&quot;copyright&quot;:&quot;&quot;,&quot;focal_length&quot;:&quot;0&quot;,&quot;iso&quot;:&quot;0&quot;,&quot;shutter_speed&quot;:&quot;0&quot;,&quot;title&quot;:&quot;&quot;,&quot;orientation&quot;:&quot;0&quot;}\" data-image-title=\"18-Ninot muerto 2014 180 x 130 cm\" data-image-description=\"\" data-image-caption=\"\" data-large-file=\"https:\/\/i0.wp.com\/www.decintivillalon.com\/wp-content\/uploads\/2012\/01\/18-Ninot-muerto-2014-180-x-130-cm.jpg?fit=1024%2C739&amp;ssl=1\" \/><\/a>\n\t\t\t<\/dt><\/dl><dl class='gallery-item'>\n\t\t\t<dt class='gallery-icon portrait'>\n\t\t\t\t<a href='https:\/\/www.decintivillalon.com\/en\/decinti-vive\/16-grumete-enfermo-2014-89-x-116cm\/'><img loading=\"lazy\" decoding=\"async\" width=\"150\" height=\"150\" src=\"https:\/\/i0.wp.com\/www.decintivillalon.com\/wp-content\/uploads\/2012\/01\/16-Grumete-enfermo-2014-89-x-116cm.jpg?resize=150%2C150&amp;ssl=1\" class=\"attachment-thumbnail size-thumbnail\" alt=\"\" srcset=\"https:\/\/i0.wp.com\/www.decintivillalon.com\/wp-content\/uploads\/2012\/01\/16-Grumete-enfermo-2014-89-x-116cm.jpg?resize=150%2C150&amp;ssl=1 150w, https:\/\/i0.wp.com\/www.decintivillalon.com\/wp-content\/uploads\/2012\/01\/16-Grumete-enfermo-2014-89-x-116cm.jpg?zoom=2&amp;resize=150%2C150&amp;ssl=1 300w, https:\/\/i0.wp.com\/www.decintivillalon.com\/wp-content\/uploads\/2012\/01\/16-Grumete-enfermo-2014-89-x-116cm.jpg?zoom=3&amp;resize=150%2C150&amp;ssl=1 450w\" sizes=\"auto, (max-width: 150px) 100vw, 150px\" data-attachment-id=\"4108\" data-permalink=\"https:\/\/www.decintivillalon.com\/en\/decinti-vive\/16-grumete-enfermo-2014-89-x-116cm\/\" data-orig-file=\"https:\/\/i0.wp.com\/www.decintivillalon.com\/wp-content\/uploads\/2012\/01\/16-Grumete-enfermo-2014-89-x-116cm.jpg?fit=921%2C1200&amp;ssl=1\" data-orig-size=\"921,1200\" data-comments-opened=\"1\" data-image-meta=\"{&quot;aperture&quot;:&quot;0&quot;,&quot;credit&quot;:&quot;Picasa&quot;,&quot;camera&quot;:&quot;&quot;,&quot;caption&quot;:&quot;&quot;,&quot;created_timestamp&quot;:&quot;1411755065&quot;,&quot;copyright&quot;:&quot;&quot;,&quot;focal_length&quot;:&quot;0&quot;,&quot;iso&quot;:&quot;0&quot;,&quot;shutter_speed&quot;:&quot;0&quot;,&quot;title&quot;:&quot;&quot;,&quot;orientation&quot;:&quot;0&quot;}\" data-image-title=\"16-Grumete enfermo 2014 89 x 116cm\" data-image-description=\"\" data-image-caption=\"\" data-large-file=\"https:\/\/i0.wp.com\/www.decintivillalon.com\/wp-content\/uploads\/2012\/01\/16-Grumete-enfermo-2014-89-x-116cm.jpg?fit=785%2C1024&amp;ssl=1\" \/><\/a>\n\t\t\t<\/dt><\/dl><br style=\"clear: both\" \/><dl class='gallery-item'>\n\t\t\t<dt class='gallery-icon portrait'>\n\t\t\t\t<a href='https:\/\/www.decintivillalon.com\/en\/decinti-vive\/13-arbol-2014-150-x-240-cm\/'><img loading=\"lazy\" decoding=\"async\" width=\"150\" height=\"150\" src=\"https:\/\/i0.wp.com\/www.decintivillalon.com\/wp-content\/uploads\/2012\/01\/13-Arbol-2014-150-x-240-cm.jpg?resize=150%2C150&amp;ssl=1\" class=\"attachment-thumbnail size-thumbnail\" alt=\"\" srcset=\"https:\/\/i0.wp.com\/www.decintivillalon.com\/wp-content\/uploads\/2012\/01\/13-Arbol-2014-150-x-240-cm.jpg?resize=150%2C150&amp;ssl=1 150w, https:\/\/i0.wp.com\/www.decintivillalon.com\/wp-content\/uploads\/2012\/01\/13-Arbol-2014-150-x-240-cm.jpg?zoom=2&amp;resize=150%2C150&amp;ssl=1 300w, https:\/\/i0.wp.com\/www.decintivillalon.com\/wp-content\/uploads\/2012\/01\/13-Arbol-2014-150-x-240-cm.jpg?zoom=3&amp;resize=150%2C150&amp;ssl=1 450w\" sizes=\"auto, (max-width: 150px) 100vw, 150px\" data-attachment-id=\"4106\" data-permalink=\"https:\/\/www.decintivillalon.com\/en\/decinti-vive\/13-arbol-2014-150-x-240-cm\/\" data-orig-file=\"https:\/\/i0.wp.com\/www.decintivillalon.com\/wp-content\/uploads\/2012\/01\/13-Arbol-2014-150-x-240-cm.jpg?fit=750%2C1200&amp;ssl=1\" data-orig-size=\"750,1200\" data-comments-opened=\"1\" data-image-meta=\"{&quot;aperture&quot;:&quot;0&quot;,&quot;credit&quot;:&quot;Picasa&quot;,&quot;camera&quot;:&quot;&quot;,&quot;caption&quot;:&quot;&quot;,&quot;created_timestamp&quot;:&quot;1411748833&quot;,&quot;copyright&quot;:&quot;&quot;,&quot;focal_length&quot;:&quot;0&quot;,&quot;iso&quot;:&quot;0&quot;,&quot;shutter_speed&quot;:&quot;0&quot;,&quot;title&quot;:&quot;&quot;,&quot;orientation&quot;:&quot;0&quot;}\" data-image-title=\"13-Arbol 2014 150 x 240 cm\" data-image-description=\"\" data-image-caption=\"\" data-large-file=\"https:\/\/i0.wp.com\/www.decintivillalon.com\/wp-content\/uploads\/2012\/01\/13-Arbol-2014-150-x-240-cm.jpg?fit=640%2C1024&amp;ssl=1\" \/><\/a>\n\t\t\t<\/dt><\/dl><dl class='gallery-item'>\n\t\t\t<dt class='gallery-icon portrait'>\n\t\t\t\t<a href='https:\/\/www.decintivillalon.com\/en\/decinti-vive\/11-naufragio-2014-150-x-160cm\/'><img loading=\"lazy\" decoding=\"async\" width=\"150\" height=\"150\" src=\"https:\/\/i0.wp.com\/www.decintivillalon.com\/wp-content\/uploads\/2012\/01\/11-Naufragio-2014-150-x-160cm.jpg?resize=150%2C150&amp;ssl=1\" class=\"attachment-thumbnail size-thumbnail\" alt=\"\" srcset=\"https:\/\/i0.wp.com\/www.decintivillalon.com\/wp-content\/uploads\/2012\/01\/11-Naufragio-2014-150-x-160cm.jpg?resize=150%2C150&amp;ssl=1 150w, https:\/\/i0.wp.com\/www.decintivillalon.com\/wp-content\/uploads\/2012\/01\/11-Naufragio-2014-150-x-160cm.jpg?zoom=2&amp;resize=150%2C150&amp;ssl=1 300w, https:\/\/i0.wp.com\/www.decintivillalon.com\/wp-content\/uploads\/2012\/01\/11-Naufragio-2014-150-x-160cm.jpg?zoom=3&amp;resize=150%2C150&amp;ssl=1 450w\" sizes=\"auto, (max-width: 150px) 100vw, 150px\" data-attachment-id=\"4104\" data-permalink=\"https:\/\/www.decintivillalon.com\/en\/decinti-vive\/11-naufragio-2014-150-x-160cm\/\" data-orig-file=\"https:\/\/i0.wp.com\/www.decintivillalon.com\/wp-content\/uploads\/2012\/01\/11-Naufragio-2014-150-x-160cm.jpg?fit=1126%2C1200&amp;ssl=1\" data-orig-size=\"1126,1200\" data-comments-opened=\"1\" data-image-meta=\"{&quot;aperture&quot;:&quot;0&quot;,&quot;credit&quot;:&quot;Picasa&quot;,&quot;camera&quot;:&quot;&quot;,&quot;caption&quot;:&quot;&quot;,&quot;created_timestamp&quot;:&quot;1411753403&quot;,&quot;copyright&quot;:&quot;&quot;,&quot;focal_length&quot;:&quot;0&quot;,&quot;iso&quot;:&quot;0&quot;,&quot;shutter_speed&quot;:&quot;0&quot;,&quot;title&quot;:&quot;&quot;,&quot;orientation&quot;:&quot;0&quot;}\" data-image-title=\"11-Naufragio 2014 150 x 160cm\" data-image-description=\"\" data-image-caption=\"\" data-large-file=\"https:\/\/i0.wp.com\/www.decintivillalon.com\/wp-content\/uploads\/2012\/01\/11-Naufragio-2014-150-x-160cm.jpg?fit=960%2C1024&amp;ssl=1\" \/><\/a>\n\t\t\t<\/dt><\/dl><dl class='gallery-item'>\n\t\t\t<dt class='gallery-icon portrait'>\n\t\t\t\t<a href='https:\/\/www.decintivillalon.com\/en\/decinti-vive\/08-marineros-2014-92x180cm\/'><img loading=\"lazy\" decoding=\"async\" width=\"150\" height=\"150\" src=\"https:\/\/i0.wp.com\/www.decintivillalon.com\/wp-content\/uploads\/2012\/01\/08-Marineros-2014-92x180cm.jpg?resize=150%2C150&amp;ssl=1\" class=\"attachment-thumbnail size-thumbnail\" alt=\"\" srcset=\"https:\/\/i0.wp.com\/www.decintivillalon.com\/wp-content\/uploads\/2012\/01\/08-Marineros-2014-92x180cm.jpg?resize=150%2C150&amp;ssl=1 150w, https:\/\/i0.wp.com\/www.decintivillalon.com\/wp-content\/uploads\/2012\/01\/08-Marineros-2014-92x180cm.jpg?zoom=2&amp;resize=150%2C150&amp;ssl=1 300w, https:\/\/i0.wp.com\/www.decintivillalon.com\/wp-content\/uploads\/2012\/01\/08-Marineros-2014-92x180cm.jpg?zoom=3&amp;resize=150%2C150&amp;ssl=1 450w\" sizes=\"auto, (max-width: 150px) 100vw, 150px\" data-attachment-id=\"4102\" data-permalink=\"https:\/\/www.decintivillalon.com\/en\/decinti-vive\/08-marineros-2014-92x180cm\/\" data-orig-file=\"https:\/\/i0.wp.com\/www.decintivillalon.com\/wp-content\/uploads\/2012\/01\/08-Marineros-2014-92x180cm.jpg?fit=614%2C1200&amp;ssl=1\" data-orig-size=\"614,1200\" data-comments-opened=\"1\" data-image-meta=\"{&quot;aperture&quot;:&quot;0&quot;,&quot;credit&quot;:&quot;Picasa&quot;,&quot;camera&quot;:&quot;&quot;,&quot;caption&quot;:&quot;&quot;,&quot;created_timestamp&quot;:&quot;1411752060&quot;,&quot;copyright&quot;:&quot;&quot;,&quot;focal_length&quot;:&quot;0&quot;,&quot;iso&quot;:&quot;0&quot;,&quot;shutter_speed&quot;:&quot;0&quot;,&quot;title&quot;:&quot;&quot;,&quot;orientation&quot;:&quot;0&quot;}\" data-image-title=\"08-Marineros 2014 92x180cm\" data-image-description=\"\" data-image-caption=\"\" data-large-file=\"https:\/\/i0.wp.com\/www.decintivillalon.com\/wp-content\/uploads\/2012\/01\/08-Marineros-2014-92x180cm.jpg?fit=523%2C1024&amp;ssl=1\" \/><\/a>\n\t\t\t<\/dt><\/dl><br style=\"clear: both\" \/><dl class='gallery-item'>\n\t\t\t<dt class='gallery-icon landscape'>\n\t\t\t\t<a href='https:\/\/www.decintivillalon.com\/en\/decinti-vive\/05-minotauro-2014-162-x-162-cm\/'><img loading=\"lazy\" decoding=\"async\" width=\"150\" height=\"150\" src=\"https:\/\/i0.wp.com\/www.decintivillalon.com\/wp-content\/uploads\/2012\/01\/05-Minotauro-2014-162-x-162-cm.jpg?resize=150%2C150&amp;ssl=1\" class=\"attachment-thumbnail size-thumbnail\" alt=\"\" srcset=\"https:\/\/i0.wp.com\/www.decintivillalon.com\/wp-content\/uploads\/2012\/01\/05-Minotauro-2014-162-x-162-cm.jpg?w=1200&amp;ssl=1 1200w, https:\/\/i0.wp.com\/www.decintivillalon.com\/wp-content\/uploads\/2012\/01\/05-Minotauro-2014-162-x-162-cm.jpg?resize=150%2C150&amp;ssl=1 150w, https:\/\/i0.wp.com\/www.decintivillalon.com\/wp-content\/uploads\/2012\/01\/05-Minotauro-2014-162-x-162-cm.jpg?resize=300%2C300&amp;ssl=1 300w, https:\/\/i0.wp.com\/www.decintivillalon.com\/wp-content\/uploads\/2012\/01\/05-Minotauro-2014-162-x-162-cm.jpg?resize=1024%2C1024&amp;ssl=1 1024w\" sizes=\"auto, (max-width: 150px) 100vw, 150px\" data-attachment-id=\"4099\" data-permalink=\"https:\/\/www.decintivillalon.com\/en\/decinti-vive\/05-minotauro-2014-162-x-162-cm\/\" data-orig-file=\"https:\/\/i0.wp.com\/www.decintivillalon.com\/wp-content\/uploads\/2012\/01\/05-Minotauro-2014-162-x-162-cm.jpg?fit=1200%2C1200&amp;ssl=1\" data-orig-size=\"1200,1200\" data-comments-opened=\"1\" data-image-meta=\"{&quot;aperture&quot;:&quot;0&quot;,&quot;credit&quot;:&quot;Picasa&quot;,&quot;camera&quot;:&quot;&quot;,&quot;caption&quot;:&quot;&quot;,&quot;created_timestamp&quot;:&quot;1411768384&quot;,&quot;copyright&quot;:&quot;&quot;,&quot;focal_length&quot;:&quot;0&quot;,&quot;iso&quot;:&quot;0&quot;,&quot;shutter_speed&quot;:&quot;0&quot;,&quot;title&quot;:&quot;&quot;,&quot;orientation&quot;:&quot;0&quot;}\" data-image-title=\"05-Minotauro 2014 162 x 162 cm\" data-image-description=\"\" data-image-caption=\"\" data-large-file=\"https:\/\/i0.wp.com\/www.decintivillalon.com\/wp-content\/uploads\/2012\/01\/05-Minotauro-2014-162-x-162-cm.jpg?fit=1024%2C1024&amp;ssl=1\" \/><\/a>\n\t\t\t<\/dt><\/dl><dl class='gallery-item'>\n\t\t\t<dt class='gallery-icon landscape'>\n\t\t\t\t<a href='https:\/\/www.decintivillalon.com\/en\/decinti-vive\/03-extraccion-de-la-piedra-de-la-locura-2014-195-x-146\/'><img loading=\"lazy\" decoding=\"async\" width=\"150\" height=\"150\" src=\"https:\/\/i0.wp.com\/www.decintivillalon.com\/wp-content\/uploads\/2012\/01\/03-Extracci%C3%B3n-de-la-piedra-de-la-locura-2014-195-x-146.jpg?resize=150%2C150&amp;ssl=1\" class=\"attachment-thumbnail size-thumbnail\" alt=\"\" data-attachment-id=\"4097\" data-permalink=\"https:\/\/www.decintivillalon.com\/en\/decinti-vive\/03-extraccion-de-la-piedra-de-la-locura-2014-195-x-146\/\" data-orig-file=\"https:\/\/i0.wp.com\/www.decintivillalon.com\/wp-content\/uploads\/2012\/01\/03-Extracci%C3%B3n-de-la-piedra-de-la-locura-2014-195-x-146.jpg?fit=1200%2C899&amp;ssl=1\" data-orig-size=\"1200,899\" data-comments-opened=\"1\" data-image-meta=\"{&quot;aperture&quot;:&quot;0&quot;,&quot;credit&quot;:&quot;Picasa&quot;,&quot;camera&quot;:&quot;&quot;,&quot;caption&quot;:&quot;&quot;,&quot;created_timestamp&quot;:&quot;1411753073&quot;,&quot;copyright&quot;:&quot;&quot;,&quot;focal_length&quot;:&quot;0&quot;,&quot;iso&quot;:&quot;0&quot;,&quot;shutter_speed&quot;:&quot;0&quot;,&quot;title&quot;:&quot;&quot;,&quot;orientation&quot;:&quot;0&quot;}\" data-image-title=\"03-Extracci\u00f3n de la piedra de la locura 2014 195 x 146\" data-image-description=\"\" data-image-caption=\"\" data-large-file=\"https:\/\/i0.wp.com\/www.decintivillalon.com\/wp-content\/uploads\/2012\/01\/03-Extracci%C3%B3n-de-la-piedra-de-la-locura-2014-195-x-146.jpg?fit=1024%2C767&amp;ssl=1\" \/><\/a>\n\t\t\t<\/dt><\/dl><dl class='gallery-item'>\n\t\t\t<dt class='gallery-icon portrait'>\n\t\t\t\t<a href='https:\/\/www.decintivillalon.com\/en\/decinti-vive\/01-humanidad-2014-130-x-180\/'><img loading=\"lazy\" decoding=\"async\" width=\"150\" height=\"150\" src=\"https:\/\/i0.wp.com\/www.decintivillalon.com\/wp-content\/uploads\/2012\/01\/01-Humanidad-2014-130-x-180.jpg?resize=150%2C150&amp;ssl=1\" class=\"attachment-thumbnail size-thumbnail\" alt=\"\" srcset=\"https:\/\/i0.wp.com\/www.decintivillalon.com\/wp-content\/uploads\/2012\/01\/01-Humanidad-2014-130-x-180.jpg?resize=150%2C150&amp;ssl=1 150w, https:\/\/i0.wp.com\/www.decintivillalon.com\/wp-content\/uploads\/2012\/01\/01-Humanidad-2014-130-x-180.jpg?zoom=2&amp;resize=150%2C150&amp;ssl=1 300w, https:\/\/i0.wp.com\/www.decintivillalon.com\/wp-content\/uploads\/2012\/01\/01-Humanidad-2014-130-x-180.jpg?zoom=3&amp;resize=150%2C150&amp;ssl=1 450w\" sizes=\"auto, (max-width: 150px) 100vw, 150px\" data-attachment-id=\"4095\" data-permalink=\"https:\/\/www.decintivillalon.com\/en\/decinti-vive\/01-humanidad-2014-130-x-180\/\" data-orig-file=\"https:\/\/i0.wp.com\/www.decintivillalon.com\/wp-content\/uploads\/2012\/01\/01-Humanidad-2014-130-x-180.jpg?fit=867%2C1200&amp;ssl=1\" data-orig-size=\"867,1200\" data-comments-opened=\"1\" data-image-meta=\"{&quot;aperture&quot;:&quot;0&quot;,&quot;credit&quot;:&quot;Picasa&quot;,&quot;camera&quot;:&quot;&quot;,&quot;caption&quot;:&quot;&quot;,&quot;created_timestamp&quot;:&quot;1411752227&quot;,&quot;copyright&quot;:&quot;&quot;,&quot;focal_length&quot;:&quot;0&quot;,&quot;iso&quot;:&quot;0&quot;,&quot;shutter_speed&quot;:&quot;0&quot;,&quot;title&quot;:&quot;&quot;,&quot;orientation&quot;:&quot;0&quot;}\" data-image-title=\"01-Humanidad 2014 130 x 180\" data-image-description=\"\" data-image-caption=\"\" data-large-file=\"https:\/\/i0.wp.com\/www.decintivillalon.com\/wp-content\/uploads\/2012\/01\/01-Humanidad-2014-130-x-180.jpg?fit=739%2C1024&amp;ssl=1\" \/><\/a>\n\t\t\t<\/dt><\/dl><br style=\"clear: both\" \/>\n\t\t<\/div>\n\n<h3>\u00a0Alejandro DeCinti. Ejercicios de narraci\u00f3n<\/h3>\n<p>\u00bfQu\u00e9 hace a un artista elegir un tema u otro? Esta cuesti\u00f3n me lleva a reflexionar acerca de la pintura de Alejandro Decinti, ya no desde un punto de vista t\u00e9cnico, pues su val\u00eda con los pinceles est\u00e1 sobradamente contrastada, sino sobre su dial\u00e9ctica, entendida seg\u00fan la interpretaci\u00f3n benjaminiana en la que el lenguaje ha supuesto inequ\u00edvocamente que la consciencia no sea un instrumento para explorar el pasado, sino su escenario.<br \/>\nLa lectura dial\u00e9ctica de las primeras obras de Alejandro Decinti en Chinch\u00f3n nos pone en relaci\u00f3n con lo tel\u00farico y lo humano, apenas insinuado, pero presente. La piedra, el barro y las plantas, conviven con una mano an\u00f3nima que enciende el fog\u00f3n de una cocina, unas piernas que se enfrentan a un televisor mientras los ni\u00f1os hacen sus tareas en una estancia posterior, con una luz y un aire velazque\u00f1o, similar al de las primeras composiciones del maestro sevillano. Alejandro Decinti ha decidido subvertir las leyes de la narraci\u00f3n cl\u00e1sica y dar la primac\u00eda visual a un asunto aparentemente banal, relegando al fondo la escena principal de la composici\u00f3n.<br \/>\nLos patios y objetos tirados por el suelo nos remiten al oficio de pintor, los \u00fatiles de trabajo, los trapos y rodillos, los cubos llenos de pinceles y por fin el fregadero azul, una obra cargada de texturas f\u00e1cilmente diferenciables, que nos abre una puerta a otro universo, m\u00e1s urbano y quiz\u00e1 m\u00e1s ca\u00f3tico que se va asomando poco a poco a los lienzos de Decinti.<br \/>\nLas calles de Madrid ser\u00e1n el hilo argumental de este segundo acto, llenas de gente o vac\u00edas, con la \u00fanica presencia de los seres queridos. Incorpora s\u00edmbolos y elementos del imaginario social. La barra del bar nos retrotrae nuevamente a la pintura de los grandes maestros. Los bares madrile\u00f1os son el nuevo Folies Berg\u00e8re, sustituimos el champagne por un castizo botell\u00edn de Mahou y el espejo por una enigm\u00e1tica ventana en la que se apoya un personaje, una vez m\u00e1s ser\u00e1 ese peque\u00f1o asunto el que atraiga nuestra atenci\u00f3n, en ese juego de escenas al que nos tiene acostumbrado Decinti.<br \/>\nLa familia y los seres queridos tendr\u00e1n siempre una importante cuota de protagonismo en las narrativas del artista, su presencia aumentar\u00e1 o disminuir\u00e1 dependiendo de m\u00faltiples circunstancias, pero nunca desaparecer\u00e1. Estas obras son ventanas de honestidad hacia un espacio \u00edntimo, a veces esbozado, pero en ocasiones descrito con pormenorizaci\u00f3n.<br \/>\nLos grandes d\u00edpticos nos introducen a la perfecci\u00f3n en este episodio. La familia durmiendo, To\u00f1o y Alma mir\u00e1ndonos de frente o el fant\u00e1stico sue\u00f1o de Alma, todos con una pincelada suelta y diluida que se contrapone a la factura empastada de los rostros. Los cuerpos se abandonan, en ocasiones presentan una estructura laxa, casi descuidada, con actitudes m\u00e1s pr\u00f3ximas a lo l\u00e1nguido que a lo en\u00e9rgico.<br \/>\nUna obra despierta mi atenci\u00f3n por encima de las dem\u00e1s, la titulada Torero muerto, un nuevo gui\u00f1o, en este caso, a los maestros del XIX. L\u2019Homme mort de \u00c9douard Manet es el pretexto de una obra en la que To\u00f1o aparece recostado, acaso muerto, en un violento escorzo que evoca al Cristo morto de Andrea Mantegna. En este caso, Decinti regresa a las maniobras de \u00e1mbitos, tan presentes en su obra. A diferencia del lienzo de Manet, mutilado por unos prejuicios que se demostraron infundados, Decinti nos muestra la composici\u00f3n completa, con una escena principal que carece de sentido sin los asuntos que se intuyen en el plano posterior, dos cabezas de toros, apenas esbozadas, que culminan a la perfecci\u00f3n la dial\u00e9ctica de la obra.<br \/>\nEn Pecho de ni\u00f1a, una obra de 2007, las manos adquieren protagonismo y nos sirven de bisagra para el siguiente episodio tem\u00e1tico. Sin duda se trata de un ap\u00e9ndice compositivo del acto anterior; seres queridos o con una indudable vinculaci\u00f3n afectiva con el artista aparecen en los lienzos, pero sus actitudes ya no ser\u00e1n las mismas, \u00bfd\u00f3nde quedaron las miradas de complacencia y las posturas indolentes?<br \/>\nLos personajes ahora nos transmiten fuerza y energ\u00eda. Las manos se rebelan, se adue\u00f1an de las composiciones y nos interpelan con fuerza. El retrato de Lubo es posiblemente la obra con m\u00e1s firmeza de la serie. Los brazos poderosos, resueltos con las pinceladas justas y con una econom\u00eda de medios magistral, se apropian de la obra de un modo rotundo.<br \/>\nEl apartado dedicado a arte, historia y sociedad evidencia una relaci\u00f3n con elementos hasta entonces desatendidos por \u00e9l, como son las fuentes hist\u00f3ricas y literarias.<br \/>\nEspecialmente interesante resulta la obra Zuzanna y los viejos, inspirada en el relato b\u00edblico del Libro de Daniel, que trata un asunto tristemente actual, en el que dos ancianos, al verse rechazados por una joven, testifican falsamente en su contra y la llevan a juicio. La mujer es maltratada, humillada y convertida en objeto. Decinti interpreta a la perfecci\u00f3n el relato y lo trae al siglo XXI, con un tratamiento enormemente acertado de la composici\u00f3n. Me quedo con el cruce de miradas entre la joven y el anciano. La peque\u00f1a pincelada blanca que ilumina la escler\u00f3tica del anciano aporta carga expresiva a la obra y dota a la mirada de una intensidad descontrolada.<br \/>\nLas reflexiones sobre el retrato de la Condesa de Chinch\u00f3n de Goya participan de las mismas inquietudes. La retratada, una mujer de triste y tr\u00e1gica biograf\u00eda, est\u00e1 representada agredida por unas manos que la amordazan y cubren sus ojos. Un ejercicio de planos superpuestos dota a la composici\u00f3n de un aire on\u00edrico e irreal. Las narrativas cruzadas vuelven a aparecer de un modo diferente pero evidente.<br \/>\nEl ciclo Nave de Necios, inspirado en el texto de 1494 La nave de los Locos o de los necios (Stultifera Navis), en el que Sebastian Brant critica los vicios de su \u00e9poca a partir de la denuncia de distintos tipos de necedad o estupidez, est\u00e1 cargado de teatralidad. Alejandro Decinti explora su vertiente m\u00e1s dram\u00e1tica y agitada; cuerpos entrelazados, rostros desencajados y composiciones irreales definen esta serie. Nuevamente reconocemos el rostro de sus personas m\u00e1s pr\u00f3ximas, familia y amigos, como protagonistas involuntarios de las obras.<br \/>\nIntrigante y evocadora resulta la escena de la persecuci\u00f3n de Pan a la ninfa Syrinx, en el momento preciso en el que, acorralada y ayudada por sus hermanas es convertida en un ca\u00f1averal. Recuerda a la magn\u00edfica escultura Apolo y Dafne de Bernini, en la que Apolo persigue a la ninfa Dafne, mientras sus brazos se transforman en laurel para que el dios no la pueda tomar como esposa. La composici\u00f3n, posiblemente la m\u00e1s pr\u00f3xima al ideal cl\u00e1sico de las diagonales barrocas, es din\u00e1mica e inestable y la narraci\u00f3n es escrupulosamente fiel al original latino de Ovidio del siglo I.<br \/>\nPrecisamente ser\u00e1n la Metamorfosis de Ovidio las que marquen las l\u00edneas maestras de las \u00faltimas obras presentadas. Agitada y pasional es la Andr\u00f3meda, encadenada junto a la orilla del mar, liberada por un Perseo, apenas intuido por dos brazos vigorosos que sostienen a la hija de Cefeo y Casiopea. Compositivamente nos recuerda a las crucifixiones barrocas, como una Santa Librada radicalmente contempor\u00e1nea.<br \/>\nNo quiero dejar pasar las diferentes versiones del Rapto de Europa, m\u00e1s contenidas y sensuales que el resto de escenas del conjunto. Zeus, bajo la apariencia de un toro ensabanado, de facciones nobles, se lanza al mar con la bella princesa Europa en su grupa que, auxiliados por los vientos, avanzan por las aguas marinas. Decinti se percata del detalle y, mediante un tul vaporoso, ayuda al espectador a entender el papel de las brisas marinas en el apresurado viaje.<br \/>\nAlejandro Decinti nos invita a un viaje, un recorrido de car\u00e1cter casi inici\u00e1tico que empieza en la tierra y termina en las f\u00e1bulas mitol\u00f3gicas. El camino est\u00e1 inacabado porque sabemos cu\u00e1l es el origen, pero ni siquiera insinuamos d\u00f3nde se encontrar\u00e1 el final. La dial\u00e9ctica ha sido coherente, nadie podr\u00e1 acusar al pintor de falta de honestidad, pero siempre nos quedar\u00e1 sin respuesta la pregunta que abr\u00eda estas reflexiones \u00bfqu\u00e9 hace a un artista elegir un tema u otro?<br \/>\nDecinti nos ofrece valiosas pistas en sus obras, algunas de lectura obvia y otras no tanto, pero todas ellas necesarias y consistentes. Siento que el artista se vac\u00eda en cada obra y eso me reconcilia con la creaci\u00f3n actual, enferma de banalidad y cargada de superficialidad. <\/p>\n<p><strong>Ra\u00fal Alonso S\u00e1ez<\/strong><br \/>\nCoordinador de Exposiciones<br \/>\nMinisterio de Educaci\u00f3n, Cultura y Deporte<br \/>\nEspa\u00f1a<\/p>","protected":false},"excerpt":{"rendered":"<p>Alejandro DeCinti www.decinti.com Pintor chileno-italiano, Licenciado en Bellas Artes Universidad de Chile, radicado en Espa\u00f1a desde 2002.\u00a0Distinguido con la Beca Excelencia Acad\u00e9mica proceso de admisi\u00f3n 1991 a las universidades chilenas. Primer premio concurso Arte en Vivo en 1994 y la beca de posgrado Fundaci\u00f3n Arte y Autores Contempor\u00e1neos en\u00a02002.\u00a0Fundador en Madrid del proyecto art\u00edstico\u00a0Decinti&amp;Villal\u00f3n\u00a0en 2004, [&#8230;]<\/p>\n","protected":false},"author":1,"featured_media":0,"parent":0,"menu_order":3,"comment_status":"closed","ping_status":"closed","template":"","meta":{"_acf_changed":false,"footnotes":""},"yst_prominent_words":[274,1955,1149,1960,1963,1962,341,1147,1957,1956,1954,1958,1961,1959,1953,1952,1964,1148,1150,1151],"class_list":["post-10","page","type-page","status-publish","hentry"],"acf":[],"yoast_head":"<!-- This site is optimized with the Yoast SEO Premium plugin v14.1 - https:\/\/yoast.com\/wordpress\/plugins\/seo\/ -->\n<meta name=\"robots\" content=\"index, follow\" \/>\n<meta name=\"googlebot\" content=\"index, follow, max-snippet:-1, max-image-preview:large, max-video-preview:-1\" \/>\n<meta name=\"bingbot\" content=\"index, follow, max-snippet:-1, max-image-preview:large, max-video-preview:-1\" \/>\n<link rel=\"canonical\" href=\"https:\/\/www.decintivillalon.com\/decinti-vive\/\" \/>\n<meta property=\"og:locale\" content=\"en_US\" \/>\n<meta property=\"og:type\" content=\"article\" \/>\n<meta property=\"og:title\" content=\"DeCinti Live!\" \/>\n<meta property=\"og:description\" content=\"Alejandro DeCinti www.decinti.com Pintor chileno-italiano, Licenciado en Bellas Artes Universidad de Chile, radicado en Espa\u00f1a desde 2002.\u00a0Distinguido con la Beca Excelencia Acad\u00e9mica proceso de admisi\u00f3n 1991 a las universidades chilenas. Primer premio concurso Arte en Vivo en 1994 y la beca de posgrado Fundaci\u00f3n Arte y Autores Contempor\u00e1neos en\u00a02002.\u00a0Fundador en Madrid del proyecto art\u00edstico\u00a0Decinti&amp;Villal\u00f3n\u00a0en 2004, [...]\" \/>\n<meta property=\"og:url\" content=\"https:\/\/www.decintivillalon.com\/decinti-vive\/\" \/>\n<meta property=\"og:site_name\" content=\"DeCinti Villal\u00f3n: Academia de Pintura en Madrid D V Madrid, Academia de Pintura de Madrid | \u00d3leo | Acuarela | Dibujo\" \/>\n<meta property=\"article:publisher\" content=\"https:\/\/www.facebook.com\/ADVMadrid\" \/>\n<meta property=\"article:modified_time\" content=\"2019-05-27T08:16:34+00:00\" \/>\n<meta property=\"og:image\" content=\"https:\/\/i0.wp.com\/www.decintivillalon.com\/wp-content\/uploads\/2012\/01\/p1171848.jpg?resize=150%2C150&#038;ssl=1\" \/>\n<script type=\"application\/ld+json\" class=\"yoast-schema-graph\">{\"@context\":\"https:\/\/schema.org\",\"@graph\":[{\"@type\":\"Organization\",\"@id\":\"https:\/\/www.decintivillalon.com\/en\/#organization\",\"name\":\"DeCinti & Vilall\\u00f3n S.L.\",\"url\":\"https:\/\/www.decintivillalon.com\/en\/\",\"sameAs\":[\"https:\/\/www.facebook.com\/ADVMadrid\",\"https:\/\/www.youtube.com\/user\/artedv\"],\"logo\":{\"@type\":\"ImageObject\",\"@id\":\"https:\/\/www.decintivillalon.com\/en\/#logo\",\"inLanguage\":\"en-US\",\"url\":\"https:\/\/i0.wp.com\/www.decintivillalon.com\/wp-content\/uploads\/2014\/11\/1-logodv-0011.jpg?fit=80%2C80&ssl=1\",\"width\":80,\"height\":80,\"caption\":\"DeCinti & Vilall\\u00f3n S.L.\"},\"image\":{\"@id\":\"https:\/\/www.decintivillalon.com\/en\/#logo\"}},{\"@type\":\"WebSite\",\"@id\":\"https:\/\/www.decintivillalon.com\/en\/#website\",\"url\":\"https:\/\/www.decintivillalon.com\/en\/\",\"name\":\"DeCinti Villal\\u00f3n: Academia de Pintura en Madrid D V Madrid, Academia de Pintura de Madrid | \\u00d3leo | Acuarela | Dibujo\",\"description\":\"Curso nacional e internacional. Profesores expertos Academia de Pintura Especialistas en \\u00d3leo\",\"publisher\":{\"@id\":\"https:\/\/www.decintivillalon.com\/en\/#organization\"},\"potentialAction\":[{\"@type\":\"SearchAction\",\"target\":\"https:\/\/www.decintivillalon.com\/en\/?s={search_term_string}\",\"query-input\":\"required name=search_term_string\"}],\"inLanguage\":\"en-US\"},{\"@type\":\"ImageObject\",\"@id\":\"https:\/\/www.decintivillalon.com\/decinti-vive\/#primaryimage\",\"inLanguage\":\"en-US\",\"url\":\"http:\/\/www.decintivillalon.com\/wp-content\/uploads\/2012\/01\/decinti-225x300.jpg\"},{\"@type\":\"WebPage\",\"@id\":\"https:\/\/www.decintivillalon.com\/decinti-vive\/#webpage\",\"url\":\"https:\/\/www.decintivillalon.com\/decinti-vive\/\",\"name\":\"DeCinti Live!\",\"isPartOf\":{\"@id\":\"https:\/\/www.decintivillalon.com\/en\/#website\"},\"primaryImageOfPage\":{\"@id\":\"https:\/\/www.decintivillalon.com\/decinti-vive\/#primaryimage\"},\"datePublished\":\"2012-01-07T20:46:00+00:00\",\"dateModified\":\"2019-05-27T08:16:34+00:00\",\"breadcrumb\":{\"@id\":\"https:\/\/www.decintivillalon.com\/decinti-vive\/#breadcrumb\"},\"inLanguage\":\"en-US\",\"potentialAction\":[{\"@type\":\"ReadAction\",\"target\":[\"https:\/\/www.decintivillalon.com\/decinti-vive\/\"]}]},{\"@type\":\"BreadcrumbList\",\"@id\":\"https:\/\/www.decintivillalon.com\/decinti-vive\/#breadcrumb\",\"itemListElement\":[{\"@type\":\"ListItem\",\"position\":1,\"item\":{\"@type\":\"WebPage\",\"@id\":\"https:\/\/www.decintivillalon.com\/\",\"url\":\"https:\/\/www.decintivillalon.com\/\",\"name\":\"Portada\"}},{\"@type\":\"ListItem\",\"position\":2,\"item\":{\"@type\":\"WebPage\",\"@id\":\"https:\/\/www.decintivillalon.com\/decinti-vive\/\",\"url\":\"https:\/\/www.decintivillalon.com\/decinti-vive\/\",\"name\":\"DeCinti Vive!\"}}]}]}<\/script>\n<!-- \/ Yoast SEO Premium plugin. -->","jetpack_shortlink":"https:\/\/wp.me\/P3Hbis-a","jetpack_sharing_enabled":true,"_links":{"self":[{"href":"https:\/\/www.decintivillalon.com\/en\/wp-json\/wp\/v2\/pages\/10","targetHints":{"allow":["GET"]}}],"collection":[{"href":"https:\/\/www.decintivillalon.com\/en\/wp-json\/wp\/v2\/pages"}],"about":[{"href":"https:\/\/www.decintivillalon.com\/en\/wp-json\/wp\/v2\/types\/page"}],"author":[{"embeddable":true,"href":"https:\/\/www.decintivillalon.com\/en\/wp-json\/wp\/v2\/users\/1"}],"replies":[{"embeddable":true,"href":"https:\/\/www.decintivillalon.com\/en\/wp-json\/wp\/v2\/comments?post=10"}],"version-history":[{"count":0,"href":"https:\/\/www.decintivillalon.com\/en\/wp-json\/wp\/v2\/pages\/10\/revisions"}],"wp:attachment":[{"href":"https:\/\/www.decintivillalon.com\/en\/wp-json\/wp\/v2\/media?parent=10"}],"wp:term":[{"taxonomy":"yst_prominent_words","embeddable":true,"href":"https:\/\/www.decintivillalon.com\/en\/wp-json\/wp\/v2\/yst_prominent_words?post=10"}],"curies":[{"name":"wp","href":"https:\/\/api.w.org\/{rel}","templated":true}]}}