{"id":7862,"date":"2018-02-16T06:29:02","date_gmt":"2018-02-16T06:29:02","guid":{"rendered":"http:\/\/www.decintivillalon.com\/wp-content\/uploads\/2018\/02\/MG_5370.jpg"},"modified":"2018-02-19T16:06:00","modified_gmt":"2018-02-19T16:06:00","slug":"_mg_5370","status":"inherit","type":"attachment","link":"https:\/\/www.decintivillalon.com\/en\/2018\/02\/16\/homenaje-a-rusia\/_mg_5370\/","title":{"rendered":"_MG_5370"},"author":1,"featured_media":0,"comment_status":"closed","ping_status":"closed","template":"","meta":{"_acf_changed":false},"class_list":["post-7862","attachment","type-attachment","status-inherit","hentry"],"acf":[],"yoast_head":"<!-- This site is optimized with the Yoast SEO Premium plugin v14.1 - https:\/\/yoast.com\/wordpress\/plugins\/seo\/ -->\n<meta name=\"robots\" content=\"noindex, follow\" \/>\n<meta property=\"og:locale\" content=\"en_US\" \/>\n<meta property=\"og:type\" content=\"article\" \/>\n<meta property=\"og:title\" content=\"_MG_5370 | DeCinti Villal\u00f3n: Academia de Pintura en Madrid D V Madrid, Academia de Pintura de Madrid | \u00d3leo | Acuarela | Dibujo\" \/>\n<meta property=\"og:description\" content=\"[:es]Charo Rolland &quot;Valery Gergiev&quot; \u00d3leo sobre lienzo, 65 x 50 cm Valeri Gu\u00e9rguiev es una de las referencias musicales tanto en la Rusia actual como en el \u00e1mbito internacional. Su actividad como director de orquesta y director art\u00edstico de \u00f3pera se proyecta junto a las m\u00e1s importantes orquestas y escenarios de Europa y Am\u00e9rica. Dirige con un estilo apasionado apoy\u00e1ndose en su expresiva mirada y en la comunicaci\u00f3n gestual para conseguir la implicaci\u00f3n de la orquesta.[:en]&quot;Valeri gu\u00e9rguiev&quot; 65 x 50 cm. \u00f3leo sobre lienzo Valeri Gu\u00e9rguiev es una de las referencias musicales tanto en la Rusia actual como en el \u00e1mbito internacional. Su actividad como director de orquesta y director art\u00edstico de \u00f3pera se proyecta junto a las m\u00e1s importantes orquestas y escenarios de Europa y Am\u00e9rica. Dirige con un estilo apasionado apoy\u00e1ndose en su expresiva mirada y en la comunicaci\u00f3n gestual para conseguir la implicaci\u00f3n de la orquesta.[:]\" \/>\n<meta property=\"og:url\" content=\"https:\/\/www.decintivillalon.com\/wp-content\/uploads\/2018\/02\/MG_5370.jpg\" \/>\n<meta property=\"og:site_name\" content=\"DeCinti Villal\u00f3n: Academia de Pintura en Madrid D V Madrid, Academia de Pintura de Madrid | \u00d3leo | Acuarela | Dibujo\" \/>\n<meta property=\"article:publisher\" content=\"https:\/\/www.facebook.com\/ADVMadrid\" \/>\n<meta property=\"article:modified_time\" content=\"2018-02-19T16:06:00+00:00\" \/>\n<meta property=\"og:image\" content=\"https:\/\/i0.wp.com\/www.decintivillalon.com\/wp-content\/uploads\/2018\/02\/MG_5370.jpg?fit=1200%2C914&#038;ssl=1\" \/>\n\t<meta property=\"og:image:width\" content=\"1200\" \/>\n\t<meta property=\"og:image:height\" content=\"914\" \/>\n<script type=\"application\/ld+json\" class=\"yoast-schema-graph\">{\"@context\":\"https:\/\/schema.org\",\"@graph\":[{\"@type\":\"Organization\",\"@id\":\"https:\/\/www.decintivillalon.com\/en\/#organization\",\"name\":\"DeCinti & Vilall\\u00f3n S.L.\",\"url\":\"https:\/\/www.decintivillalon.com\/en\/\",\"sameAs\":[\"https:\/\/www.facebook.com\/ADVMadrid\",\"https:\/\/www.youtube.com\/user\/artedv\"],\"logo\":{\"@type\":\"ImageObject\",\"@id\":\"https:\/\/www.decintivillalon.com\/en\/#logo\",\"inLanguage\":\"en-US\",\"url\":\"https:\/\/i0.wp.com\/www.decintivillalon.com\/wp-content\/uploads\/2014\/11\/1-logodv-0011.jpg?fit=80%2C80&ssl=1\",\"width\":80,\"height\":80,\"caption\":\"DeCinti & Vilall\\u00f3n S.L.\"},\"image\":{\"@id\":\"https:\/\/www.decintivillalon.com\/en\/#logo\"}},{\"@type\":\"WebSite\",\"@id\":\"https:\/\/www.decintivillalon.com\/en\/#website\",\"url\":\"https:\/\/www.decintivillalon.com\/en\/\",\"name\":\"DeCinti Villal\\u00f3n: Academia de Pintura en Madrid D V Madrid, Academia de Pintura de Madrid | \\u00d3leo | Acuarela | Dibujo\",\"description\":\"Curso nacional e internacional. Profesores expertos Academia de Pintura Especialistas en \\u00d3leo\",\"publisher\":{\"@id\":\"https:\/\/www.decintivillalon.com\/en\/#organization\"},\"potentialAction\":[{\"@type\":\"SearchAction\",\"target\":\"https:\/\/www.decintivillalon.com\/en\/?s={search_term_string}\",\"query-input\":\"required name=search_term_string\"}],\"inLanguage\":\"en-US\"},{\"@type\":\"WebPage\",\"@id\":\"https:\/\/www.decintivillalon.com\/wp-content\/uploads\/2018\/02\/MG_5370.jpg#webpage\",\"url\":\"https:\/\/www.decintivillalon.com\/wp-content\/uploads\/2018\/02\/MG_5370.jpg\",\"name\":\"_MG_5370 | DeCinti Villal\\u00f3n: Academia de Pintura en Madrid D V Madrid, Academia de Pintura de Madrid | \\u00d3leo | Acuarela | Dibujo\",\"isPartOf\":{\"@id\":\"https:\/\/www.decintivillalon.com\/en\/#website\"},\"datePublished\":\"2018-02-16T06:29:02+00:00\",\"dateModified\":\"2018-02-19T16:06:00+00:00\",\"breadcrumb\":{\"@id\":\"https:\/\/www.decintivillalon.com\/wp-content\/uploads\/2018\/02\/MG_5370.jpg#breadcrumb\"},\"inLanguage\":\"en-US\",\"potentialAction\":[{\"@type\":\"ReadAction\",\"target\":[\"https:\/\/www.decintivillalon.com\/wp-content\/uploads\/2018\/02\/MG_5370.jpg\"]}]},{\"@type\":\"BreadcrumbList\",\"@id\":\"https:\/\/www.decintivillalon.com\/wp-content\/uploads\/2018\/02\/MG_5370.jpg#breadcrumb\",\"itemListElement\":[{\"@type\":\"ListItem\",\"position\":1,\"item\":{\"@type\":\"WebPage\",\"@id\":\"https:\/\/www.decintivillalon.com\/\",\"url\":\"https:\/\/www.decintivillalon.com\/\",\"name\":\"Portada\"}},{\"@type\":\"ListItem\",\"position\":2,\"item\":{\"@type\":\"WebPage\",\"@id\":\"https:\/\/www.decintivillalon.com\/en\/2018\/02\/16\/homenaje-a-rusia\/\",\"url\":\"https:\/\/www.decintivillalon.com\/en\/2018\/02\/16\/homenaje-a-rusia\/\",\"name\":\"Tribute to Russia\"}},{\"@type\":\"ListItem\",\"position\":3,\"item\":{\"@type\":\"WebPage\",\"@id\":\"https:\/\/www.decintivillalon.com\/wp-content\/uploads\/2018\/02\/MG_5370.jpg\",\"url\":\"https:\/\/www.decintivillalon.com\/wp-content\/uploads\/2018\/02\/MG_5370.jpg\",\"name\":\"_MG_5370\"}}]}]}<\/script>\n<!-- \/ Yoast SEO Premium plugin. -->","jetpack_shortlink":"https:\/\/wp.me\/a3Hbis-22O","jetpack_sharing_enabled":true,"description":{"rendered":"<p class=\"attachment\"><a href=\"https:\/\/i0.wp.com\/www.decintivillalon.com\/wp-content\/uploads\/2018\/02\/MG_5370.jpg?ssl=1\"><img loading=\"lazy\" decoding=\"async\" width=\"300\" height=\"229\" src=\"https:\/\/i0.wp.com\/www.decintivillalon.com\/wp-content\/uploads\/2018\/02\/MG_5370.jpg?fit=300%2C229&amp;ssl=1\" class=\"attachment-medium size-medium\" alt=\"\" srcset=\"https:\/\/i0.wp.com\/www.decintivillalon.com\/wp-content\/uploads\/2018\/02\/MG_5370.jpg?w=1200&amp;ssl=1 1200w, https:\/\/i0.wp.com\/www.decintivillalon.com\/wp-content\/uploads\/2018\/02\/MG_5370.jpg?resize=300%2C229&amp;ssl=1 300w, https:\/\/i0.wp.com\/www.decintivillalon.com\/wp-content\/uploads\/2018\/02\/MG_5370.jpg?resize=768%2C585&amp;ssl=1 768w, https:\/\/i0.wp.com\/www.decintivillalon.com\/wp-content\/uploads\/2018\/02\/MG_5370.jpg?resize=1024%2C780&amp;ssl=1 1024w\" sizes=\"auto, (max-width: 300px) 100vw, 300px\" data-attachment-id=\"7862\" data-permalink=\"https:\/\/www.decintivillalon.com\/en\/2018\/02\/16\/homenaje-a-rusia\/_mg_5370\/\" data-orig-file=\"https:\/\/i0.wp.com\/www.decintivillalon.com\/wp-content\/uploads\/2018\/02\/MG_5370.jpg?fit=1200%2C914&amp;ssl=1\" data-orig-size=\"1200,914\" data-comments-opened=\"0\" data-image-meta=\"{&quot;aperture&quot;:&quot;0&quot;,&quot;credit&quot;:&quot;Picasa&quot;,&quot;camera&quot;:&quot;&quot;,&quot;caption&quot;:&quot;&quot;,&quot;created_timestamp&quot;:&quot;1518762459&quot;,&quot;copyright&quot;:&quot;&quot;,&quot;focal_length&quot;:&quot;0&quot;,&quot;iso&quot;:&quot;0&quot;,&quot;shutter_speed&quot;:&quot;0&quot;,&quot;title&quot;:&quot;&quot;,&quot;orientation&quot;:&quot;0&quot;}\" data-image-title=\"_MG_5370\" data-image-description=\"\" data-image-caption=\"&lt;p&gt;&#8221;Valeri gu\u00e9rguiev&#8221;&lt;br \/&gt;\n65  x 50 cm.&lt;br \/&gt;\n\u00f3leo sobre lienzo&lt;br \/&gt;\nValeri Gu\u00e9rguiev es una de las referencias musicales tanto en la Rusia actual como en el&lt;br \/&gt;\n\u00e1mbito internacional. Su actividad como director de orquesta y director art\u00edstico de \u00f3pera&lt;br \/&gt;\nse proyecta junto a las m\u00e1s importantes orquestas y escenarios de Europa y Am\u00e9rica.&lt;br \/&gt;\nDirige con un estilo apasionado apoy\u00e1ndose en su expresiva mirada y en la&lt;br \/&gt;\ncomunicaci\u00f3n gestual para conseguir la implicaci\u00f3n de la orquesta.&lt;\/p&gt;\n\" data-large-file=\"https:\/\/i0.wp.com\/www.decintivillalon.com\/wp-content\/uploads\/2018\/02\/MG_5370.jpg?fit=1024%2C780&amp;ssl=1\" \/><\/a><\/p>"},"caption":{"rendered":"<p>&#8220;Valeri gu\u00e9rguiev&#8221;<br \/>\n65  x 50 cm.<br \/>\n\u00f3leo sobre lienzo<br \/>\nValeri Gu\u00e9rguiev es una de las referencias musicales tanto en la Rusia actual como en el<br \/>\n\u00e1mbito internacional. Su actividad como director de orquesta y director art\u00edstico de \u00f3pera<br \/>\nse proyecta junto a las m\u00e1s importantes orquestas y escenarios de Europa y Am\u00e9rica.<br \/>\nDirige con un estilo apasionado apoy\u00e1ndose en su expresiva mirada y en la<br \/>\ncomunicaci\u00f3n gestual para conseguir la implicaci\u00f3n de la orquesta.<\/p>\n"},"alt_text":"","media_type":"image","mime_type":"image\/jpeg","media_details":{"width":1200,"height":914,"file":"2018\/02\/MG_5370.jpg","sizes":{"thumbnail":{"file":"MG_5370-150x150.jpg","width":150,"height":150,"mime_type":"image\/jpeg","source_url":"https:\/\/i0.wp.com\/www.decintivillalon.com\/wp-content\/uploads\/2018\/02\/MG_5370.jpg?resize=150%2C150&ssl=1"},"medium":{"file":"MG_5370-300x229.jpg","width":300,"height":229,"mime_type":"image\/jpeg","source_url":"https:\/\/i0.wp.com\/www.decintivillalon.com\/wp-content\/uploads\/2018\/02\/MG_5370.jpg?fit=300%2C229&ssl=1"},"medium_large":{"file":"MG_5370-768x585.jpg","width":768,"height":585,"mime_type":"image\/jpeg","source_url":"https:\/\/i0.wp.com\/www.decintivillalon.com\/wp-content\/uploads\/2018\/02\/MG_5370.jpg?fit=768%2C585&ssl=1"},"large":{"file":"MG_5370-1024x780.jpg","width":1024,"height":780,"mime_type":"image\/jpeg","source_url":"https:\/\/i0.wp.com\/www.decintivillalon.com\/wp-content\/uploads\/2018\/02\/MG_5370.jpg?fit=1024%2C780&ssl=1"},"full":{"file":"MG_5370.jpg?fit=1200%2C914&ssl=1","width":1200,"height":914,"mime_type":"image\/jpeg","source_url":"https:\/\/i0.wp.com\/www.decintivillalon.com\/wp-content\/uploads\/2018\/02\/MG_5370.jpg?fit=1200%2C914&ssl=1"}},"image_meta":{"aperture":"0","credit":"Picasa","camera":"","caption":"","created_timestamp":"1518762459","copyright":"","focal_length":"0","iso":"0","shutter_speed":"0","title":"","orientation":"0","keywords":[]},"ShortPixel":{"type":"lossy","exifKept":"0","date":"2019-05-22 09:16:27","thumbsOpt":4,"thumbsOptList":["MG_5370-150x150.jpg","MG_5370-300x229.jpg","MG_5370-768x585.jpg","MG_5370-1024x780.jpg"],"excludeSizes":[],"retinasOpt":0},"ShortPixelImprovement":"27.07"},"post":7854,"source_url":"https:\/\/www.decintivillalon.com\/wp-content\/uploads\/2018\/02\/MG_5370.jpg","_links":{"self":[{"href":"https:\/\/www.decintivillalon.com\/en\/wp-json\/wp\/v2\/media\/7862","targetHints":{"allow":["GET"]}}],"collection":[{"href":"https:\/\/www.decintivillalon.com\/en\/wp-json\/wp\/v2\/media"}],"about":[{"href":"https:\/\/www.decintivillalon.com\/en\/wp-json\/wp\/v2\/types\/attachment"}],"author":[{"embeddable":true,"href":"https:\/\/www.decintivillalon.com\/en\/wp-json\/wp\/v2\/users\/1"}],"replies":[{"embeddable":true,"href":"https:\/\/www.decintivillalon.com\/en\/wp-json\/wp\/v2\/comments?post=7862"}]}}